{"id":2480,"date":"2023-11-02T08:19:04","date_gmt":"2023-11-02T07:19:04","guid":{"rendered":"https:\/\/maioricasacra.org\/la-seu-catedral-de-mallorca\/"},"modified":"2025-07-31T11:59:28","modified_gmt":"2025-07-31T09:59:28","slug":"la-seu-catedral-de-mallorca","status":"publish","type":"page","link":"https:\/\/maioricasacra.org\/es\/la-seu-catedral-de-mallorca\/","title":{"rendered":"La Seu &#8211; Catedral de Mallorca"},"content":{"rendered":"\t\t<div data-elementor-type=\"wp-page\" data-elementor-id=\"2480\" class=\"elementor elementor-2480 elementor-1741\" data-elementor-post-type=\"page\">\n\t\t\t\t<div class=\"elementor-element elementor-element-fe5f2e0 e-con-full e-flex e-con e-parent\" data-id=\"fe5f2e0\" data-element_type=\"container\" data-settings=\"{&quot;background_background&quot;:&quot;classic&quot;}\">\n\t\t<div class=\"elementor-element elementor-element-637e601 e-con-full e-flex e-con e-child\" data-id=\"637e601\" data-element_type=\"container\">\n\t\t<div class=\"elementor-element elementor-element-fdf6b01 e-con-full e-flex e-con e-child\" data-id=\"fdf6b01\" data-element_type=\"container\" data-settings=\"{&quot;background_background&quot;:&quot;gradient&quot;}\">\n\t\t\t\t<div class=\"elementor-element elementor-element-f4b7c6d elementor-widget elementor-widget-image\" data-id=\"f4b7c6d\" data-element_type=\"widget\" data-widget_type=\"image.default\">\n\t\t\t\t<div class=\"elementor-widget-container\">\n\t\t\t\t\t\t\t\t\t\t\t\t\t\t\t<img fetchpriority=\"high\" decoding=\"async\" width=\"800\" height=\"572\" src=\"https:\/\/maioricasacra.org\/wp-content\/uploads\/2023\/11\/esglesies-5-la-seu-maiorica-sacra.png\" class=\"attachment-large size-large wp-image-2334\" alt=\"\" srcset=\"https:\/\/maioricasacra.org\/wp-content\/uploads\/2023\/11\/esglesies-5-la-seu-maiorica-sacra.png 900w, https:\/\/maioricasacra.org\/wp-content\/uploads\/2023\/11\/esglesies-5-la-seu-maiorica-sacra-300x214.png 300w, https:\/\/maioricasacra.org\/wp-content\/uploads\/2023\/11\/esglesies-5-la-seu-maiorica-sacra-768x549.png 768w\" sizes=\"(max-width: 800px) 100vw, 800px\" \/>\t\t\t\t\t\t\t\t\t\t\t\t\t\t\t<\/div>\n\t\t\t\t<\/div>\n\t\t\t\t<div class=\"elementor-element elementor-element-c0a372a elementor-widget-mobile__width-initial elementor-widget__width-initial elementor-icon-list--layout-traditional elementor-list-item-link-full_width elementor-widget elementor-widget-icon-list\" data-id=\"c0a372a\" data-element_type=\"widget\" data-widget_type=\"icon-list.default\">\n\t\t\t\t<div class=\"elementor-widget-container\">\n\t\t\t\t\t\t\t<ul class=\"elementor-icon-list-items\">\n\t\t\t\t\t\t\t<li class=\"elementor-icon-list-item\">\n\t\t\t\t\t\t\t\t\t\t<span class=\"elementor-icon-list-text\"><\/span>\n\t\t\t\t\t\t\t\t\t<\/li>\n\t\t\t\t\t\t\t\t<li class=\"elementor-icon-list-item\">\n\t\t\t\t\t\t\t\t\t\t\t<span class=\"elementor-icon-list-icon\">\n\t\t\t\t\t\t\t<i aria-hidden=\"true\" class=\"fas fa-church\"><\/i>\t\t\t\t\t\t<\/span>\n\t\t\t\t\t\t\t\t\t\t<span class=\"elementor-icon-list-text\">Pla\u00e7a de l\u2019Almoina, s\/n. 07001, Palma<\/span>\n\t\t\t\t\t\t\t\t\t<\/li>\n\t\t\t\t\t\t\t\t<li class=\"elementor-icon-list-item\">\n\t\t\t\t\t\t\t\t\t\t<span class=\"elementor-icon-list-text\"><\/span>\n\t\t\t\t\t\t\t\t\t<\/li>\n\t\t\t\t\t\t\t\t<li class=\"elementor-icon-list-item\">\n\t\t\t\t\t\t\t\t\t\t<span class=\"elementor-icon-list-text\">HORARIO DE APERTURA<\/span>\n\t\t\t\t\t\t\t\t\t<\/li>\n\t\t\t\t\t\t\t\t<li class=\"elementor-icon-list-item\">\n\t\t\t\t\t\t\t\t\t\t<span class=\"elementor-icon-list-text\">Horario de verano de abril a octubre:<\/span>\n\t\t\t\t\t\t\t\t\t<\/li>\n\t\t\t\t\t\t\t\t<li class=\"elementor-icon-list-item\">\n\t\t\t\t\t\t\t\t\t\t\t<span class=\"elementor-icon-list-icon\">\n\t\t\t\t\t\t\t<i aria-hidden=\"true\" class=\"far fa-clock\"><\/i>\t\t\t\t\t\t<\/span>\n\t\t\t\t\t\t\t\t\t\t<span class=\"elementor-icon-list-text\">De lunes a viernes de 10:00h a 17:15h.<\/span>\n\t\t\t\t\t\t\t\t\t<\/li>\n\t\t\t\t\t\t\t\t<li class=\"elementor-icon-list-item\">\n\t\t\t\t\t\t\t\t\t\t\t<span class=\"elementor-icon-list-icon\">\n\t\t\t\t\t\t\t<i aria-hidden=\"true\" class=\"far fa-clock\"><\/i>\t\t\t\t\t\t<\/span>\n\t\t\t\t\t\t\t\t\t\t<span class=\"elementor-icon-list-text\">S\u00e1bado de 10:00h a 14:15h.<\/span>\n\t\t\t\t\t\t\t\t\t<\/li>\n\t\t\t\t\t\t\t\t<li class=\"elementor-icon-list-item\">\n\t\t\t\t\t\t\t\t\t\t<span class=\"elementor-icon-list-text\">Horario de invierno de noviembre a marzo:<\/span>\n\t\t\t\t\t\t\t\t\t<\/li>\n\t\t\t\t\t\t\t\t<li class=\"elementor-icon-list-item\">\n\t\t\t\t\t\t\t\t\t\t\t<span class=\"elementor-icon-list-icon\">\n\t\t\t\t\t\t\t<i aria-hidden=\"true\" class=\"far fa-clock\"><\/i>\t\t\t\t\t\t<\/span>\n\t\t\t\t\t\t\t\t\t\t<span class=\"elementor-icon-list-text\">De lunes a viernes de 10:00 a 15:15 h.<\/span>\n\t\t\t\t\t\t\t\t\t<\/li>\n\t\t\t\t\t\t\t\t<li class=\"elementor-icon-list-item\">\n\t\t\t\t\t\t\t\t\t\t\t<span class=\"elementor-icon-list-icon\">\n\t\t\t\t\t\t\t<i aria-hidden=\"true\" class=\"far fa-clock\"><\/i>\t\t\t\t\t\t<\/span>\n\t\t\t\t\t\t\t\t\t\t<span class=\"elementor-icon-list-text\">S\u00e1bado de 10:00h a 14:15h.<\/span>\n\t\t\t\t\t\t\t\t\t<\/li>\n\t\t\t\t\t\t\t\t<li class=\"elementor-icon-list-item\">\n\t\t\t\t\t\t\t\t\t\t<span class=\"elementor-icon-list-text\"><\/span>\n\t\t\t\t\t\t\t\t\t<\/li>\n\t\t\t\t\t\t\t\t<li class=\"elementor-icon-list-item\">\n\t\t\t\t\t\t\t\t\t\t\t<span class=\"elementor-icon-list-icon\">\n\t\t\t\t\t\t\t<i aria-hidden=\"true\" class=\"fas fa-phone-alt\"><\/i>\t\t\t\t\t\t<\/span>\n\t\t\t\t\t\t\t\t\t\t<span class=\"elementor-icon-list-text\">+34 971 713 133<\/span>\n\t\t\t\t\t\t\t\t\t<\/li>\n\t\t\t\t\t\t\t\t<li class=\"elementor-icon-list-item\">\n\t\t\t\t\t\t\t\t\t\t\t<a href=\"https:\/\/www.catedraldemallorca.org\/\">\n\n\t\t\t\t\t\t\t\t\t\t\t\t<span class=\"elementor-icon-list-icon\">\n\t\t\t\t\t\t\t<i aria-hidden=\"true\" class=\"fas fa-globe\"><\/i>\t\t\t\t\t\t<\/span>\n\t\t\t\t\t\t\t\t\t\t<span class=\"elementor-icon-list-text\">catedraldemallorca.org<\/span>\n\t\t\t\t\t\t\t\t\t\t\t<\/a>\n\t\t\t\t\t\t\t\t\t<\/li>\n\t\t\t\t\t\t<\/ul>\n\t\t\t\t\t\t<\/div>\n\t\t\t\t<\/div>\n\t\t\t\t<\/div>\n\t\t<div class=\"elementor-element elementor-element-c49000c e-con-full e-flex e-con e-child\" data-id=\"c49000c\" data-element_type=\"container\">\n\t\t\t\t<div class=\"elementor-element elementor-element-2e9dfe5 elementor-widget elementor-widget-heading\" data-id=\"2e9dfe5\" data-element_type=\"widget\" data-widget_type=\"heading.default\">\n\t\t\t\t<div class=\"elementor-widget-container\">\n\t\t\t\t\t<h2 class=\"elementor-heading-title elementor-size-default\"> LA SEU - CATEDRAL DE MALLORCA<\/h2>\t\t\t\t<\/div>\n\t\t\t\t<\/div>\n\t\t\t\t<div class=\"elementor-element elementor-element-ab349a8 elementor-widget elementor-widget-heading\" data-id=\"ab349a8\" data-element_type=\"widget\" data-widget_type=\"heading.default\">\n\t\t\t\t<div class=\"elementor-widget-container\">\n\t\t\t\t\t<h2 class=\"elementor-heading-title elementor-size-default\">La catedral con uno de los rosetones m\u00e1s grandes del mundo\n<\/h2>\t\t\t\t<\/div>\n\t\t\t\t<\/div>\n\t\t\t\t<div class=\"elementor-element elementor-element-97c4a02 elementor-widget-divider--view-line elementor-widget elementor-widget-divider\" data-id=\"97c4a02\" data-element_type=\"widget\" data-widget_type=\"divider.default\">\n\t\t\t\t<div class=\"elementor-widget-container\">\n\t\t\t\t\t\t\t<div class=\"elementor-divider\">\n\t\t\t<span class=\"elementor-divider-separator\">\n\t\t\t\t\t\t<\/span>\n\t\t<\/div>\n\t\t\t\t\t\t<\/div>\n\t\t\t\t<\/div>\n\t\t\t\t<div class=\"elementor-element elementor-element-a296193 elementor-widget__width-initial elementor-widget elementor-widget-text-editor\" data-id=\"a296193\" data-element_type=\"widget\" data-widget_type=\"text-editor.default\">\n\t\t\t\t<div class=\"elementor-widget-container\">\n\t\t\t\t\t\t\t\t\t<p>La Catedral de Mallorca, conocida como \u201cLa Seu\u201d empez\u00f3 su construcci\u00f3n en el siglo XIII y se concluy\u00f3 en la d\u00e9cada de 1630. La Catedral pertenece a la tradici\u00f3n g\u00f3tica mediterr\u00e1nea, pero a lo largo de los siglos, ha incorporado las formas culturales de las \u00e9pocas moderna y contempor\u00e1nea. Se trata de uno de los templos g\u00f3ticos m\u00e1s magn\u00edficos y admirados del mundo.  <\/p><p>Despu\u00e9s de la conquista de Madina Mayurqa en 1229, Jaime I, rey de Arag\u00f3n y conde de Barcelona, orden\u00f3 la consagraci\u00f3n de la antigua mezquita mayor a la Virgen como templo para el culto cristiano. As\u00ed pues, se aprovech\u00f3 el espacio de la antigua mezquita. construyendo el edificio, que incluye bienes culturales de primera orden de los distintos estilos y \u00e9pocas.  <\/p><p>La Seo es reconocida por su valor religioso, arquitect\u00f3nico y art\u00edstico. Tambi\u00e9n como contenedor de bienes culturales de primer orden. Un elemento muy conocido es el roset\u00f3n mayor, protagonista de la Fiesta de la Luz. La Fiesta de la Luz es un evento \u00fanico y fugaz. Cada 2 de febrero y cada 11 de noviembre, la luz del sol que entra por el roset\u00f3n mayor de la Seu se proyecta justo debajo del roset\u00f3n de la fachada interior del portal mayor. Este roset\u00f3n mayor cuenta con 11,85 metros de di\u00e1metro exterior y 1.115 cristales y eventos como la Fiesta de la Luz son uno de los motivos para que la Seo de Mallorca sea conocida como la Catedral de la luz.     <\/p>\t\t\t\t\t\t\t\t<\/div>\n\t\t\t\t<\/div>\n\t\t\t\t<\/div>\n\t\t\t\t<\/div>\n\t\t\t\t<\/div>\n\t\t<div class=\"elementor-element elementor-element-f5a5ed7 e-con-full e-flex e-con e-parent\" data-id=\"f5a5ed7\" data-element_type=\"container\" data-settings=\"{&quot;background_background&quot;:&quot;classic&quot;}\">\n\t\t\t\t<div class=\"elementor-element elementor-element-bfc3b01 elementor-widget__width-initial elementor-widget elementor-widget-gallery\" data-id=\"bfc3b01\" data-element_type=\"widget\" data-settings=\"{&quot;gallery_layout&quot;:&quot;justified&quot;,&quot;gap&quot;:{&quot;unit&quot;:&quot;px&quot;,&quot;size&quot;:3,&quot;sizes&quot;:[]},&quot;ideal_row_height&quot;:{&quot;unit&quot;:&quot;px&quot;,&quot;size&quot;:300,&quot;sizes&quot;:[]},&quot;gap_tablet&quot;:{&quot;unit&quot;:&quot;px&quot;,&quot;size&quot;:3,&quot;sizes&quot;:[]},&quot;gap_mobile&quot;:{&quot;unit&quot;:&quot;px&quot;,&quot;size&quot;:3,&quot;sizes&quot;:[]},&quot;lazyload&quot;:&quot;yes&quot;,&quot;ideal_row_height_tablet&quot;:{&quot;unit&quot;:&quot;px&quot;,&quot;size&quot;:150,&quot;sizes&quot;:[]},&quot;ideal_row_height_mobile&quot;:{&quot;unit&quot;:&quot;px&quot;,&quot;size&quot;:150,&quot;sizes&quot;:[]},&quot;link_to&quot;:&quot;file&quot;,&quot;overlay_background&quot;:&quot;yes&quot;,&quot;content_hover_animation&quot;:&quot;fade-in&quot;}\" data-widget_type=\"gallery.default\">\n\t\t\t\t<div class=\"elementor-widget-container\">\n\t\t\t\t\t\t\t<div class=\"elementor-gallery__container\">\n\t\t\t\t\t\t\t<a class=\"e-gallery-item elementor-gallery-item elementor-animated-content\" href=\"https:\/\/maioricasacra.org\/wp-content\/uploads\/2023\/11\/esglesies-5-la-seu-maiorica-sacra.png\" data-elementor-open-lightbox=\"yes\" data-elementor-lightbox-slideshow=\"bfc3b01\" data-elementor-lightbox-title=\"esglesies-5-la-seu-maiorica-sacra\" data-e-action-hash=\"#elementor-action%3Aaction%3Dlightbox%26settings%3DeyJpZCI6MjMzNCwidXJsIjoiaHR0cHM6XC9cL21haW9yaWNhc2FjcmEub3JnXC93cC1jb250ZW50XC91cGxvYWRzXC8yMDIzXC8xMVwvZXNnbGVzaWVzLTUtbGEtc2V1LW1haW9yaWNhLXNhY3JhLnBuZyIsInNsaWRlc2hvdyI6ImJmYzNiMDEifQ%3D%3D\">\n\t\t\t\t\t<div class=\"e-gallery-image elementor-gallery-item__image\" data-thumbnail=\"https:\/\/maioricasacra.org\/wp-content\/uploads\/2023\/11\/esglesies-5-la-seu-maiorica-sacra-768x549.png\" data-width=\"768\" data-height=\"549\" aria-label=\"\" role=\"img\" ><\/div>\n\t\t\t\t\t\t\t\t\t\t\t<div class=\"elementor-gallery-item__overlay\"><\/div>\n\t\t\t\t\t\t\t\t\t\t\t\t\t\t<\/a>\n\t\t\t\t\t\t\t<a class=\"e-gallery-item elementor-gallery-item elementor-animated-content\" href=\"https:\/\/maioricasacra.org\/wp-content\/uploads\/2023\/11\/esglesies-2-la-seu-maiorica-sacra.png\" data-elementor-open-lightbox=\"yes\" data-elementor-lightbox-slideshow=\"bfc3b01\" data-elementor-lightbox-title=\"esglesies-2-la-seu-maiorica-sacra\" data-e-action-hash=\"#elementor-action%3Aaction%3Dlightbox%26settings%3DeyJpZCI6MjMzMSwidXJsIjoiaHR0cHM6XC9cL21haW9yaWNhc2FjcmEub3JnXC93cC1jb250ZW50XC91cGxvYWRzXC8yMDIzXC8xMVwvZXNnbGVzaWVzLTItbGEtc2V1LW1haW9yaWNhLXNhY3JhLnBuZyIsInNsaWRlc2hvdyI6ImJmYzNiMDEifQ%3D%3D\">\n\t\t\t\t\t<div class=\"e-gallery-image elementor-gallery-item__image\" data-thumbnail=\"https:\/\/maioricasacra.org\/wp-content\/uploads\/2023\/11\/esglesies-2-la-seu-maiorica-sacra-768x575.png\" data-width=\"768\" data-height=\"575\" aria-label=\"\" role=\"img\" ><\/div>\n\t\t\t\t\t\t\t\t\t\t\t<div class=\"elementor-gallery-item__overlay\"><\/div>\n\t\t\t\t\t\t\t\t\t\t\t\t\t\t<\/a>\n\t\t\t\t\t\t\t<a class=\"e-gallery-item elementor-gallery-item elementor-animated-content\" href=\"https:\/\/maioricasacra.org\/wp-content\/uploads\/2023\/11\/esglesies-3-la-seu-maiorica-sacra.png\" data-elementor-open-lightbox=\"yes\" data-elementor-lightbox-slideshow=\"bfc3b01\" data-elementor-lightbox-title=\"esglesies-3-la-seu-maiorica-sacra\" data-e-action-hash=\"#elementor-action%3Aaction%3Dlightbox%26settings%3DeyJpZCI6MjMzMiwidXJsIjoiaHR0cHM6XC9cL21haW9yaWNhc2FjcmEub3JnXC93cC1jb250ZW50XC91cGxvYWRzXC8yMDIzXC8xMVwvZXNnbGVzaWVzLTMtbGEtc2V1LW1haW9yaWNhLXNhY3JhLnBuZyIsInNsaWRlc2hvdyI6ImJmYzNiMDEifQ%3D%3D\">\n\t\t\t\t\t<div class=\"e-gallery-image elementor-gallery-item__image\" data-thumbnail=\"https:\/\/maioricasacra.org\/wp-content\/uploads\/2023\/11\/esglesies-3-la-seu-maiorica-sacra-768x512.png\" data-width=\"768\" data-height=\"512\" aria-label=\"\" role=\"img\" ><\/div>\n\t\t\t\t\t\t\t\t\t\t\t<div class=\"elementor-gallery-item__overlay\"><\/div>\n\t\t\t\t\t\t\t\t\t\t\t\t\t\t<\/a>\n\t\t\t\t\t\t\t<a class=\"e-gallery-item elementor-gallery-item elementor-animated-content\" href=\"https:\/\/maioricasacra.org\/wp-content\/uploads\/2023\/11\/esglesies-1-la-seu-maiorica-sacra.png\" data-elementor-open-lightbox=\"yes\" data-elementor-lightbox-slideshow=\"bfc3b01\" data-elementor-lightbox-title=\"esglesies-1-la-seu-maiorica-sacra\" data-e-action-hash=\"#elementor-action%3Aaction%3Dlightbox%26settings%3DeyJpZCI6MjMzMCwidXJsIjoiaHR0cHM6XC9cL21haW9yaWNhc2FjcmEub3JnXC93cC1jb250ZW50XC91cGxvYWRzXC8yMDIzXC8xMVwvZXNnbGVzaWVzLTEtbGEtc2V1LW1haW9yaWNhLXNhY3JhLnBuZyIsInNsaWRlc2hvdyI6ImJmYzNiMDEifQ%3D%3D\">\n\t\t\t\t\t<div class=\"e-gallery-image elementor-gallery-item__image\" data-thumbnail=\"https:\/\/maioricasacra.org\/wp-content\/uploads\/2023\/11\/esglesies-1-la-seu-maiorica-sacra-768x549.png\" data-width=\"768\" data-height=\"549\" aria-label=\"\" role=\"img\" ><\/div>\n\t\t\t\t\t\t\t\t\t\t\t<div class=\"elementor-gallery-item__overlay\"><\/div>\n\t\t\t\t\t\t\t\t\t\t\t\t\t\t<\/a>\n\t\t\t\t\t\t\t<a class=\"e-gallery-item elementor-gallery-item elementor-animated-content\" href=\"https:\/\/maioricasacra.org\/wp-content\/uploads\/2023\/11\/esglesies-6-la-seu-maiorica-sacra.png\" data-elementor-open-lightbox=\"yes\" data-elementor-lightbox-slideshow=\"bfc3b01\" data-elementor-lightbox-title=\"esglesies-6-la-seu-maiorica-sacra\" data-e-action-hash=\"#elementor-action%3Aaction%3Dlightbox%26settings%3DeyJpZCI6MjMzNSwidXJsIjoiaHR0cHM6XC9cL21haW9yaWNhc2FjcmEub3JnXC93cC1jb250ZW50XC91cGxvYWRzXC8yMDIzXC8xMVwvZXNnbGVzaWVzLTYtbGEtc2V1LW1haW9yaWNhLXNhY3JhLnBuZyIsInNsaWRlc2hvdyI6ImJmYzNiMDEifQ%3D%3D\">\n\t\t\t\t\t<div class=\"e-gallery-image elementor-gallery-item__image\" data-thumbnail=\"https:\/\/maioricasacra.org\/wp-content\/uploads\/2023\/11\/esglesies-6-la-seu-maiorica-sacra-768x1154.png\" data-width=\"768\" data-height=\"1154\" aria-label=\"\" role=\"img\" ><\/div>\n\t\t\t\t\t\t\t\t\t\t\t<div class=\"elementor-gallery-item__overlay\"><\/div>\n\t\t\t\t\t\t\t\t\t\t\t\t\t\t<\/a>\n\t\t\t\t\t\t\t<a class=\"e-gallery-item elementor-gallery-item elementor-animated-content\" href=\"https:\/\/maioricasacra.org\/wp-content\/uploads\/2023\/11\/esglesies-4-la-seu-maiorica-sacra.png\" data-elementor-open-lightbox=\"yes\" data-elementor-lightbox-slideshow=\"bfc3b01\" data-elementor-lightbox-title=\"esglesies-4-la-seu-maiorica-sacra\" data-e-action-hash=\"#elementor-action%3Aaction%3Dlightbox%26settings%3DeyJpZCI6MjMzMywidXJsIjoiaHR0cHM6XC9cL21haW9yaWNhc2FjcmEub3JnXC93cC1jb250ZW50XC91cGxvYWRzXC8yMDIzXC8xMVwvZXNnbGVzaWVzLTQtbGEtc2V1LW1haW9yaWNhLXNhY3JhLnBuZyIsInNsaWRlc2hvdyI6ImJmYzNiMDEifQ%3D%3D\">\n\t\t\t\t\t<div class=\"e-gallery-image elementor-gallery-item__image\" data-thumbnail=\"https:\/\/maioricasacra.org\/wp-content\/uploads\/2023\/11\/esglesies-4-la-seu-maiorica-sacra-768x512.png\" data-width=\"768\" data-height=\"512\" aria-label=\"\" role=\"img\" ><\/div>\n\t\t\t\t\t\t\t\t\t\t\t<div class=\"elementor-gallery-item__overlay\"><\/div>\n\t\t\t\t\t\t\t\t\t\t\t\t\t\t<\/a>\n\t\t\t\t\t<\/div>\n\t\t\t\t\t<\/div>\n\t\t\t\t<\/div>\n\t\t\t\t<\/div>\n\t\t<div class=\"elementor-element elementor-element-f4777a1 e-con-full e-flex e-con e-parent\" data-id=\"f4777a1\" data-element_type=\"container\">\n\t\t\t\t<div class=\"elementor-element elementor-element-bc78d15 elementor-widget elementor-widget-heading\" data-id=\"bc78d15\" data-element_type=\"widget\" data-widget_type=\"heading.default\">\n\t\t\t\t<div class=\"elementor-widget-container\">\n\t\t\t\t\t<h2 class=\"elementor-heading-title elementor-size-default\">M\u00c1S IGLESIAS DE LA RED<\/h2>\t\t\t\t<\/div>\n\t\t\t\t<\/div>\n\t\t<div class=\"elementor-element elementor-element-e3692f5 e-con-full e-flex e-con e-child\" data-id=\"e3692f5\" data-element_type=\"container\">\n\t\t\t\t<\/div>\n\t\t\t\t<\/div>\n\t\t\t\t<\/div>\n\t\t","protected":false},"excerpt":{"rendered":"<p>Pla\u00e7a de l\u2019Almoina, s\/n. 07001, Palma HORARIO DE APERTURA Horario de verano de abril a octubre: De lunes a viernes de 10:00h a 17:15h. S\u00e1bado de 10:00h a 14:15h. Horario de invierno de noviembre a marzo: De lunes a viernes de 10:00 a 15:15 h. S\u00e1bado de 10:00h a 14:15h. +34 971 713 133 catedraldemallorca.org [&hellip;]<\/p>\n","protected":false},"author":2,"featured_media":2334,"parent":0,"menu_order":0,"comment_status":"closed","ping_status":"closed","template":"elementor_header_footer","meta":{"footnotes":""},"categories":[35],"tags":[],"class_list":["post-2480","page","type-page","status-publish","has-post-thumbnail","hentry","category-red-iglesias"],"yoast_head":"<!-- This site is optimized with the Yoast SEO plugin v26.9 - https:\/\/yoast.com\/product\/yoast-seo-wordpress\/ -->\n<title>La Seu - Catedral de Mallorca - Maiorica Sacra<\/title>\n<meta name=\"robots\" content=\"index, follow, max-snippet:-1, max-image-preview:large, max-video-preview:-1\" \/>\n<link rel=\"canonical\" href=\"https:\/\/maioricasacra.org\/es\/la-seu-catedral-de-mallorca\/\" \/>\n<meta property=\"og:locale\" content=\"es_ES\" \/>\n<meta property=\"og:type\" content=\"article\" \/>\n<meta property=\"og:title\" content=\"La Seu - Catedral de Mallorca - Maiorica Sacra\" \/>\n<meta property=\"og:description\" content=\"Pla\u00e7a de l\u2019Almoina, s\/n. 07001, Palma HORARIO DE APERTURA Horario de verano de abril a octubre: De lunes a viernes de 10:00h a 17:15h. S\u00e1bado de 10:00h a 14:15h. Horario de invierno de noviembre a marzo: De lunes a viernes de 10:00 a 15:15 h. S\u00e1bado de 10:00h a 14:15h. +34 971 713 133 catedraldemallorca.org [&hellip;]\" \/>\n<meta property=\"og:url\" content=\"https:\/\/maioricasacra.org\/es\/la-seu-catedral-de-mallorca\/\" \/>\n<meta property=\"og:site_name\" content=\"Maiorica Sacra\" \/>\n<meta property=\"article:publisher\" content=\"https:\/\/www.facebook.com\/maioricasacra\" \/>\n<meta property=\"article:modified_time\" content=\"2025-07-31T09:59:28+00:00\" \/>\n<meta property=\"og:image\" content=\"https:\/\/maioricasacra.org\/wp-content\/uploads\/2023\/11\/esglesies-5-la-seu-maiorica-sacra.png\" \/>\n\t<meta property=\"og:image:width\" content=\"900\" \/>\n\t<meta property=\"og:image:height\" content=\"643\" \/>\n\t<meta property=\"og:image:type\" content=\"image\/png\" \/>\n<meta name=\"twitter:card\" content=\"summary_large_image\" \/>\n<meta name=\"twitter:label1\" content=\"Tiempo de lectura\" \/>\n\t<meta name=\"twitter:data1\" content=\"2 minutos\" \/>\n<script type=\"application\/ld+json\" class=\"yoast-schema-graph\">{\"@context\":\"https:\/\/schema.org\",\"@graph\":[{\"@type\":\"WebPage\",\"@id\":\"https:\/\/maioricasacra.org\/es\/la-seu-catedral-de-mallorca\/\",\"url\":\"https:\/\/maioricasacra.org\/es\/la-seu-catedral-de-mallorca\/\",\"name\":\"La Seu - Catedral de Mallorca - Maiorica Sacra\",\"isPartOf\":{\"@id\":\"https:\/\/maioricasacra.org\/es\/#website\"},\"primaryImageOfPage\":{\"@id\":\"https:\/\/maioricasacra.org\/es\/la-seu-catedral-de-mallorca\/#primaryimage\"},\"image\":{\"@id\":\"https:\/\/maioricasacra.org\/es\/la-seu-catedral-de-mallorca\/#primaryimage\"},\"thumbnailUrl\":\"https:\/\/maioricasacra.org\/wp-content\/uploads\/2023\/11\/esglesies-5-la-seu-maiorica-sacra.png\",\"datePublished\":\"2023-11-02T07:19:04+00:00\",\"dateModified\":\"2025-07-31T09:59:28+00:00\",\"breadcrumb\":{\"@id\":\"https:\/\/maioricasacra.org\/es\/la-seu-catedral-de-mallorca\/#breadcrumb\"},\"inLanguage\":\"es\",\"potentialAction\":[{\"@type\":\"ReadAction\",\"target\":[\"https:\/\/maioricasacra.org\/es\/la-seu-catedral-de-mallorca\/\"]}]},{\"@type\":\"ImageObject\",\"inLanguage\":\"es\",\"@id\":\"https:\/\/maioricasacra.org\/es\/la-seu-catedral-de-mallorca\/#primaryimage\",\"url\":\"https:\/\/maioricasacra.org\/wp-content\/uploads\/2023\/11\/esglesies-5-la-seu-maiorica-sacra.png\",\"contentUrl\":\"https:\/\/maioricasacra.org\/wp-content\/uploads\/2023\/11\/esglesies-5-la-seu-maiorica-sacra.png\",\"width\":900,\"height\":643},{\"@type\":\"BreadcrumbList\",\"@id\":\"https:\/\/maioricasacra.org\/es\/la-seu-catedral-de-mallorca\/#breadcrumb\",\"itemListElement\":[{\"@type\":\"ListItem\",\"position\":1,\"name\":\"Inici\",\"item\":\"https:\/\/maioricasacra.org\/es\/\"},{\"@type\":\"ListItem\",\"position\":2,\"name\":\"La Seu &#8211; Catedral de Mallorca\"}]},{\"@type\":\"WebSite\",\"@id\":\"https:\/\/maioricasacra.org\/es\/#website\",\"url\":\"https:\/\/maioricasacra.org\/es\/\",\"name\":\"Maiorica Sacra\",\"description\":\"Patrimoni Religi\u00f3s a l&#039;abast de tots\",\"publisher\":{\"@id\":\"https:\/\/maioricasacra.org\/es\/#organization\"},\"alternateName\":\"MS\",\"potentialAction\":[{\"@type\":\"SearchAction\",\"target\":{\"@type\":\"EntryPoint\",\"urlTemplate\":\"https:\/\/maioricasacra.org\/es\/?s={search_term_string}\"},\"query-input\":{\"@type\":\"PropertyValueSpecification\",\"valueRequired\":true,\"valueName\":\"search_term_string\"}}],\"inLanguage\":\"es\"},{\"@type\":\"Organization\",\"@id\":\"https:\/\/maioricasacra.org\/es\/#organization\",\"name\":\"Maiorica Sacra\",\"url\":\"https:\/\/maioricasacra.org\/es\/\",\"logo\":{\"@type\":\"ImageObject\",\"inLanguage\":\"es\",\"@id\":\"https:\/\/maioricasacra.org\/es\/#\/schema\/logo\/image\/\",\"url\":\"https:\/\/maioricasacra.org\/wp-content\/uploads\/2023\/10\/maioricasacra-web-logo-quisom.png\",\"contentUrl\":\"https:\/\/maioricasacra.org\/wp-content\/uploads\/2023\/10\/maioricasacra-web-logo-quisom.png\",\"width\":600,\"height\":315,\"caption\":\"Maiorica Sacra\"},\"image\":{\"@id\":\"https:\/\/maioricasacra.org\/es\/#\/schema\/logo\/image\/\"},\"sameAs\":[\"https:\/\/www.facebook.com\/maioricasacra\",\"https:\/\/www.instagram.com\/maioricasacra\/\"]}]}<\/script>\n<!-- \/ Yoast SEO plugin. -->","yoast_head_json":{"title":"La Seu - Catedral de Mallorca - Maiorica Sacra","robots":{"index":"index","follow":"follow","max-snippet":"max-snippet:-1","max-image-preview":"max-image-preview:large","max-video-preview":"max-video-preview:-1"},"canonical":"https:\/\/maioricasacra.org\/es\/la-seu-catedral-de-mallorca\/","og_locale":"es_ES","og_type":"article","og_title":"La Seu - Catedral de Mallorca - Maiorica Sacra","og_description":"Pla\u00e7a de l\u2019Almoina, s\/n. 07001, Palma HORARIO DE APERTURA Horario de verano de abril a octubre: De lunes a viernes de 10:00h a 17:15h. S\u00e1bado de 10:00h a 14:15h. Horario de invierno de noviembre a marzo: De lunes a viernes de 10:00 a 15:15 h. S\u00e1bado de 10:00h a 14:15h. +34 971 713 133 catedraldemallorca.org [&hellip;]","og_url":"https:\/\/maioricasacra.org\/es\/la-seu-catedral-de-mallorca\/","og_site_name":"Maiorica Sacra","article_publisher":"https:\/\/www.facebook.com\/maioricasacra","article_modified_time":"2025-07-31T09:59:28+00:00","og_image":[{"width":900,"height":643,"url":"https:\/\/maioricasacra.org\/wp-content\/uploads\/2023\/11\/esglesies-5-la-seu-maiorica-sacra.png","type":"image\/png"}],"twitter_card":"summary_large_image","twitter_misc":{"Tiempo de lectura":"2 minutos"},"schema":{"@context":"https:\/\/schema.org","@graph":[{"@type":"WebPage","@id":"https:\/\/maioricasacra.org\/es\/la-seu-catedral-de-mallorca\/","url":"https:\/\/maioricasacra.org\/es\/la-seu-catedral-de-mallorca\/","name":"La Seu - Catedral de Mallorca - Maiorica Sacra","isPartOf":{"@id":"https:\/\/maioricasacra.org\/es\/#website"},"primaryImageOfPage":{"@id":"https:\/\/maioricasacra.org\/es\/la-seu-catedral-de-mallorca\/#primaryimage"},"image":{"@id":"https:\/\/maioricasacra.org\/es\/la-seu-catedral-de-mallorca\/#primaryimage"},"thumbnailUrl":"https:\/\/maioricasacra.org\/wp-content\/uploads\/2023\/11\/esglesies-5-la-seu-maiorica-sacra.png","datePublished":"2023-11-02T07:19:04+00:00","dateModified":"2025-07-31T09:59:28+00:00","breadcrumb":{"@id":"https:\/\/maioricasacra.org\/es\/la-seu-catedral-de-mallorca\/#breadcrumb"},"inLanguage":"es","potentialAction":[{"@type":"ReadAction","target":["https:\/\/maioricasacra.org\/es\/la-seu-catedral-de-mallorca\/"]}]},{"@type":"ImageObject","inLanguage":"es","@id":"https:\/\/maioricasacra.org\/es\/la-seu-catedral-de-mallorca\/#primaryimage","url":"https:\/\/maioricasacra.org\/wp-content\/uploads\/2023\/11\/esglesies-5-la-seu-maiorica-sacra.png","contentUrl":"https:\/\/maioricasacra.org\/wp-content\/uploads\/2023\/11\/esglesies-5-la-seu-maiorica-sacra.png","width":900,"height":643},{"@type":"BreadcrumbList","@id":"https:\/\/maioricasacra.org\/es\/la-seu-catedral-de-mallorca\/#breadcrumb","itemListElement":[{"@type":"ListItem","position":1,"name":"Inici","item":"https:\/\/maioricasacra.org\/es\/"},{"@type":"ListItem","position":2,"name":"La Seu &#8211; Catedral de Mallorca"}]},{"@type":"WebSite","@id":"https:\/\/maioricasacra.org\/es\/#website","url":"https:\/\/maioricasacra.org\/es\/","name":"Maiorica Sacra","description":"Patrimoni Religi\u00f3s a l&#039;abast de tots","publisher":{"@id":"https:\/\/maioricasacra.org\/es\/#organization"},"alternateName":"MS","potentialAction":[{"@type":"SearchAction","target":{"@type":"EntryPoint","urlTemplate":"https:\/\/maioricasacra.org\/es\/?s={search_term_string}"},"query-input":{"@type":"PropertyValueSpecification","valueRequired":true,"valueName":"search_term_string"}}],"inLanguage":"es"},{"@type":"Organization","@id":"https:\/\/maioricasacra.org\/es\/#organization","name":"Maiorica Sacra","url":"https:\/\/maioricasacra.org\/es\/","logo":{"@type":"ImageObject","inLanguage":"es","@id":"https:\/\/maioricasacra.org\/es\/#\/schema\/logo\/image\/","url":"https:\/\/maioricasacra.org\/wp-content\/uploads\/2023\/10\/maioricasacra-web-logo-quisom.png","contentUrl":"https:\/\/maioricasacra.org\/wp-content\/uploads\/2023\/10\/maioricasacra-web-logo-quisom.png","width":600,"height":315,"caption":"Maiorica Sacra"},"image":{"@id":"https:\/\/maioricasacra.org\/es\/#\/schema\/logo\/image\/"},"sameAs":["https:\/\/www.facebook.com\/maioricasacra","https:\/\/www.instagram.com\/maioricasacra\/"]}]}},"_links":{"self":[{"href":"https:\/\/maioricasacra.org\/es\/wp-json\/wp\/v2\/pages\/2480","targetHints":{"allow":["GET"]}}],"collection":[{"href":"https:\/\/maioricasacra.org\/es\/wp-json\/wp\/v2\/pages"}],"about":[{"href":"https:\/\/maioricasacra.org\/es\/wp-json\/wp\/v2\/types\/page"}],"author":[{"embeddable":true,"href":"https:\/\/maioricasacra.org\/es\/wp-json\/wp\/v2\/users\/2"}],"replies":[{"embeddable":true,"href":"https:\/\/maioricasacra.org\/es\/wp-json\/wp\/v2\/comments?post=2480"}],"version-history":[{"count":11,"href":"https:\/\/maioricasacra.org\/es\/wp-json\/wp\/v2\/pages\/2480\/revisions"}],"predecessor-version":[{"id":6849,"href":"https:\/\/maioricasacra.org\/es\/wp-json\/wp\/v2\/pages\/2480\/revisions\/6849"}],"wp:featuredmedia":[{"embeddable":true,"href":"https:\/\/maioricasacra.org\/es\/wp-json\/wp\/v2\/media\/2334"}],"wp:attachment":[{"href":"https:\/\/maioricasacra.org\/es\/wp-json\/wp\/v2\/media?parent=2480"}],"wp:term":[{"taxonomy":"category","embeddable":true,"href":"https:\/\/maioricasacra.org\/es\/wp-json\/wp\/v2\/categories?post=2480"},{"taxonomy":"post_tag","embeddable":true,"href":"https:\/\/maioricasacra.org\/es\/wp-json\/wp\/v2\/tags?post=2480"}],"curies":[{"name":"wp","href":"https:\/\/api.w.org\/{rel}","templated":true}]}}