{"id":2544,"date":"2023-10-25T15:14:39","date_gmt":"2023-10-25T13:14:39","guid":{"rendered":"https:\/\/maioricasacra.org\/iglesia-parroquial-de-sant-jaume-palma\/"},"modified":"2025-08-28T10:35:51","modified_gmt":"2025-08-28T08:35:51","slug":"iglesia-parroquial-de-sant-jaume-palma","status":"publish","type":"page","link":"https:\/\/maioricasacra.org\/es\/iglesia-parroquial-de-sant-jaume-palma\/","title":{"rendered":"Iglesia Parroquial de Sant Jaume &#8211; Palma"},"content":{"rendered":"\t\t<div data-elementor-type=\"wp-page\" data-elementor-id=\"2544\" class=\"elementor elementor-2544 elementor-1101\" data-elementor-post-type=\"page\">\n\t\t\t\t<div class=\"elementor-element elementor-element-fe5f2e0 e-con-full e-flex e-con e-parent\" data-id=\"fe5f2e0\" data-element_type=\"container\" data-settings=\"{&quot;background_background&quot;:&quot;classic&quot;}\">\n\t\t<div class=\"elementor-element elementor-element-637e601 e-con-full e-flex e-con e-child\" data-id=\"637e601\" data-element_type=\"container\">\n\t\t<div class=\"elementor-element elementor-element-fdf6b01 e-con-full e-flex e-con e-child\" data-id=\"fdf6b01\" data-element_type=\"container\" data-settings=\"{&quot;background_background&quot;:&quot;gradient&quot;}\">\n\t\t\t\t<div class=\"elementor-element elementor-element-f4b7c6d elementor-widget elementor-widget-image\" data-id=\"f4b7c6d\" data-element_type=\"widget\" data-widget_type=\"image.default\">\n\t\t\t\t<div class=\"elementor-widget-container\">\n\t\t\t\t\t\t\t\t\t\t\t\t\t\t\t<img fetchpriority=\"high\" decoding=\"async\" width=\"800\" height=\"572\" src=\"https:\/\/maioricasacra.org\/wp-content\/uploads\/2023\/11\/esglesies-8-SantJaume_palma-maiorica-sacra.jpg\" class=\"attachment-large size-large wp-image-2328\" alt=\"\" srcset=\"https:\/\/maioricasacra.org\/wp-content\/uploads\/2023\/11\/esglesies-8-SantJaume_palma-maiorica-sacra.jpg 900w, https:\/\/maioricasacra.org\/wp-content\/uploads\/2023\/11\/esglesies-8-SantJaume_palma-maiorica-sacra-300x214.jpg 300w, https:\/\/maioricasacra.org\/wp-content\/uploads\/2023\/11\/esglesies-8-SantJaume_palma-maiorica-sacra-768x549.jpg 768w\" sizes=\"(max-width: 800px) 100vw, 800px\" \/>\t\t\t\t\t\t\t\t\t\t\t\t\t\t\t<\/div>\n\t\t\t\t<\/div>\n\t\t\t\t<div class=\"elementor-element elementor-element-c0a372a elementor-widget-mobile__width-initial elementor-widget__width-initial elementor-icon-list--layout-traditional elementor-list-item-link-full_width elementor-widget elementor-widget-icon-list\" data-id=\"c0a372a\" data-element_type=\"widget\" data-widget_type=\"icon-list.default\">\n\t\t\t\t<div class=\"elementor-widget-container\">\n\t\t\t\t\t\t\t<ul class=\"elementor-icon-list-items\">\n\t\t\t\t\t\t\t<li class=\"elementor-icon-list-item\">\n\t\t\t\t\t\t\t\t\t\t<span class=\"elementor-icon-list-text\"><\/span>\n\t\t\t\t\t\t\t\t\t<\/li>\n\t\t\t\t\t\t\t\t<li class=\"elementor-icon-list-item\">\n\t\t\t\t\t\t\t\t\t\t\t<span class=\"elementor-icon-list-icon\">\n\t\t\t\t\t\t\t<i aria-hidden=\"true\" class=\"fas fa-church\"><\/i>\t\t\t\t\t\t<\/span>\n\t\t\t\t\t\t\t\t\t\t<span class=\"elementor-icon-list-text\">Carrer Sant Jaume, 10. Palma, 07012<\/span>\n\t\t\t\t\t\t\t\t\t<\/li>\n\t\t\t\t\t\t\t\t<li class=\"elementor-icon-list-item\">\n\t\t\t\t\t\t\t\t\t\t<span class=\"elementor-icon-list-text\"><\/span>\n\t\t\t\t\t\t\t\t\t<\/li>\n\t\t\t\t\t\t\t\t<li class=\"elementor-icon-list-item\">\n\t\t\t\t\t\t\t\t\t\t<span class=\"elementor-icon-list-text\">HORARIO DE APERTURA<\/span>\n\t\t\t\t\t\t\t\t\t<\/li>\n\t\t\t\t\t\t\t\t<li class=\"elementor-icon-list-item\">\n\t\t\t\t\t\t\t\t\t\t\t<span class=\"elementor-icon-list-icon\">\n\t\t\t\t\t\t\t<i aria-hidden=\"true\" class=\"far fa-clock\"><\/i>\t\t\t\t\t\t<\/span>\n\t\t\t\t\t\t\t\t\t\t<span class=\"elementor-icon-list-text\">Lunes a viernes 17-20h <\/span>\n\t\t\t\t\t\t\t\t\t<\/li>\n\t\t\t\t\t\t\t\t<li class=\"elementor-icon-list-item\">\n\t\t\t\t\t\t\t\t\t\t\t<span class=\"elementor-icon-list-icon\">\n\t\t\t\t\t\t\t<i aria-hidden=\"true\" class=\"far fa-clock\"><\/i>\t\t\t\t\t\t<\/span>\n\t\t\t\t\t\t\t\t\t\t<span class=\"elementor-icon-list-text\">Martes a viernes 10-13h<\/span>\n\t\t\t\t\t\t\t\t\t<\/li>\n\t\t\t\t\t\t\t\t<li class=\"elementor-icon-list-item\">\n\t\t\t\t\t\t\t\t\t\t\t<span class=\"elementor-icon-list-icon\">\n\t\t\t\t\t\t\t<i aria-hidden=\"true\" class=\"far fa-clock\"><\/i>\t\t\t\t\t\t<\/span>\n\t\t\t\t\t\t\t\t\t\t<span class=\"elementor-icon-list-text\">S\u00e1bados 11-13h \/ 17h-20<\/span>\n\t\t\t\t\t\t\t\t\t<\/li>\n\t\t\t\t\t\t\t\t<li class=\"elementor-icon-list-item\">\n\t\t\t\t\t\t\t\t\t\t\t<span class=\"elementor-icon-list-icon\">\n\t\t\t\t\t\t\t<i aria-hidden=\"true\" class=\"far fa-clock\"><\/i>\t\t\t\t\t\t<\/span>\n\t\t\t\t\t\t\t\t\t\t<span class=\"elementor-icon-list-text\">Domingos 11-13h \/ 19-20h<\/span>\n\t\t\t\t\t\t\t\t\t<\/li>\n\t\t\t\t\t\t\t\t<li class=\"elementor-icon-list-item\">\n\t\t\t\t\t\t\t\t\t\t<span class=\"elementor-icon-list-text\"><\/span>\n\t\t\t\t\t\t\t\t\t<\/li>\n\t\t\t\t\t\t\t\t<li class=\"elementor-icon-list-item\">\n\t\t\t\t\t\t\t\t\t\t\t<span class=\"elementor-icon-list-icon\">\n\t\t\t\t\t\t\t<i aria-hidden=\"true\" class=\"fas fa-phone-alt\"><\/i>\t\t\t\t\t\t<\/span>\n\t\t\t\t\t\t\t\t\t\t<span class=\"elementor-icon-list-text\">+34 971 724 375<\/span>\n\t\t\t\t\t\t\t\t\t<\/li>\n\t\t\t\t\t\t\t\t<li class=\"elementor-icon-list-item\">\n\t\t\t\t\t\t\t\t\t\t\t<span class=\"elementor-icon-list-icon\">\n\t\t\t\t\t\t\t<i aria-hidden=\"true\" class=\"far fa-envelope\"><\/i>\t\t\t\t\t\t<\/span>\n\t\t\t\t\t\t\t\t\t\t<span class=\"elementor-icon-list-text\">santjaumeparroquia@gmail.com<\/span>\n\t\t\t\t\t\t\t\t\t<\/li>\n\t\t\t\t\t\t<\/ul>\n\t\t\t\t\t\t<\/div>\n\t\t\t\t<\/div>\n\t\t\t\t<\/div>\n\t\t<div class=\"elementor-element elementor-element-c49000c e-con-full e-flex e-con e-child\" data-id=\"c49000c\" data-element_type=\"container\">\n\t\t\t\t<div class=\"elementor-element elementor-element-2e9dfe5 elementor-widget elementor-widget-heading\" data-id=\"2e9dfe5\" data-element_type=\"widget\" data-widget_type=\"heading.default\">\n\t\t\t\t<div class=\"elementor-widget-container\">\n\t\t\t\t\t<h2 class=\"elementor-heading-title elementor-size-default\">IGLESIA PARROQUIAL DE SANT JAUME - PALMA<\/h2>\t\t\t\t<\/div>\n\t\t\t\t<\/div>\n\t\t\t\t<div class=\"elementor-element elementor-element-ab349a8 elementor-widget elementor-widget-heading\" data-id=\"ab349a8\" data-element_type=\"widget\" data-widget_type=\"heading.default\">\n\t\t\t\t<div class=\"elementor-widget-container\">\n\t\t\t\t\t<h2 class=\"elementor-heading-title elementor-size-default\">Ejemplo de modelo g\u00f3tico de arquitectura religiosa\n<\/h2>\t\t\t\t<\/div>\n\t\t\t\t<\/div>\n\t\t\t\t<div class=\"elementor-element elementor-element-97c4a02 elementor-widget-divider--view-line elementor-widget elementor-widget-divider\" data-id=\"97c4a02\" data-element_type=\"widget\" data-widget_type=\"divider.default\">\n\t\t\t\t<div class=\"elementor-widget-container\">\n\t\t\t\t\t\t\t<div class=\"elementor-divider\">\n\t\t\t<span class=\"elementor-divider-separator\">\n\t\t\t\t\t\t<\/span>\n\t\t<\/div>\n\t\t\t\t\t\t<\/div>\n\t\t\t\t<\/div>\n\t\t\t\t<div class=\"elementor-element elementor-element-a296193 elementor-widget__width-initial elementor-widget elementor-widget-text-editor\" data-id=\"a296193\" data-element_type=\"widget\" data-widget_type=\"text-editor.default\">\n\t\t\t\t<div class=\"elementor-widget-container\">\n\t\t\t\t\t\t\t\t\t<p>La Parroquia de San Jaime de Palma se encuentra situada en medio del centro hist\u00f3rico de Ciudad, en la calle que toma su nombre. Es una de las iglesias m\u00e1s antiguas de Palma, empezada a construirse a principios del siglo XIV. Seg\u00fan la tradici\u00f3n, el templo fue construido por los reyes de Mallorca, debido a la titularidad del santo de su nombre.  <\/p><p>Como sucedi\u00f3 en otras iglesias de Palma y de otros municipios, de la peque\u00f1a iglesia o capilla que se construy\u00f3 en el siglo XIII, no quedan restos. El edificio actual es fruto de las obras realizadas durante el siglo XIV bajo la direcci\u00f3n del maestro de obras, Jordi Despujol. Es uno de los ejemplos m\u00e1s genuinos del estilo g\u00f3tico, y se convirti\u00f3 en un modelo de construcci\u00f3n para otras iglesias. La construcci\u00f3n se alarg\u00f3 m\u00e1s de doscientos a\u00f1os, pero se mantuvieron fieles al modelo arquitect\u00f3nico inicial. Durante el siglo XVIII se llevaron a cabo reformas y nuevas incorporaciones, como es el caso de la capilla Fonda, algunas capillas del presbiterio o el portal de entrada (entre otras).    <\/p><p>Patrimonio vivo de Palma conserva bienes muebles destacados tambi\u00e9n en escultura y pintura. Es el caso del Sant Crist que, seg\u00fan la tradici\u00f3n, proviene de los tiempos de la conquista ya d\u00eda de hoy forma parte de la exposici\u00f3n permanente del Museo de Arte Sacro de Mallorca; o del magn\u00edfico ejemplo de Cama de la Virgen, una de las mejores obras del escultor Adri\u00e0 Ferr\u00e0 (conocido como Adri\u00e0) y pieza primordial de la escultura religiosa neocl\u00e1sica de Mallorca. <\/p>\t\t\t\t\t\t\t\t<\/div>\n\t\t\t\t<\/div>\n\t\t\t\t<\/div>\n\t\t\t\t<\/div>\n\t\t\t\t<\/div>\n\t\t<div class=\"elementor-element elementor-element-24ceb8e e-con-full e-flex e-con e-parent\" data-id=\"24ceb8e\" data-element_type=\"container\" data-settings=\"{&quot;background_background&quot;:&quot;classic&quot;}\">\n\t\t\t\t<div class=\"elementor-element elementor-element-1b7b882 elementor-widget__width-initial elementor-widget elementor-widget-gallery\" data-id=\"1b7b882\" data-element_type=\"widget\" data-settings=\"{&quot;gallery_layout&quot;:&quot;justified&quot;,&quot;gap&quot;:{&quot;unit&quot;:&quot;px&quot;,&quot;size&quot;:3,&quot;sizes&quot;:[]},&quot;ideal_row_height&quot;:{&quot;unit&quot;:&quot;px&quot;,&quot;size&quot;:300,&quot;sizes&quot;:[]},&quot;gap_tablet&quot;:{&quot;unit&quot;:&quot;px&quot;,&quot;size&quot;:3,&quot;sizes&quot;:[]},&quot;gap_mobile&quot;:{&quot;unit&quot;:&quot;px&quot;,&quot;size&quot;:3,&quot;sizes&quot;:[]},&quot;lazyload&quot;:&quot;yes&quot;,&quot;ideal_row_height_tablet&quot;:{&quot;unit&quot;:&quot;px&quot;,&quot;size&quot;:150,&quot;sizes&quot;:[]},&quot;ideal_row_height_mobile&quot;:{&quot;unit&quot;:&quot;px&quot;,&quot;size&quot;:150,&quot;sizes&quot;:[]},&quot;link_to&quot;:&quot;file&quot;,&quot;overlay_background&quot;:&quot;yes&quot;,&quot;content_hover_animation&quot;:&quot;fade-in&quot;}\" data-widget_type=\"gallery.default\">\n\t\t\t\t<div class=\"elementor-widget-container\">\n\t\t\t\t\t\t\t<div class=\"elementor-gallery__container\">\n\t\t\t\t\t\t\t<a class=\"e-gallery-item elementor-gallery-item elementor-animated-content\" href=\"https:\/\/maioricasacra.org\/wp-content\/uploads\/2023\/11\/esglesies-8-SantJaume_palma-maiorica-sacra.jpg\" data-elementor-open-lightbox=\"yes\" data-elementor-lightbox-slideshow=\"1b7b882\" data-elementor-lightbox-title=\"esglesies-8-SantJaume_palma-maiorica-sacra\" data-e-action-hash=\"#elementor-action%3Aaction%3Dlightbox%26settings%3DeyJpZCI6MjMyOCwidXJsIjoiaHR0cHM6XC9cL21haW9yaWNhc2FjcmEub3JnXC93cC1jb250ZW50XC91cGxvYWRzXC8yMDIzXC8xMVwvZXNnbGVzaWVzLTgtU2FudEphdW1lX3BhbG1hLW1haW9yaWNhLXNhY3JhLmpwZyIsInNsaWRlc2hvdyI6IjFiN2I4ODIifQ%3D%3D\">\n\t\t\t\t\t<div class=\"e-gallery-image elementor-gallery-item__image\" data-thumbnail=\"https:\/\/maioricasacra.org\/wp-content\/uploads\/2023\/11\/esglesies-8-SantJaume_palma-maiorica-sacra-768x549.jpg\" data-width=\"768\" data-height=\"549\" aria-label=\"\" role=\"img\" ><\/div>\n\t\t\t\t\t\t\t\t\t\t\t<div class=\"elementor-gallery-item__overlay\"><\/div>\n\t\t\t\t\t\t\t\t\t\t\t\t\t\t<\/a>\n\t\t\t\t\t\t\t<a class=\"e-gallery-item elementor-gallery-item elementor-animated-content\" href=\"https:\/\/maioricasacra.org\/wp-content\/uploads\/2023\/11\/esglesies-6-SantJaume_palma-maiorica-sacra.jpg\" data-elementor-open-lightbox=\"yes\" data-elementor-lightbox-slideshow=\"1b7b882\" data-elementor-lightbox-title=\"esglesies-6-SantJaume_palma-maiorica-sacra\" data-e-action-hash=\"#elementor-action%3Aaction%3Dlightbox%26settings%3DeyJpZCI6MjMyNiwidXJsIjoiaHR0cHM6XC9cL21haW9yaWNhc2FjcmEub3JnXC93cC1jb250ZW50XC91cGxvYWRzXC8yMDIzXC8xMVwvZXNnbGVzaWVzLTYtU2FudEphdW1lX3BhbG1hLW1haW9yaWNhLXNhY3JhLmpwZyIsInNsaWRlc2hvdyI6IjFiN2I4ODIifQ%3D%3D\">\n\t\t\t\t\t<div class=\"e-gallery-image elementor-gallery-item__image\" data-thumbnail=\"https:\/\/maioricasacra.org\/wp-content\/uploads\/2023\/11\/esglesies-6-SantJaume_palma-maiorica-sacra-768x1075.jpg\" data-width=\"768\" data-height=\"1075\" aria-label=\"\" role=\"img\" ><\/div>\n\t\t\t\t\t\t\t\t\t\t\t<div class=\"elementor-gallery-item__overlay\"><\/div>\n\t\t\t\t\t\t\t\t\t\t\t\t\t\t<\/a>\n\t\t\t\t\t\t\t<a class=\"e-gallery-item elementor-gallery-item elementor-animated-content\" href=\"https:\/\/maioricasacra.org\/wp-content\/uploads\/2023\/11\/esglesies-5-SantJaume_palma-maiorica-sacra.jpg\" data-elementor-open-lightbox=\"yes\" data-elementor-lightbox-slideshow=\"1b7b882\" data-elementor-lightbox-title=\"esglesies-5-SantJaume_palma-maiorica-sacra\" data-e-action-hash=\"#elementor-action%3Aaction%3Dlightbox%26settings%3DeyJpZCI6MjMyNSwidXJsIjoiaHR0cHM6XC9cL21haW9yaWNhc2FjcmEub3JnXC93cC1jb250ZW50XC91cGxvYWRzXC8yMDIzXC8xMVwvZXNnbGVzaWVzLTUtU2FudEphdW1lX3BhbG1hLW1haW9yaWNhLXNhY3JhLmpwZyIsInNsaWRlc2hvdyI6IjFiN2I4ODIifQ%3D%3D\">\n\t\t\t\t\t<div class=\"e-gallery-image elementor-gallery-item__image\" data-thumbnail=\"https:\/\/maioricasacra.org\/wp-content\/uploads\/2023\/11\/esglesies-5-SantJaume_palma-maiorica-sacra-768x1075.jpg\" data-width=\"768\" data-height=\"1075\" aria-label=\"\" role=\"img\" ><\/div>\n\t\t\t\t\t\t\t\t\t\t\t<div class=\"elementor-gallery-item__overlay\"><\/div>\n\t\t\t\t\t\t\t\t\t\t\t\t\t\t<\/a>\n\t\t\t\t\t\t\t<a class=\"e-gallery-item elementor-gallery-item elementor-animated-content\" href=\"https:\/\/maioricasacra.org\/wp-content\/uploads\/2023\/11\/esglesies-4-AC-SantJaume_palma-maiorica-sacra.jpg\" data-elementor-open-lightbox=\"yes\" data-elementor-lightbox-slideshow=\"1b7b882\" data-elementor-lightbox-title=\"esglesies-4-AC-SantJaume_palma-maiorica-sacra\" data-e-action-hash=\"#elementor-action%3Aaction%3Dlightbox%26settings%3DeyJpZCI6MjMyNCwidXJsIjoiaHR0cHM6XC9cL21haW9yaWNhc2FjcmEub3JnXC93cC1jb250ZW50XC91cGxvYWRzXC8yMDIzXC8xMVwvZXNnbGVzaWVzLTQtQUMtU2FudEphdW1lX3BhbG1hLW1haW9yaWNhLXNhY3JhLmpwZyIsInNsaWRlc2hvdyI6IjFiN2I4ODIifQ%3D%3D\">\n\t\t\t\t\t<div class=\"e-gallery-image elementor-gallery-item__image\" data-thumbnail=\"https:\/\/maioricasacra.org\/wp-content\/uploads\/2023\/11\/esglesies-4-AC-SantJaume_palma-maiorica-sacra-768x1075.jpg\" data-width=\"768\" data-height=\"1075\" aria-label=\"\" role=\"img\" ><\/div>\n\t\t\t\t\t\t\t\t\t\t\t<div class=\"elementor-gallery-item__overlay\"><\/div>\n\t\t\t\t\t\t\t\t\t\t\t\t\t\t<\/a>\n\t\t\t\t\t\t\t<a class=\"e-gallery-item elementor-gallery-item elementor-animated-content\" href=\"https:\/\/maioricasacra.org\/wp-content\/uploads\/2023\/11\/esglesies-3-AC-SantJaume_palma-maiorica-sacra.jpg\" data-elementor-open-lightbox=\"yes\" data-elementor-lightbox-slideshow=\"1b7b882\" data-elementor-lightbox-title=\"esglesies-3-AC-SantJaume_palma-maiorica-sacra\" data-e-action-hash=\"#elementor-action%3Aaction%3Dlightbox%26settings%3DeyJpZCI6MjMyMywidXJsIjoiaHR0cHM6XC9cL21haW9yaWNhc2FjcmEub3JnXC93cC1jb250ZW50XC91cGxvYWRzXC8yMDIzXC8xMVwvZXNnbGVzaWVzLTMtQUMtU2FudEphdW1lX3BhbG1hLW1haW9yaWNhLXNhY3JhLmpwZyIsInNsaWRlc2hvdyI6IjFiN2I4ODIifQ%3D%3D\">\n\t\t\t\t\t<div class=\"e-gallery-image elementor-gallery-item__image\" data-thumbnail=\"https:\/\/maioricasacra.org\/wp-content\/uploads\/2023\/11\/esglesies-3-AC-SantJaume_palma-maiorica-sacra-768x1075.jpg\" data-width=\"768\" data-height=\"1075\" aria-label=\"\" role=\"img\" ><\/div>\n\t\t\t\t\t\t\t\t\t\t\t<div class=\"elementor-gallery-item__overlay\"><\/div>\n\t\t\t\t\t\t\t\t\t\t\t\t\t\t<\/a>\n\t\t\t\t\t\t\t<a class=\"e-gallery-item elementor-gallery-item elementor-animated-content\" href=\"https:\/\/maioricasacra.org\/wp-content\/uploads\/2023\/11\/esglesies-2-AC-SantJaume_palma-maiorica-sacra.jpg\" data-elementor-open-lightbox=\"yes\" data-elementor-lightbox-slideshow=\"1b7b882\" data-elementor-lightbox-title=\"esglesies-2-AC-SantJaume_palma-maiorica-sacra\" data-e-action-hash=\"#elementor-action%3Aaction%3Dlightbox%26settings%3DeyJpZCI6MjMyMiwidXJsIjoiaHR0cHM6XC9cL21haW9yaWNhc2FjcmEub3JnXC93cC1jb250ZW50XC91cGxvYWRzXC8yMDIzXC8xMVwvZXNnbGVzaWVzLTItQUMtU2FudEphdW1lX3BhbG1hLW1haW9yaWNhLXNhY3JhLmpwZyIsInNsaWRlc2hvdyI6IjFiN2I4ODIifQ%3D%3D\">\n\t\t\t\t\t<div class=\"e-gallery-image elementor-gallery-item__image\" data-thumbnail=\"https:\/\/maioricasacra.org\/wp-content\/uploads\/2023\/11\/esglesies-2-AC-SantJaume_palma-maiorica-sacra-768x1075.jpg\" data-width=\"768\" data-height=\"1075\" aria-label=\"\" role=\"img\" ><\/div>\n\t\t\t\t\t\t\t\t\t\t\t<div class=\"elementor-gallery-item__overlay\"><\/div>\n\t\t\t\t\t\t\t\t\t\t\t\t\t\t<\/a>\n\t\t\t\t\t\t\t<a class=\"e-gallery-item elementor-gallery-item elementor-animated-content\" href=\"https:\/\/maioricasacra.org\/wp-content\/uploads\/2023\/11\/esglesies-1-AC-SantJaume_palma-maiorica-sacra.jpg\" data-elementor-open-lightbox=\"yes\" data-elementor-lightbox-slideshow=\"1b7b882\" data-elementor-lightbox-title=\"esglesies-1-AC-SantJaume_palma-maiorica-sacra\" data-e-action-hash=\"#elementor-action%3Aaction%3Dlightbox%26settings%3DeyJpZCI6MjMyMSwidXJsIjoiaHR0cHM6XC9cL21haW9yaWNhc2FjcmEub3JnXC93cC1jb250ZW50XC91cGxvYWRzXC8yMDIzXC8xMVwvZXNnbGVzaWVzLTEtQUMtU2FudEphdW1lX3BhbG1hLW1haW9yaWNhLXNhY3JhLmpwZyIsInNsaWRlc2hvdyI6IjFiN2I4ODIifQ%3D%3D\">\n\t\t\t\t\t<div class=\"e-gallery-image elementor-gallery-item__image\" data-thumbnail=\"https:\/\/maioricasacra.org\/wp-content\/uploads\/2023\/11\/esglesies-1-AC-SantJaume_palma-maiorica-sacra-768x549.jpg\" data-width=\"768\" data-height=\"549\" aria-label=\"\" role=\"img\" ><\/div>\n\t\t\t\t\t\t\t\t\t\t\t<div class=\"elementor-gallery-item__overlay\"><\/div>\n\t\t\t\t\t\t\t\t\t\t\t\t\t\t<\/a>\n\t\t\t\t\t\t\t<a class=\"e-gallery-item elementor-gallery-item elementor-animated-content\" href=\"https:\/\/maioricasacra.org\/wp-content\/uploads\/2023\/11\/esglesies-7-AC-SantJaume_palma-maiorica-sacra.jpg\" data-elementor-open-lightbox=\"yes\" data-elementor-lightbox-slideshow=\"1b7b882\" data-elementor-lightbox-title=\"esglesies-7-AC-SantJaume_palma-maiorica-sacra\" data-e-action-hash=\"#elementor-action%3Aaction%3Dlightbox%26settings%3DeyJpZCI6MjMyNywidXJsIjoiaHR0cHM6XC9cL21haW9yaWNhc2FjcmEub3JnXC93cC1jb250ZW50XC91cGxvYWRzXC8yMDIzXC8xMVwvZXNnbGVzaWVzLTctQUMtU2FudEphdW1lX3BhbG1hLW1haW9yaWNhLXNhY3JhLmpwZyIsInNsaWRlc2hvdyI6IjFiN2I4ODIifQ%3D%3D\">\n\t\t\t\t\t<div class=\"e-gallery-image elementor-gallery-item__image\" data-thumbnail=\"https:\/\/maioricasacra.org\/wp-content\/uploads\/2023\/11\/esglesies-7-AC-SantJaume_palma-maiorica-sacra-768x1075.jpg\" data-width=\"768\" data-height=\"1075\" aria-label=\"\" role=\"img\" ><\/div>\n\t\t\t\t\t\t\t\t\t\t\t<div class=\"elementor-gallery-item__overlay\"><\/div>\n\t\t\t\t\t\t\t\t\t\t\t\t\t\t<\/a>\n\t\t\t\t\t<\/div>\n\t\t\t\t\t<\/div>\n\t\t\t\t<\/div>\n\t\t\t\t<\/div>\n\t\t<div class=\"elementor-element elementor-element-cb51cca e-con-full e-flex e-con e-parent\" data-id=\"cb51cca\" data-element_type=\"container\">\n\t\t\t\t<div class=\"elementor-element elementor-element-7ecd8d2 elementor-widget elementor-widget-heading\" data-id=\"7ecd8d2\" data-element_type=\"widget\" data-widget_type=\"heading.default\">\n\t\t\t\t<div class=\"elementor-widget-container\">\n\t\t\t\t\t<h2 class=\"elementor-heading-title elementor-size-default\">M\u00c1S IGLESIAS DE LA RED<\/h2>\t\t\t\t<\/div>\n\t\t\t\t<\/div>\n\t\t<div class=\"elementor-element elementor-element-8460a06 e-con-full e-flex e-con e-child\" data-id=\"8460a06\" data-element_type=\"container\">\n\t\t\t\t<\/div>\n\t\t\t\t<\/div>\n\t\t\t\t<\/div>\n\t\t","protected":false},"excerpt":{"rendered":"<p>Carrer Sant Jaume, 10. Palma, 07012 HORARIO DE APERTURA Lunes a viernes 17-20h Martes a viernes 10-13h S\u00e1bados 11-13h \/ 17h-20 Domingos 11-13h \/ 19-20h +34 971 724 375 santjaumeparroquia@gmail.com IGLESIA PARROQUIAL DE SANT JAUME &#8211; PALMA Ejemplo de modelo g\u00f3tico de arquitectura religiosa La Parroquia de San Jaime de Palma se encuentra situada en [&hellip;]<\/p>\n","protected":false},"author":2,"featured_media":2328,"parent":0,"menu_order":0,"comment_status":"closed","ping_status":"closed","template":"elementor_header_footer","meta":{"footnotes":""},"categories":[35],"tags":[],"class_list":["post-2544","page","type-page","status-publish","has-post-thumbnail","hentry","category-red-iglesias"],"yoast_head":"<!-- This site is optimized with the Yoast SEO plugin v26.9 - https:\/\/yoast.com\/product\/yoast-seo-wordpress\/ -->\n<title>Iglesia Parroquial de Sant Jaume - Palma - Maiorica Sacra<\/title>\n<meta name=\"robots\" content=\"index, follow, max-snippet:-1, max-image-preview:large, max-video-preview:-1\" \/>\n<link rel=\"canonical\" href=\"https:\/\/maioricasacra.org\/es\/iglesia-parroquial-de-sant-jaume-palma\/\" \/>\n<meta property=\"og:locale\" content=\"es_ES\" \/>\n<meta property=\"og:type\" content=\"article\" \/>\n<meta property=\"og:title\" content=\"Iglesia Parroquial de Sant Jaume - Palma - Maiorica Sacra\" \/>\n<meta property=\"og:description\" content=\"Carrer Sant Jaume, 10. Palma, 07012 HORARIO DE APERTURA Lunes a viernes 17-20h Martes a viernes 10-13h S\u00e1bados 11-13h \/ 17h-20 Domingos 11-13h \/ 19-20h +34 971 724 375 santjaumeparroquia@gmail.com IGLESIA PARROQUIAL DE SANT JAUME &#8211; PALMA Ejemplo de modelo g\u00f3tico de arquitectura religiosa La Parroquia de San Jaime de Palma se encuentra situada en [&hellip;]\" \/>\n<meta property=\"og:url\" content=\"https:\/\/maioricasacra.org\/es\/iglesia-parroquial-de-sant-jaume-palma\/\" \/>\n<meta property=\"og:site_name\" content=\"Maiorica Sacra\" \/>\n<meta property=\"article:publisher\" content=\"https:\/\/www.facebook.com\/maioricasacra\" \/>\n<meta property=\"article:modified_time\" content=\"2025-08-28T08:35:51+00:00\" \/>\n<meta property=\"og:image\" content=\"https:\/\/maioricasacra.org\/wp-content\/uploads\/2023\/11\/esglesies-8-SantJaume_palma-maiorica-sacra.jpg\" \/>\n\t<meta property=\"og:image:width\" content=\"900\" \/>\n\t<meta property=\"og:image:height\" content=\"643\" \/>\n\t<meta property=\"og:image:type\" content=\"image\/jpeg\" \/>\n<meta name=\"twitter:card\" content=\"summary_large_image\" \/>\n<meta name=\"twitter:label1\" content=\"Tiempo de lectura\" \/>\n\t<meta name=\"twitter:data1\" content=\"2 minutos\" \/>\n<script type=\"application\/ld+json\" class=\"yoast-schema-graph\">{\"@context\":\"https:\/\/schema.org\",\"@graph\":[{\"@type\":\"WebPage\",\"@id\":\"https:\/\/maioricasacra.org\/es\/iglesia-parroquial-de-sant-jaume-palma\/\",\"url\":\"https:\/\/maioricasacra.org\/es\/iglesia-parroquial-de-sant-jaume-palma\/\",\"name\":\"Iglesia Parroquial de Sant Jaume - Palma - Maiorica Sacra\",\"isPartOf\":{\"@id\":\"https:\/\/maioricasacra.org\/es\/#website\"},\"primaryImageOfPage\":{\"@id\":\"https:\/\/maioricasacra.org\/es\/iglesia-parroquial-de-sant-jaume-palma\/#primaryimage\"},\"image\":{\"@id\":\"https:\/\/maioricasacra.org\/es\/iglesia-parroquial-de-sant-jaume-palma\/#primaryimage\"},\"thumbnailUrl\":\"https:\/\/maioricasacra.org\/wp-content\/uploads\/2023\/11\/esglesies-8-SantJaume_palma-maiorica-sacra.jpg\",\"datePublished\":\"2023-10-25T13:14:39+00:00\",\"dateModified\":\"2025-08-28T08:35:51+00:00\",\"breadcrumb\":{\"@id\":\"https:\/\/maioricasacra.org\/es\/iglesia-parroquial-de-sant-jaume-palma\/#breadcrumb\"},\"inLanguage\":\"es\",\"potentialAction\":[{\"@type\":\"ReadAction\",\"target\":[\"https:\/\/maioricasacra.org\/es\/iglesia-parroquial-de-sant-jaume-palma\/\"]}]},{\"@type\":\"ImageObject\",\"inLanguage\":\"es\",\"@id\":\"https:\/\/maioricasacra.org\/es\/iglesia-parroquial-de-sant-jaume-palma\/#primaryimage\",\"url\":\"https:\/\/maioricasacra.org\/wp-content\/uploads\/2023\/11\/esglesies-8-SantJaume_palma-maiorica-sacra.jpg\",\"contentUrl\":\"https:\/\/maioricasacra.org\/wp-content\/uploads\/2023\/11\/esglesies-8-SantJaume_palma-maiorica-sacra.jpg\",\"width\":900,\"height\":643},{\"@type\":\"BreadcrumbList\",\"@id\":\"https:\/\/maioricasacra.org\/es\/iglesia-parroquial-de-sant-jaume-palma\/#breadcrumb\",\"itemListElement\":[{\"@type\":\"ListItem\",\"position\":1,\"name\":\"Inici\",\"item\":\"https:\/\/maioricasacra.org\/es\/\"},{\"@type\":\"ListItem\",\"position\":2,\"name\":\"Iglesia Parroquial de Sant Jaume &#8211; Palma\"}]},{\"@type\":\"WebSite\",\"@id\":\"https:\/\/maioricasacra.org\/es\/#website\",\"url\":\"https:\/\/maioricasacra.org\/es\/\",\"name\":\"Maiorica Sacra\",\"description\":\"Patrimoni Religi\u00f3s a l&#039;abast de tots\",\"publisher\":{\"@id\":\"https:\/\/maioricasacra.org\/es\/#organization\"},\"alternateName\":\"MS\",\"potentialAction\":[{\"@type\":\"SearchAction\",\"target\":{\"@type\":\"EntryPoint\",\"urlTemplate\":\"https:\/\/maioricasacra.org\/es\/?s={search_term_string}\"},\"query-input\":{\"@type\":\"PropertyValueSpecification\",\"valueRequired\":true,\"valueName\":\"search_term_string\"}}],\"inLanguage\":\"es\"},{\"@type\":\"Organization\",\"@id\":\"https:\/\/maioricasacra.org\/es\/#organization\",\"name\":\"Maiorica Sacra\",\"url\":\"https:\/\/maioricasacra.org\/es\/\",\"logo\":{\"@type\":\"ImageObject\",\"inLanguage\":\"es\",\"@id\":\"https:\/\/maioricasacra.org\/es\/#\/schema\/logo\/image\/\",\"url\":\"https:\/\/maioricasacra.org\/wp-content\/uploads\/2023\/10\/maioricasacra-web-logo-quisom.png\",\"contentUrl\":\"https:\/\/maioricasacra.org\/wp-content\/uploads\/2023\/10\/maioricasacra-web-logo-quisom.png\",\"width\":600,\"height\":315,\"caption\":\"Maiorica Sacra\"},\"image\":{\"@id\":\"https:\/\/maioricasacra.org\/es\/#\/schema\/logo\/image\/\"},\"sameAs\":[\"https:\/\/www.facebook.com\/maioricasacra\",\"https:\/\/www.instagram.com\/maioricasacra\/\"]}]}<\/script>\n<!-- \/ Yoast SEO plugin. -->","yoast_head_json":{"title":"Iglesia Parroquial de Sant Jaume - Palma - Maiorica Sacra","robots":{"index":"index","follow":"follow","max-snippet":"max-snippet:-1","max-image-preview":"max-image-preview:large","max-video-preview":"max-video-preview:-1"},"canonical":"https:\/\/maioricasacra.org\/es\/iglesia-parroquial-de-sant-jaume-palma\/","og_locale":"es_ES","og_type":"article","og_title":"Iglesia Parroquial de Sant Jaume - Palma - Maiorica Sacra","og_description":"Carrer Sant Jaume, 10. Palma, 07012 HORARIO DE APERTURA Lunes a viernes 17-20h Martes a viernes 10-13h S\u00e1bados 11-13h \/ 17h-20 Domingos 11-13h \/ 19-20h +34 971 724 375 santjaumeparroquia@gmail.com IGLESIA PARROQUIAL DE SANT JAUME &#8211; PALMA Ejemplo de modelo g\u00f3tico de arquitectura religiosa La Parroquia de San Jaime de Palma se encuentra situada en [&hellip;]","og_url":"https:\/\/maioricasacra.org\/es\/iglesia-parroquial-de-sant-jaume-palma\/","og_site_name":"Maiorica Sacra","article_publisher":"https:\/\/www.facebook.com\/maioricasacra","article_modified_time":"2025-08-28T08:35:51+00:00","og_image":[{"width":900,"height":643,"url":"https:\/\/maioricasacra.org\/wp-content\/uploads\/2023\/11\/esglesies-8-SantJaume_palma-maiorica-sacra.jpg","type":"image\/jpeg"}],"twitter_card":"summary_large_image","twitter_misc":{"Tiempo de lectura":"2 minutos"},"schema":{"@context":"https:\/\/schema.org","@graph":[{"@type":"WebPage","@id":"https:\/\/maioricasacra.org\/es\/iglesia-parroquial-de-sant-jaume-palma\/","url":"https:\/\/maioricasacra.org\/es\/iglesia-parroquial-de-sant-jaume-palma\/","name":"Iglesia Parroquial de Sant Jaume - Palma - Maiorica Sacra","isPartOf":{"@id":"https:\/\/maioricasacra.org\/es\/#website"},"primaryImageOfPage":{"@id":"https:\/\/maioricasacra.org\/es\/iglesia-parroquial-de-sant-jaume-palma\/#primaryimage"},"image":{"@id":"https:\/\/maioricasacra.org\/es\/iglesia-parroquial-de-sant-jaume-palma\/#primaryimage"},"thumbnailUrl":"https:\/\/maioricasacra.org\/wp-content\/uploads\/2023\/11\/esglesies-8-SantJaume_palma-maiorica-sacra.jpg","datePublished":"2023-10-25T13:14:39+00:00","dateModified":"2025-08-28T08:35:51+00:00","breadcrumb":{"@id":"https:\/\/maioricasacra.org\/es\/iglesia-parroquial-de-sant-jaume-palma\/#breadcrumb"},"inLanguage":"es","potentialAction":[{"@type":"ReadAction","target":["https:\/\/maioricasacra.org\/es\/iglesia-parroquial-de-sant-jaume-palma\/"]}]},{"@type":"ImageObject","inLanguage":"es","@id":"https:\/\/maioricasacra.org\/es\/iglesia-parroquial-de-sant-jaume-palma\/#primaryimage","url":"https:\/\/maioricasacra.org\/wp-content\/uploads\/2023\/11\/esglesies-8-SantJaume_palma-maiorica-sacra.jpg","contentUrl":"https:\/\/maioricasacra.org\/wp-content\/uploads\/2023\/11\/esglesies-8-SantJaume_palma-maiorica-sacra.jpg","width":900,"height":643},{"@type":"BreadcrumbList","@id":"https:\/\/maioricasacra.org\/es\/iglesia-parroquial-de-sant-jaume-palma\/#breadcrumb","itemListElement":[{"@type":"ListItem","position":1,"name":"Inici","item":"https:\/\/maioricasacra.org\/es\/"},{"@type":"ListItem","position":2,"name":"Iglesia Parroquial de Sant Jaume &#8211; Palma"}]},{"@type":"WebSite","@id":"https:\/\/maioricasacra.org\/es\/#website","url":"https:\/\/maioricasacra.org\/es\/","name":"Maiorica Sacra","description":"Patrimoni Religi\u00f3s a l&#039;abast de tots","publisher":{"@id":"https:\/\/maioricasacra.org\/es\/#organization"},"alternateName":"MS","potentialAction":[{"@type":"SearchAction","target":{"@type":"EntryPoint","urlTemplate":"https:\/\/maioricasacra.org\/es\/?s={search_term_string}"},"query-input":{"@type":"PropertyValueSpecification","valueRequired":true,"valueName":"search_term_string"}}],"inLanguage":"es"},{"@type":"Organization","@id":"https:\/\/maioricasacra.org\/es\/#organization","name":"Maiorica Sacra","url":"https:\/\/maioricasacra.org\/es\/","logo":{"@type":"ImageObject","inLanguage":"es","@id":"https:\/\/maioricasacra.org\/es\/#\/schema\/logo\/image\/","url":"https:\/\/maioricasacra.org\/wp-content\/uploads\/2023\/10\/maioricasacra-web-logo-quisom.png","contentUrl":"https:\/\/maioricasacra.org\/wp-content\/uploads\/2023\/10\/maioricasacra-web-logo-quisom.png","width":600,"height":315,"caption":"Maiorica Sacra"},"image":{"@id":"https:\/\/maioricasacra.org\/es\/#\/schema\/logo\/image\/"},"sameAs":["https:\/\/www.facebook.com\/maioricasacra","https:\/\/www.instagram.com\/maioricasacra\/"]}]}},"_links":{"self":[{"href":"https:\/\/maioricasacra.org\/es\/wp-json\/wp\/v2\/pages\/2544","targetHints":{"allow":["GET"]}}],"collection":[{"href":"https:\/\/maioricasacra.org\/es\/wp-json\/wp\/v2\/pages"}],"about":[{"href":"https:\/\/maioricasacra.org\/es\/wp-json\/wp\/v2\/types\/page"}],"author":[{"embeddable":true,"href":"https:\/\/maioricasacra.org\/es\/wp-json\/wp\/v2\/users\/2"}],"replies":[{"embeddable":true,"href":"https:\/\/maioricasacra.org\/es\/wp-json\/wp\/v2\/comments?post=2544"}],"version-history":[{"count":10,"href":"https:\/\/maioricasacra.org\/es\/wp-json\/wp\/v2\/pages\/2544\/revisions"}],"predecessor-version":[{"id":7115,"href":"https:\/\/maioricasacra.org\/es\/wp-json\/wp\/v2\/pages\/2544\/revisions\/7115"}],"wp:featuredmedia":[{"embeddable":true,"href":"https:\/\/maioricasacra.org\/es\/wp-json\/wp\/v2\/media\/2328"}],"wp:attachment":[{"href":"https:\/\/maioricasacra.org\/es\/wp-json\/wp\/v2\/media?parent=2544"}],"wp:term":[{"taxonomy":"category","embeddable":true,"href":"https:\/\/maioricasacra.org\/es\/wp-json\/wp\/v2\/categories?post=2544"},{"taxonomy":"post_tag","embeddable":true,"href":"https:\/\/maioricasacra.org\/es\/wp-json\/wp\/v2\/tags?post=2544"}],"curies":[{"name":"wp","href":"https:\/\/api.w.org\/{rel}","templated":true}]}}