{"id":2546,"date":"2023-10-25T15:09:50","date_gmt":"2023-10-25T13:09:50","guid":{"rendered":"https:\/\/maioricasacra.org\/iglesia-parroquial-de-sant-julia-campos\/"},"modified":"2025-08-28T10:34:59","modified_gmt":"2025-08-28T08:34:59","slug":"iglesia-parroquial-de-sant-julia-campos","status":"publish","type":"page","link":"https:\/\/maioricasacra.org\/es\/iglesia-parroquial-de-sant-julia-campos\/","title":{"rendered":"Iglesia Parroquial de Sant Juli\u00e0 &#8211; Campos"},"content":{"rendered":"\t\t<div data-elementor-type=\"wp-page\" data-elementor-id=\"2546\" class=\"elementor elementor-2546 elementor-1088\" data-elementor-post-type=\"page\">\n\t\t\t\t<div class=\"elementor-element elementor-element-fe5f2e0 e-con-full e-flex e-con e-parent\" data-id=\"fe5f2e0\" data-element_type=\"container\" data-settings=\"{&quot;background_background&quot;:&quot;classic&quot;}\">\n\t\t<div class=\"elementor-element elementor-element-637e601 e-con-full e-flex e-con e-child\" data-id=\"637e601\" data-element_type=\"container\">\n\t\t<div class=\"elementor-element elementor-element-fdf6b01 e-con-full e-flex e-con e-child\" data-id=\"fdf6b01\" data-element_type=\"container\" data-settings=\"{&quot;background_background&quot;:&quot;gradient&quot;}\">\n\t\t\t\t<div class=\"elementor-element elementor-element-f4b7c6d elementor-widget elementor-widget-image\" data-id=\"f4b7c6d\" data-element_type=\"widget\" data-widget_type=\"image.default\">\n\t\t\t\t<div class=\"elementor-widget-container\">\n\t\t\t\t\t\t\t\t\t\t\t\t\t\t\t<img fetchpriority=\"high\" decoding=\"async\" width=\"800\" height=\"532\" src=\"https:\/\/maioricasacra.org\/wp-content\/uploads\/2023\/11\/esglesies-5-AC-campos-maiorica-sacra.jpg\" class=\"attachment-large size-large wp-image-2380\" alt=\"\" srcset=\"https:\/\/maioricasacra.org\/wp-content\/uploads\/2023\/11\/esglesies-5-AC-campos-maiorica-sacra.jpg 900w, https:\/\/maioricasacra.org\/wp-content\/uploads\/2023\/11\/esglesies-5-AC-campos-maiorica-sacra-300x200.jpg 300w, https:\/\/maioricasacra.org\/wp-content\/uploads\/2023\/11\/esglesies-5-AC-campos-maiorica-sacra-768x511.jpg 768w\" sizes=\"(max-width: 800px) 100vw, 800px\" \/>\t\t\t\t\t\t\t\t\t\t\t\t\t\t\t<\/div>\n\t\t\t\t<\/div>\n\t\t\t\t<div class=\"elementor-element elementor-element-c0a372a elementor-widget-mobile__width-initial elementor-widget__width-initial elementor-icon-list--layout-traditional elementor-list-item-link-full_width elementor-widget elementor-widget-icon-list\" data-id=\"c0a372a\" data-element_type=\"widget\" data-widget_type=\"icon-list.default\">\n\t\t\t\t<div class=\"elementor-widget-container\">\n\t\t\t\t\t\t\t<ul class=\"elementor-icon-list-items\">\n\t\t\t\t\t\t\t<li class=\"elementor-icon-list-item\">\n\t\t\t\t\t\t\t\t\t\t<span class=\"elementor-icon-list-text\"><\/span>\n\t\t\t\t\t\t\t\t\t<\/li>\n\t\t\t\t\t\t\t\t<li class=\"elementor-icon-list-item\">\n\t\t\t\t\t\t\t\t\t\t\t<span class=\"elementor-icon-list-icon\">\n\t\t\t\t\t\t\t<i aria-hidden=\"true\" class=\"fas fa-church\"><\/i>\t\t\t\t\t\t<\/span>\n\t\t\t\t\t\t\t\t\t\t<span class=\"elementor-icon-list-text\">Calle Bisbe Tallades, 17. Campos, 07630<\/span>\n\t\t\t\t\t\t\t\t\t<\/li>\n\t\t\t\t\t\t\t\t<li class=\"elementor-icon-list-item\">\n\t\t\t\t\t\t\t\t\t\t<span class=\"elementor-icon-list-text\"><\/span>\n\t\t\t\t\t\t\t\t\t<\/li>\n\t\t\t\t\t\t\t\t<li class=\"elementor-icon-list-item\">\n\t\t\t\t\t\t\t\t\t\t<span class=\"elementor-icon-list-text\">HORARIO DE APERTURA<\/span>\n\t\t\t\t\t\t\t\t\t<\/li>\n\t\t\t\t\t\t\t\t<li class=\"elementor-icon-list-item\">\n\t\t\t\t\t\t\t\t\t\t\t<span class=\"elementor-icon-list-icon\">\n\t\t\t\t\t\t\t<i aria-hidden=\"true\" class=\"far fa-clock\"><\/i>\t\t\t\t\t\t<\/span>\n\t\t\t\t\t\t\t\t\t\t<span class=\"elementor-icon-list-text\">S\u00e1bado: De 10 a 13 h<\/span>\n\t\t\t\t\t\t\t\t\t<\/li>\n\t\t\t\t\t\t\t\t<li class=\"elementor-icon-list-item\">\n\t\t\t\t\t\t\t\t\t\t<span class=\"elementor-icon-list-text\"><\/span>\n\t\t\t\t\t\t\t\t\t<\/li>\n\t\t\t\t\t\t\t\t<li class=\"elementor-icon-list-item\">\n\t\t\t\t\t\t\t\t\t\t\t<span class=\"elementor-icon-list-icon\">\n\t\t\t\t\t\t\t<i aria-hidden=\"true\" class=\"fas fa-phone-alt\"><\/i>\t\t\t\t\t\t<\/span>\n\t\t\t\t\t\t\t\t\t\t<span class=\"elementor-icon-list-text\">+34 971 650 003<\/span>\n\t\t\t\t\t\t\t\t\t<\/li>\n\t\t\t\t\t\t\t\t<li class=\"elementor-icon-list-item\">\n\t\t\t\t\t\t\t\t\t\t\t<span class=\"elementor-icon-list-icon\">\n\t\t\t\t\t\t\t<i aria-hidden=\"true\" class=\"far fa-envelope\"><\/i>\t\t\t\t\t\t<\/span>\n\t\t\t\t\t\t\t\t\t\t<span class=\"elementor-icon-list-text\">parroquiasantjulia@gmail.com<\/span>\n\t\t\t\t\t\t\t\t\t<\/li>\n\t\t\t\t\t\t<\/ul>\n\t\t\t\t\t\t<\/div>\n\t\t\t\t<\/div>\n\t\t\t\t<\/div>\n\t\t<div class=\"elementor-element elementor-element-c49000c e-con-full e-flex e-con e-child\" data-id=\"c49000c\" data-element_type=\"container\">\n\t\t\t\t<div class=\"elementor-element elementor-element-2e9dfe5 elementor-widget elementor-widget-heading\" data-id=\"2e9dfe5\" data-element_type=\"widget\" data-widget_type=\"heading.default\">\n\t\t\t\t<div class=\"elementor-widget-container\">\n\t\t\t\t\t<h2 class=\"elementor-heading-title elementor-size-default\">Iglesia Parroquial de Sant Juli\u00e0 - Campos<\/h2>\t\t\t\t<\/div>\n\t\t\t\t<\/div>\n\t\t\t\t<div class=\"elementor-element elementor-element-ab349a8 elementor-widget elementor-widget-heading\" data-id=\"ab349a8\" data-element_type=\"widget\" data-widget_type=\"heading.default\">\n\t\t\t\t<div class=\"elementor-widget-container\">\n\t\t\t\t\t<h2 class=\"elementor-heading-title elementor-size-default\">El historicismo cl\u00e1sico al servicio de la parroquia\n<\/h2>\t\t\t\t<\/div>\n\t\t\t\t<\/div>\n\t\t\t\t<div class=\"elementor-element elementor-element-97c4a02 elementor-widget-divider--view-line elementor-widget elementor-widget-divider\" data-id=\"97c4a02\" data-element_type=\"widget\" data-widget_type=\"divider.default\">\n\t\t\t\t<div class=\"elementor-widget-container\">\n\t\t\t\t\t\t\t<div class=\"elementor-divider\">\n\t\t\t<span class=\"elementor-divider-separator\">\n\t\t\t\t\t\t<\/span>\n\t\t<\/div>\n\t\t\t\t\t\t<\/div>\n\t\t\t\t<\/div>\n\t\t\t\t<div class=\"elementor-element elementor-element-a296193 elementor-widget__width-initial elementor-widget elementor-widget-text-editor\" data-id=\"a296193\" data-element_type=\"widget\" data-widget_type=\"text-editor.default\">\n\t\t\t\t<div class=\"elementor-widget-container\">\n\t\t\t\t\t\t\t\t\t<p>En el centro del municipio, se emplaza la parroquia de Sant Juli\u00e0. Un edificio imponente que fue construido en la segunda mitad del siglo XIX, bajo la direcci\u00f3n del rector Nadal Cabrer. La inspiraci\u00f3n neorrenacentista de car\u00e1cter popular est\u00e1 muy clara en la fachada principal, caracter\u00edstica que la diferencia del modelo arquitect\u00f3nico de las parroquias de Mallorca. El templo que se conserva actualmente fue construido sobre la antigua iglesia de Campos, fechada en el siglo XVI. De la edificaci\u00f3n de 1500, se conserva la capilla de Santa Luc\u00eda y los Santos M\u00e9dicos, y los primeros tramos del campanario. El campanario tuvo que reformarse en varias ocasiones, a lo largo de los siglos XVII y XVIII, debido a los derrumbes parciales que sufri\u00f3.     <\/p><p>Al entrar, sorprende la luminosidad y claridad que se adentra por la galer\u00eda de vidrieras que sustentan una gran b\u00f3veda con casetones estrellados. Esta luminosidad se acent\u00faa por los muros blancos con detalles dorados. <\/p><p>La iglesia custodia bienes desde la \u00e9poca medieval hasta la actualidad. Retablos, esculturas, pinturas, prendas de orfebrer\u00eda y textil pueden ser contemplados en el interior del edificio y de su museo parroquial. <\/p>\t\t\t\t\t\t\t\t<\/div>\n\t\t\t\t<\/div>\n\t\t\t\t<\/div>\n\t\t\t\t<\/div>\n\t\t\t\t<\/div>\n\t\t<div class=\"elementor-element elementor-element-de53dc6 e-con-full e-flex e-con e-parent\" data-id=\"de53dc6\" data-element_type=\"container\" data-settings=\"{&quot;background_background&quot;:&quot;classic&quot;}\">\n\t\t\t\t<div class=\"elementor-element elementor-element-48d379a elementor-widget__width-initial elementor-widget elementor-widget-gallery\" data-id=\"48d379a\" data-element_type=\"widget\" data-settings=\"{&quot;gallery_layout&quot;:&quot;justified&quot;,&quot;gap&quot;:{&quot;unit&quot;:&quot;px&quot;,&quot;size&quot;:3,&quot;sizes&quot;:[]},&quot;ideal_row_height&quot;:{&quot;unit&quot;:&quot;px&quot;,&quot;size&quot;:300,&quot;sizes&quot;:[]},&quot;gap_tablet&quot;:{&quot;unit&quot;:&quot;px&quot;,&quot;size&quot;:3,&quot;sizes&quot;:[]},&quot;gap_mobile&quot;:{&quot;unit&quot;:&quot;px&quot;,&quot;size&quot;:3,&quot;sizes&quot;:[]},&quot;lazyload&quot;:&quot;yes&quot;,&quot;ideal_row_height_tablet&quot;:{&quot;unit&quot;:&quot;px&quot;,&quot;size&quot;:150,&quot;sizes&quot;:[]},&quot;ideal_row_height_mobile&quot;:{&quot;unit&quot;:&quot;px&quot;,&quot;size&quot;:150,&quot;sizes&quot;:[]},&quot;link_to&quot;:&quot;file&quot;,&quot;overlay_background&quot;:&quot;yes&quot;,&quot;content_hover_animation&quot;:&quot;fade-in&quot;}\" data-widget_type=\"gallery.default\">\n\t\t\t\t<div class=\"elementor-widget-container\">\n\t\t\t\t\t\t\t<div class=\"elementor-gallery__container\">\n\t\t\t\t\t\t\t<a class=\"e-gallery-item elementor-gallery-item elementor-animated-content\" href=\"https:\/\/maioricasacra.org\/wp-content\/uploads\/2023\/11\/esglesies-1-AC-campos-maiorica-sacra.jpg\" data-elementor-open-lightbox=\"yes\" data-elementor-lightbox-slideshow=\"48d379a\" data-elementor-lightbox-title=\"esglesies-1-AC-campos-maiorica-sacra\" data-e-action-hash=\"#elementor-action%3Aaction%3Dlightbox%26settings%3DeyJpZCI6MjM3NiwidXJsIjoiaHR0cHM6XC9cL21haW9yaWNhc2FjcmEub3JnXC93cC1jb250ZW50XC91cGxvYWRzXC8yMDIzXC8xMVwvZXNnbGVzaWVzLTEtQUMtY2FtcG9zLW1haW9yaWNhLXNhY3JhLmpwZyIsInNsaWRlc2hvdyI6IjQ4ZDM3OWEifQ%3D%3D\">\n\t\t\t\t\t<div class=\"e-gallery-image elementor-gallery-item__image\" data-thumbnail=\"https:\/\/maioricasacra.org\/wp-content\/uploads\/2023\/11\/esglesies-1-AC-campos-maiorica-sacra-768x1075.jpg\" data-width=\"768\" data-height=\"1075\" aria-label=\"\" role=\"img\" ><\/div>\n\t\t\t\t\t\t\t\t\t\t\t<div class=\"elementor-gallery-item__overlay\"><\/div>\n\t\t\t\t\t\t\t\t\t\t\t\t\t\t<\/a>\n\t\t\t\t\t\t\t<a class=\"e-gallery-item elementor-gallery-item elementor-animated-content\" href=\"https:\/\/maioricasacra.org\/wp-content\/uploads\/2023\/11\/esglesies-2-AC-campos-maiorica-sacra.jpg\" data-elementor-open-lightbox=\"yes\" data-elementor-lightbox-slideshow=\"48d379a\" data-elementor-lightbox-title=\"esglesies-2-AC-campos-maiorica-sacra\" data-e-action-hash=\"#elementor-action%3Aaction%3Dlightbox%26settings%3DeyJpZCI6MjM3NywidXJsIjoiaHR0cHM6XC9cL21haW9yaWNhc2FjcmEub3JnXC93cC1jb250ZW50XC91cGxvYWRzXC8yMDIzXC8xMVwvZXNnbGVzaWVzLTItQUMtY2FtcG9zLW1haW9yaWNhLXNhY3JhLmpwZyIsInNsaWRlc2hvdyI6IjQ4ZDM3OWEifQ%3D%3D\">\n\t\t\t\t\t<div class=\"e-gallery-image elementor-gallery-item__image\" data-thumbnail=\"https:\/\/maioricasacra.org\/wp-content\/uploads\/2023\/11\/esglesies-2-AC-campos-maiorica-sacra-768x1076.jpg\" data-width=\"768\" data-height=\"1076\" aria-label=\"\" role=\"img\" ><\/div>\n\t\t\t\t\t\t\t\t\t\t\t<div class=\"elementor-gallery-item__overlay\"><\/div>\n\t\t\t\t\t\t\t\t\t\t\t\t\t\t<\/a>\n\t\t\t\t\t\t\t<a class=\"e-gallery-item elementor-gallery-item elementor-animated-content\" href=\"https:\/\/maioricasacra.org\/wp-content\/uploads\/2023\/11\/esglesies-4-AC-campos-maiorica-sacra.jpg\" data-elementor-open-lightbox=\"yes\" data-elementor-lightbox-slideshow=\"48d379a\" data-elementor-lightbox-title=\"esglesies-4-AC-campos-maiorica-sacra\" data-e-action-hash=\"#elementor-action%3Aaction%3Dlightbox%26settings%3DeyJpZCI6MjM3OSwidXJsIjoiaHR0cHM6XC9cL21haW9yaWNhc2FjcmEub3JnXC93cC1jb250ZW50XC91cGxvYWRzXC8yMDIzXC8xMVwvZXNnbGVzaWVzLTQtQUMtY2FtcG9zLW1haW9yaWNhLXNhY3JhLmpwZyIsInNsaWRlc2hvdyI6IjQ4ZDM3OWEifQ%3D%3D\">\n\t\t\t\t\t<div class=\"e-gallery-image elementor-gallery-item__image\" data-thumbnail=\"https:\/\/maioricasacra.org\/wp-content\/uploads\/2023\/11\/esglesies-4-AC-campos-maiorica-sacra-768x1075.jpg\" data-width=\"768\" data-height=\"1075\" aria-label=\"\" role=\"img\" ><\/div>\n\t\t\t\t\t\t\t\t\t\t\t<div class=\"elementor-gallery-item__overlay\"><\/div>\n\t\t\t\t\t\t\t\t\t\t\t\t\t\t<\/a>\n\t\t\t\t\t\t\t<a class=\"e-gallery-item elementor-gallery-item elementor-animated-content\" href=\"https:\/\/maioricasacra.org\/wp-content\/uploads\/2023\/11\/esglesies-7-AC-campos-maiorica-sacra.jpg\" data-elementor-open-lightbox=\"yes\" data-elementor-lightbox-slideshow=\"48d379a\" data-elementor-lightbox-title=\"esglesies-7-AC-campos-maiorica-sacra\" data-e-action-hash=\"#elementor-action%3Aaction%3Dlightbox%26settings%3DeyJpZCI6MjM4MiwidXJsIjoiaHR0cHM6XC9cL21haW9yaWNhc2FjcmEub3JnXC93cC1jb250ZW50XC91cGxvYWRzXC8yMDIzXC8xMVwvZXNnbGVzaWVzLTctQUMtY2FtcG9zLW1haW9yaWNhLXNhY3JhLmpwZyIsInNsaWRlc2hvdyI6IjQ4ZDM3OWEifQ%3D%3D\">\n\t\t\t\t\t<div class=\"e-gallery-image elementor-gallery-item__image\" data-thumbnail=\"https:\/\/maioricasacra.org\/wp-content\/uploads\/2023\/11\/esglesies-7-AC-campos-maiorica-sacra-768x1024.jpg\" data-width=\"768\" data-height=\"1024\" aria-label=\"\" role=\"img\" ><\/div>\n\t\t\t\t\t\t\t\t\t\t\t<div class=\"elementor-gallery-item__overlay\"><\/div>\n\t\t\t\t\t\t\t\t\t\t\t\t\t\t<\/a>\n\t\t\t\t\t\t\t<a class=\"e-gallery-item elementor-gallery-item elementor-animated-content\" href=\"https:\/\/maioricasacra.org\/wp-content\/uploads\/2023\/11\/esglesies-3-AC-campos-maiorica-sacra.jpg\" data-elementor-open-lightbox=\"yes\" data-elementor-lightbox-slideshow=\"48d379a\" data-elementor-lightbox-title=\"esglesies-3-AC-campos-maiorica-sacra\" data-e-action-hash=\"#elementor-action%3Aaction%3Dlightbox%26settings%3DeyJpZCI6MjM3OCwidXJsIjoiaHR0cHM6XC9cL21haW9yaWNhc2FjcmEub3JnXC93cC1jb250ZW50XC91cGxvYWRzXC8yMDIzXC8xMVwvZXNnbGVzaWVzLTMtQUMtY2FtcG9zLW1haW9yaWNhLXNhY3JhLmpwZyIsInNsaWRlc2hvdyI6IjQ4ZDM3OWEifQ%3D%3D\">\n\t\t\t\t\t<div class=\"e-gallery-image elementor-gallery-item__image\" data-thumbnail=\"https:\/\/maioricasacra.org\/wp-content\/uploads\/2023\/11\/esglesies-3-AC-campos-maiorica-sacra-768x549.jpg\" data-width=\"768\" data-height=\"549\" aria-label=\"\" role=\"img\" ><\/div>\n\t\t\t\t\t\t\t\t\t\t\t<div class=\"elementor-gallery-item__overlay\"><\/div>\n\t\t\t\t\t\t\t\t\t\t\t\t\t\t<\/a>\n\t\t\t\t\t\t\t<a class=\"e-gallery-item elementor-gallery-item elementor-animated-content\" href=\"https:\/\/maioricasacra.org\/wp-content\/uploads\/2023\/11\/esglesies-5-AC-campos-maiorica-sacra.jpg\" data-elementor-open-lightbox=\"yes\" data-elementor-lightbox-slideshow=\"48d379a\" data-elementor-lightbox-title=\"esglesies-5-AC-campos-maiorica-sacra\" data-e-action-hash=\"#elementor-action%3Aaction%3Dlightbox%26settings%3DeyJpZCI6MjM4MCwidXJsIjoiaHR0cHM6XC9cL21haW9yaWNhc2FjcmEub3JnXC93cC1jb250ZW50XC91cGxvYWRzXC8yMDIzXC8xMVwvZXNnbGVzaWVzLTUtQUMtY2FtcG9zLW1haW9yaWNhLXNhY3JhLmpwZyIsInNsaWRlc2hvdyI6IjQ4ZDM3OWEifQ%3D%3D\">\n\t\t\t\t\t<div class=\"e-gallery-image elementor-gallery-item__image\" data-thumbnail=\"https:\/\/maioricasacra.org\/wp-content\/uploads\/2023\/11\/esglesies-5-AC-campos-maiorica-sacra-768x511.jpg\" data-width=\"768\" data-height=\"511\" aria-label=\"\" role=\"img\" ><\/div>\n\t\t\t\t\t\t\t\t\t\t\t<div class=\"elementor-gallery-item__overlay\"><\/div>\n\t\t\t\t\t\t\t\t\t\t\t\t\t\t<\/a>\n\t\t\t\t\t\t\t<a class=\"e-gallery-item elementor-gallery-item elementor-animated-content\" href=\"https:\/\/maioricasacra.org\/wp-content\/uploads\/2023\/11\/esglesies-6-AC-campos-maiorica-sacra.jpg\" data-elementor-open-lightbox=\"yes\" data-elementor-lightbox-slideshow=\"48d379a\" data-elementor-lightbox-title=\"esglesies-6-AC-campos-maiorica-sacra\" data-e-action-hash=\"#elementor-action%3Aaction%3Dlightbox%26settings%3DeyJpZCI6MjM4MSwidXJsIjoiaHR0cHM6XC9cL21haW9yaWNhc2FjcmEub3JnXC93cC1jb250ZW50XC91cGxvYWRzXC8yMDIzXC8xMVwvZXNnbGVzaWVzLTYtQUMtY2FtcG9zLW1haW9yaWNhLXNhY3JhLmpwZyIsInNsaWRlc2hvdyI6IjQ4ZDM3OWEifQ%3D%3D\">\n\t\t\t\t\t<div class=\"e-gallery-image elementor-gallery-item__image\" data-thumbnail=\"https:\/\/maioricasacra.org\/wp-content\/uploads\/2023\/11\/esglesies-6-AC-campos-maiorica-sacra-768x996.jpg\" data-width=\"768\" data-height=\"996\" aria-label=\"\" role=\"img\" ><\/div>\n\t\t\t\t\t\t\t\t\t\t\t<div class=\"elementor-gallery-item__overlay\"><\/div>\n\t\t\t\t\t\t\t\t\t\t\t\t\t\t<\/a>\n\t\t\t\t\t<\/div>\n\t\t\t\t\t<\/div>\n\t\t\t\t<\/div>\n\t\t\t\t<\/div>\n\t\t<div class=\"elementor-element elementor-element-b5838eb e-con-full e-flex e-con e-parent\" data-id=\"b5838eb\" data-element_type=\"container\">\n\t\t\t\t<div class=\"elementor-element elementor-element-c3c34ac elementor-widget elementor-widget-heading\" data-id=\"c3c34ac\" data-element_type=\"widget\" data-widget_type=\"heading.default\">\n\t\t\t\t<div class=\"elementor-widget-container\">\n\t\t\t\t\t<h2 class=\"elementor-heading-title elementor-size-default\">M\u00c1S IGLESIAS DE LA RED<\/h2>\t\t\t\t<\/div>\n\t\t\t\t<\/div>\n\t\t<div class=\"elementor-element elementor-element-bd09ef9 e-con-full e-flex e-con e-child\" data-id=\"bd09ef9\" data-element_type=\"container\">\n\t\t\t\t<\/div>\n\t\t\t\t<\/div>\n\t\t\t\t<\/div>\n\t\t","protected":false},"excerpt":{"rendered":"<p>Calle Bisbe Tallades, 17. Campos, 07630 HORARIO DE APERTURA S\u00e1bado: De 10 a 13 h +34 971 650 003 parroquiasantjulia@gmail.com Iglesia Parroquial de Sant Juli\u00e0 &#8211; Campos El historicismo cl\u00e1sico al servicio de la parroquia En el centro del municipio, se emplaza la parroquia de Sant Juli\u00e0. Un edificio imponente que fue construido en la [&hellip;]<\/p>\n","protected":false},"author":2,"featured_media":2380,"parent":0,"menu_order":0,"comment_status":"closed","ping_status":"closed","template":"elementor_header_footer","meta":{"footnotes":""},"categories":[35],"tags":[],"class_list":["post-2546","page","type-page","status-publish","has-post-thumbnail","hentry","category-red-iglesias"],"yoast_head":"<!-- This site is optimized with the Yoast SEO plugin v26.9 - https:\/\/yoast.com\/product\/yoast-seo-wordpress\/ -->\n<title>Iglesia Parroquial de Sant Juli\u00e0 - Campos - Maiorica Sacra<\/title>\n<meta name=\"robots\" content=\"index, follow, max-snippet:-1, max-image-preview:large, max-video-preview:-1\" \/>\n<link rel=\"canonical\" href=\"https:\/\/maioricasacra.org\/es\/iglesia-parroquial-de-sant-julia-campos\/\" \/>\n<meta property=\"og:locale\" content=\"es_ES\" \/>\n<meta property=\"og:type\" content=\"article\" \/>\n<meta property=\"og:title\" content=\"Iglesia Parroquial de Sant Juli\u00e0 - Campos - Maiorica Sacra\" \/>\n<meta property=\"og:description\" content=\"Calle Bisbe Tallades, 17. Campos, 07630 HORARIO DE APERTURA S\u00e1bado: De 10 a 13 h +34 971 650 003 parroquiasantjulia@gmail.com Iglesia Parroquial de Sant Juli\u00e0 &#8211; Campos El historicismo cl\u00e1sico al servicio de la parroquia En el centro del municipio, se emplaza la parroquia de Sant Juli\u00e0. Un edificio imponente que fue construido en la [&hellip;]\" \/>\n<meta property=\"og:url\" content=\"https:\/\/maioricasacra.org\/es\/iglesia-parroquial-de-sant-julia-campos\/\" \/>\n<meta property=\"og:site_name\" content=\"Maiorica Sacra\" \/>\n<meta property=\"article:publisher\" content=\"https:\/\/www.facebook.com\/maioricasacra\" \/>\n<meta property=\"article:modified_time\" content=\"2025-08-28T08:34:59+00:00\" \/>\n<meta property=\"og:image\" content=\"https:\/\/maioricasacra.org\/wp-content\/uploads\/2023\/11\/esglesies-5-AC-campos-maiorica-sacra.jpg\" \/>\n\t<meta property=\"og:image:width\" content=\"900\" \/>\n\t<meta property=\"og:image:height\" content=\"599\" \/>\n\t<meta property=\"og:image:type\" content=\"image\/jpeg\" \/>\n<meta name=\"twitter:card\" content=\"summary_large_image\" \/>\n<meta name=\"twitter:label1\" content=\"Tiempo de lectura\" \/>\n\t<meta name=\"twitter:data1\" content=\"1 minuto\" \/>\n<script type=\"application\/ld+json\" class=\"yoast-schema-graph\">{\"@context\":\"https:\/\/schema.org\",\"@graph\":[{\"@type\":\"WebPage\",\"@id\":\"https:\/\/maioricasacra.org\/es\/iglesia-parroquial-de-sant-julia-campos\/\",\"url\":\"https:\/\/maioricasacra.org\/es\/iglesia-parroquial-de-sant-julia-campos\/\",\"name\":\"Iglesia Parroquial de Sant Juli\u00e0 - Campos - Maiorica Sacra\",\"isPartOf\":{\"@id\":\"https:\/\/maioricasacra.org\/es\/#website\"},\"primaryImageOfPage\":{\"@id\":\"https:\/\/maioricasacra.org\/es\/iglesia-parroquial-de-sant-julia-campos\/#primaryimage\"},\"image\":{\"@id\":\"https:\/\/maioricasacra.org\/es\/iglesia-parroquial-de-sant-julia-campos\/#primaryimage\"},\"thumbnailUrl\":\"https:\/\/maioricasacra.org\/wp-content\/uploads\/2023\/11\/esglesies-5-AC-campos-maiorica-sacra.jpg\",\"datePublished\":\"2023-10-25T13:09:50+00:00\",\"dateModified\":\"2025-08-28T08:34:59+00:00\",\"breadcrumb\":{\"@id\":\"https:\/\/maioricasacra.org\/es\/iglesia-parroquial-de-sant-julia-campos\/#breadcrumb\"},\"inLanguage\":\"es\",\"potentialAction\":[{\"@type\":\"ReadAction\",\"target\":[\"https:\/\/maioricasacra.org\/es\/iglesia-parroquial-de-sant-julia-campos\/\"]}]},{\"@type\":\"ImageObject\",\"inLanguage\":\"es\",\"@id\":\"https:\/\/maioricasacra.org\/es\/iglesia-parroquial-de-sant-julia-campos\/#primaryimage\",\"url\":\"https:\/\/maioricasacra.org\/wp-content\/uploads\/2023\/11\/esglesies-5-AC-campos-maiorica-sacra.jpg\",\"contentUrl\":\"https:\/\/maioricasacra.org\/wp-content\/uploads\/2023\/11\/esglesies-5-AC-campos-maiorica-sacra.jpg\",\"width\":900,\"height\":599},{\"@type\":\"BreadcrumbList\",\"@id\":\"https:\/\/maioricasacra.org\/es\/iglesia-parroquial-de-sant-julia-campos\/#breadcrumb\",\"itemListElement\":[{\"@type\":\"ListItem\",\"position\":1,\"name\":\"Inici\",\"item\":\"https:\/\/maioricasacra.org\/es\/\"},{\"@type\":\"ListItem\",\"position\":2,\"name\":\"Iglesia Parroquial de Sant Juli\u00e0 &#8211; Campos\"}]},{\"@type\":\"WebSite\",\"@id\":\"https:\/\/maioricasacra.org\/es\/#website\",\"url\":\"https:\/\/maioricasacra.org\/es\/\",\"name\":\"Maiorica Sacra\",\"description\":\"Patrimoni Religi\u00f3s a l&#039;abast de tots\",\"publisher\":{\"@id\":\"https:\/\/maioricasacra.org\/es\/#organization\"},\"alternateName\":\"MS\",\"potentialAction\":[{\"@type\":\"SearchAction\",\"target\":{\"@type\":\"EntryPoint\",\"urlTemplate\":\"https:\/\/maioricasacra.org\/es\/?s={search_term_string}\"},\"query-input\":{\"@type\":\"PropertyValueSpecification\",\"valueRequired\":true,\"valueName\":\"search_term_string\"}}],\"inLanguage\":\"es\"},{\"@type\":\"Organization\",\"@id\":\"https:\/\/maioricasacra.org\/es\/#organization\",\"name\":\"Maiorica Sacra\",\"url\":\"https:\/\/maioricasacra.org\/es\/\",\"logo\":{\"@type\":\"ImageObject\",\"inLanguage\":\"es\",\"@id\":\"https:\/\/maioricasacra.org\/es\/#\/schema\/logo\/image\/\",\"url\":\"https:\/\/maioricasacra.org\/wp-content\/uploads\/2023\/10\/maioricasacra-web-logo-quisom.png\",\"contentUrl\":\"https:\/\/maioricasacra.org\/wp-content\/uploads\/2023\/10\/maioricasacra-web-logo-quisom.png\",\"width\":600,\"height\":315,\"caption\":\"Maiorica Sacra\"},\"image\":{\"@id\":\"https:\/\/maioricasacra.org\/es\/#\/schema\/logo\/image\/\"},\"sameAs\":[\"https:\/\/www.facebook.com\/maioricasacra\",\"https:\/\/www.instagram.com\/maioricasacra\/\"]}]}<\/script>\n<!-- \/ Yoast SEO plugin. -->","yoast_head_json":{"title":"Iglesia Parroquial de Sant Juli\u00e0 - Campos - Maiorica Sacra","robots":{"index":"index","follow":"follow","max-snippet":"max-snippet:-1","max-image-preview":"max-image-preview:large","max-video-preview":"max-video-preview:-1"},"canonical":"https:\/\/maioricasacra.org\/es\/iglesia-parroquial-de-sant-julia-campos\/","og_locale":"es_ES","og_type":"article","og_title":"Iglesia Parroquial de Sant Juli\u00e0 - Campos - Maiorica Sacra","og_description":"Calle Bisbe Tallades, 17. Campos, 07630 HORARIO DE APERTURA S\u00e1bado: De 10 a 13 h +34 971 650 003 parroquiasantjulia@gmail.com Iglesia Parroquial de Sant Juli\u00e0 &#8211; Campos El historicismo cl\u00e1sico al servicio de la parroquia En el centro del municipio, se emplaza la parroquia de Sant Juli\u00e0. Un edificio imponente que fue construido en la [&hellip;]","og_url":"https:\/\/maioricasacra.org\/es\/iglesia-parroquial-de-sant-julia-campos\/","og_site_name":"Maiorica Sacra","article_publisher":"https:\/\/www.facebook.com\/maioricasacra","article_modified_time":"2025-08-28T08:34:59+00:00","og_image":[{"width":900,"height":599,"url":"https:\/\/maioricasacra.org\/wp-content\/uploads\/2023\/11\/esglesies-5-AC-campos-maiorica-sacra.jpg","type":"image\/jpeg"}],"twitter_card":"summary_large_image","twitter_misc":{"Tiempo de lectura":"1 minuto"},"schema":{"@context":"https:\/\/schema.org","@graph":[{"@type":"WebPage","@id":"https:\/\/maioricasacra.org\/es\/iglesia-parroquial-de-sant-julia-campos\/","url":"https:\/\/maioricasacra.org\/es\/iglesia-parroquial-de-sant-julia-campos\/","name":"Iglesia Parroquial de Sant Juli\u00e0 - Campos - Maiorica Sacra","isPartOf":{"@id":"https:\/\/maioricasacra.org\/es\/#website"},"primaryImageOfPage":{"@id":"https:\/\/maioricasacra.org\/es\/iglesia-parroquial-de-sant-julia-campos\/#primaryimage"},"image":{"@id":"https:\/\/maioricasacra.org\/es\/iglesia-parroquial-de-sant-julia-campos\/#primaryimage"},"thumbnailUrl":"https:\/\/maioricasacra.org\/wp-content\/uploads\/2023\/11\/esglesies-5-AC-campos-maiorica-sacra.jpg","datePublished":"2023-10-25T13:09:50+00:00","dateModified":"2025-08-28T08:34:59+00:00","breadcrumb":{"@id":"https:\/\/maioricasacra.org\/es\/iglesia-parroquial-de-sant-julia-campos\/#breadcrumb"},"inLanguage":"es","potentialAction":[{"@type":"ReadAction","target":["https:\/\/maioricasacra.org\/es\/iglesia-parroquial-de-sant-julia-campos\/"]}]},{"@type":"ImageObject","inLanguage":"es","@id":"https:\/\/maioricasacra.org\/es\/iglesia-parroquial-de-sant-julia-campos\/#primaryimage","url":"https:\/\/maioricasacra.org\/wp-content\/uploads\/2023\/11\/esglesies-5-AC-campos-maiorica-sacra.jpg","contentUrl":"https:\/\/maioricasacra.org\/wp-content\/uploads\/2023\/11\/esglesies-5-AC-campos-maiorica-sacra.jpg","width":900,"height":599},{"@type":"BreadcrumbList","@id":"https:\/\/maioricasacra.org\/es\/iglesia-parroquial-de-sant-julia-campos\/#breadcrumb","itemListElement":[{"@type":"ListItem","position":1,"name":"Inici","item":"https:\/\/maioricasacra.org\/es\/"},{"@type":"ListItem","position":2,"name":"Iglesia Parroquial de Sant Juli\u00e0 &#8211; Campos"}]},{"@type":"WebSite","@id":"https:\/\/maioricasacra.org\/es\/#website","url":"https:\/\/maioricasacra.org\/es\/","name":"Maiorica Sacra","description":"Patrimoni Religi\u00f3s a l&#039;abast de tots","publisher":{"@id":"https:\/\/maioricasacra.org\/es\/#organization"},"alternateName":"MS","potentialAction":[{"@type":"SearchAction","target":{"@type":"EntryPoint","urlTemplate":"https:\/\/maioricasacra.org\/es\/?s={search_term_string}"},"query-input":{"@type":"PropertyValueSpecification","valueRequired":true,"valueName":"search_term_string"}}],"inLanguage":"es"},{"@type":"Organization","@id":"https:\/\/maioricasacra.org\/es\/#organization","name":"Maiorica Sacra","url":"https:\/\/maioricasacra.org\/es\/","logo":{"@type":"ImageObject","inLanguage":"es","@id":"https:\/\/maioricasacra.org\/es\/#\/schema\/logo\/image\/","url":"https:\/\/maioricasacra.org\/wp-content\/uploads\/2023\/10\/maioricasacra-web-logo-quisom.png","contentUrl":"https:\/\/maioricasacra.org\/wp-content\/uploads\/2023\/10\/maioricasacra-web-logo-quisom.png","width":600,"height":315,"caption":"Maiorica Sacra"},"image":{"@id":"https:\/\/maioricasacra.org\/es\/#\/schema\/logo\/image\/"},"sameAs":["https:\/\/www.facebook.com\/maioricasacra","https:\/\/www.instagram.com\/maioricasacra\/"]}]}},"_links":{"self":[{"href":"https:\/\/maioricasacra.org\/es\/wp-json\/wp\/v2\/pages\/2546","targetHints":{"allow":["GET"]}}],"collection":[{"href":"https:\/\/maioricasacra.org\/es\/wp-json\/wp\/v2\/pages"}],"about":[{"href":"https:\/\/maioricasacra.org\/es\/wp-json\/wp\/v2\/types\/page"}],"author":[{"embeddable":true,"href":"https:\/\/maioricasacra.org\/es\/wp-json\/wp\/v2\/users\/2"}],"replies":[{"embeddable":true,"href":"https:\/\/maioricasacra.org\/es\/wp-json\/wp\/v2\/comments?post=2546"}],"version-history":[{"count":10,"href":"https:\/\/maioricasacra.org\/es\/wp-json\/wp\/v2\/pages\/2546\/revisions"}],"predecessor-version":[{"id":7113,"href":"https:\/\/maioricasacra.org\/es\/wp-json\/wp\/v2\/pages\/2546\/revisions\/7113"}],"wp:featuredmedia":[{"embeddable":true,"href":"https:\/\/maioricasacra.org\/es\/wp-json\/wp\/v2\/media\/2380"}],"wp:attachment":[{"href":"https:\/\/maioricasacra.org\/es\/wp-json\/wp\/v2\/media?parent=2546"}],"wp:term":[{"taxonomy":"category","embeddable":true,"href":"https:\/\/maioricasacra.org\/es\/wp-json\/wp\/v2\/categories?post=2546"},{"taxonomy":"post_tag","embeddable":true,"href":"https:\/\/maioricasacra.org\/es\/wp-json\/wp\/v2\/tags?post=2546"}],"curies":[{"name":"wp","href":"https:\/\/api.w.org\/{rel}","templated":true}]}}