{"id":2554,"date":"2023-10-25T15:12:10","date_gmt":"2023-10-25T13:12:10","guid":{"rendered":"https:\/\/maioricasacra.org\/iglesia-parroquial-i-basilica-de-sant-miquel-palma\/"},"modified":"2025-08-28T10:35:27","modified_gmt":"2025-08-28T08:35:27","slug":"iglesia-parroquial-i-basilica-de-sant-miquel-palma","status":"publish","type":"page","link":"https:\/\/maioricasacra.org\/es\/iglesia-parroquial-i-basilica-de-sant-miquel-palma\/","title":{"rendered":"Iglesia Parroquial i Bas\u00edlica de Sant Miquel &#8211; Palma"},"content":{"rendered":"\t\t<div data-elementor-type=\"wp-page\" data-elementor-id=\"2554\" class=\"elementor elementor-2554 elementor-1096\" data-elementor-post-type=\"page\">\n\t\t\t\t<div class=\"elementor-element elementor-element-fe5f2e0 e-con-full e-flex e-con e-parent\" data-id=\"fe5f2e0\" data-element_type=\"container\" data-settings=\"{&quot;background_background&quot;:&quot;classic&quot;}\">\n\t\t<div class=\"elementor-element elementor-element-637e601 e-con-full e-flex e-con e-child\" data-id=\"637e601\" data-element_type=\"container\">\n\t\t<div class=\"elementor-element elementor-element-fdf6b01 e-con-full e-flex e-con e-child\" data-id=\"fdf6b01\" data-element_type=\"container\" data-settings=\"{&quot;background_background&quot;:&quot;gradient&quot;}\">\n\t\t\t\t<div class=\"elementor-element elementor-element-f4b7c6d elementor-widget elementor-widget-image\" data-id=\"f4b7c6d\" data-element_type=\"widget\" data-widget_type=\"image.default\">\n\t\t\t\t<div class=\"elementor-widget-container\">\n\t\t\t\t\t\t\t\t\t\t\t\t\t\t\t<img fetchpriority=\"high\" decoding=\"async\" width=\"800\" height=\"533\" src=\"https:\/\/maioricasacra.org\/wp-content\/uploads\/2023\/11\/esglesies-7-Sant_Miquel_palma-maiorica-sacra.jpg\" class=\"attachment-large size-large wp-image-2310\" alt=\"\" srcset=\"https:\/\/maioricasacra.org\/wp-content\/uploads\/2023\/11\/esglesies-7-Sant_Miquel_palma-maiorica-sacra.jpg 900w, https:\/\/maioricasacra.org\/wp-content\/uploads\/2023\/11\/esglesies-7-Sant_Miquel_palma-maiorica-sacra-300x200.jpg 300w, https:\/\/maioricasacra.org\/wp-content\/uploads\/2023\/11\/esglesies-7-Sant_Miquel_palma-maiorica-sacra-768x512.jpg 768w\" sizes=\"(max-width: 800px) 100vw, 800px\" \/>\t\t\t\t\t\t\t\t\t\t\t\t\t\t\t<\/div>\n\t\t\t\t<\/div>\n\t\t\t\t<div class=\"elementor-element elementor-element-c0a372a elementor-widget-mobile__width-initial elementor-widget__width-initial elementor-icon-list--layout-traditional elementor-list-item-link-full_width elementor-widget elementor-widget-icon-list\" data-id=\"c0a372a\" data-element_type=\"widget\" data-widget_type=\"icon-list.default\">\n\t\t\t\t<div class=\"elementor-widget-container\">\n\t\t\t\t\t\t\t<ul class=\"elementor-icon-list-items\">\n\t\t\t\t\t\t\t<li class=\"elementor-icon-list-item\">\n\t\t\t\t\t\t\t\t\t\t<span class=\"elementor-icon-list-text\"><\/span>\n\t\t\t\t\t\t\t\t\t<\/li>\n\t\t\t\t\t\t\t\t<li class=\"elementor-icon-list-item\">\n\t\t\t\t\t\t\t\t\t\t\t<span class=\"elementor-icon-list-icon\">\n\t\t\t\t\t\t\t<i aria-hidden=\"true\" class=\"fas fa-church\"><\/i>\t\t\t\t\t\t<\/span>\n\t\t\t\t\t\t\t\t\t\t<span class=\"elementor-icon-list-text\">Carrer Sant Miquel, 21. Palma, 07002<\/span>\n\t\t\t\t\t\t\t\t\t<\/li>\n\t\t\t\t\t\t\t\t<li class=\"elementor-icon-list-item\">\n\t\t\t\t\t\t\t\t\t\t<span class=\"elementor-icon-list-text\"><\/span>\n\t\t\t\t\t\t\t\t\t<\/li>\n\t\t\t\t\t\t\t\t<li class=\"elementor-icon-list-item\">\n\t\t\t\t\t\t\t\t\t\t<span class=\"elementor-icon-list-text\">HORARIO DE APERTURA<\/span>\n\t\t\t\t\t\t\t\t\t<\/li>\n\t\t\t\t\t\t\t\t<li class=\"elementor-icon-list-item\">\n\t\t\t\t\t\t\t\t\t\t\t<span class=\"elementor-icon-list-icon\">\n\t\t\t\t\t\t\t<i aria-hidden=\"true\" class=\"far fa-clock\"><\/i>\t\t\t\t\t\t<\/span>\n\t\t\t\t\t\t\t\t\t\t<span class=\"elementor-icon-list-text\">Lunes a s\u00e1bado: 9 - 20h <\/span>\n\t\t\t\t\t\t\t\t\t<\/li>\n\t\t\t\t\t\t\t\t<li class=\"elementor-icon-list-item\">\n\t\t\t\t\t\t\t\t\t\t\t<span class=\"elementor-icon-list-icon\">\n\t\t\t\t\t\t\t<i aria-hidden=\"true\" class=\"far fa-clock\"><\/i>\t\t\t\t\t\t<\/span>\n\t\t\t\t\t\t\t\t\t\t<span class=\"elementor-icon-list-text\">Domingos y festivos: 9 -13h \/ 16 - 20h<\/span>\n\t\t\t\t\t\t\t\t\t<\/li>\n\t\t\t\t\t\t\t\t<li class=\"elementor-icon-list-item\">\n\t\t\t\t\t\t\t\t\t\t<span class=\"elementor-icon-list-text\"><\/span>\n\t\t\t\t\t\t\t\t\t<\/li>\n\t\t\t\t\t\t\t\t<li class=\"elementor-icon-list-item\">\n\t\t\t\t\t\t\t\t\t\t\t<span class=\"elementor-icon-list-icon\">\n\t\t\t\t\t\t\t<i aria-hidden=\"true\" class=\"fas fa-phone-alt\"><\/i>\t\t\t\t\t\t<\/span>\n\t\t\t\t\t\t\t\t\t\t<span class=\"elementor-icon-list-text\">+34 971 726 577<\/span>\n\t\t\t\t\t\t\t\t\t<\/li>\n\t\t\t\t\t\t\t\t<li class=\"elementor-icon-list-item\">\n\t\t\t\t\t\t\t\t\t\t\t<span class=\"elementor-icon-list-icon\">\n\t\t\t\t\t\t\t<i aria-hidden=\"true\" class=\"far fa-envelope\"><\/i>\t\t\t\t\t\t<\/span>\n\t\t\t\t\t\t\t\t\t\t<span class=\"elementor-icon-list-text\">parroquiasantmiquel@bisbatdemallorca.org<\/span>\n\t\t\t\t\t\t\t\t\t<\/li>\n\t\t\t\t\t\t<\/ul>\n\t\t\t\t\t\t<\/div>\n\t\t\t\t<\/div>\n\t\t\t\t<\/div>\n\t\t<div class=\"elementor-element elementor-element-c49000c e-con-full e-flex e-con e-child\" data-id=\"c49000c\" data-element_type=\"container\">\n\t\t\t\t<div class=\"elementor-element elementor-element-2e9dfe5 elementor-widget elementor-widget-heading\" data-id=\"2e9dfe5\" data-element_type=\"widget\" data-widget_type=\"heading.default\">\n\t\t\t\t<div class=\"elementor-widget-container\">\n\t\t\t\t\t<h2 class=\"elementor-heading-title elementor-size-default\">Iglesia Parroquial i Bas\u00edlica de Sant Miquel - Palma<\/h2>\t\t\t\t<\/div>\n\t\t\t\t<\/div>\n\t\t\t\t<div class=\"elementor-element elementor-element-ab349a8 elementor-widget elementor-widget-heading\" data-id=\"ab349a8\" data-element_type=\"widget\" data-widget_type=\"heading.default\">\n\t\t\t\t<div class=\"elementor-widget-container\">\n\t\t\t\t\t<h2 class=\"elementor-heading-title elementor-size-default\">La iglesia de Sant Miquel de Palma: emblema de la conquista \n<\/h2>\t\t\t\t<\/div>\n\t\t\t\t<\/div>\n\t\t\t\t<div class=\"elementor-element elementor-element-97c4a02 elementor-widget-divider--view-line elementor-widget elementor-widget-divider\" data-id=\"97c4a02\" data-element_type=\"widget\" data-widget_type=\"divider.default\">\n\t\t\t\t<div class=\"elementor-widget-container\">\n\t\t\t\t\t\t\t<div class=\"elementor-divider\">\n\t\t\t<span class=\"elementor-divider-separator\">\n\t\t\t\t\t\t<\/span>\n\t\t<\/div>\n\t\t\t\t\t\t<\/div>\n\t\t\t\t<\/div>\n\t\t\t\t<div class=\"elementor-element elementor-element-a296193 elementor-widget__width-initial elementor-widget elementor-widget-text-editor\" data-id=\"a296193\" data-element_type=\"widget\" data-widget_type=\"text-editor.default\">\n\t\t\t\t<div class=\"elementor-widget-container\">\n\t\t\t\t\t\t\t\t\t<p>Ubicada en el centro neur\u00e1lgico de la ciudad de Palma, cuenta la tradici\u00f3n que se construy\u00f3 sobre una antigua mezquita de Madina Mayurqa. Seg\u00fan las cr\u00f3nicas de Joan Muntaner, la primera misa intramuros se celebr\u00f3 en este emplazamiento. <\/p><p>Del templo primigenio y de la antigua mezquita, no quedan restos. A finales del siglo XIV se empez\u00f3 a construir. Es uno de los pocos casos en que se conoce quien encarg\u00f3 las esculturas del t\u00edmpano y quien las realiz\u00f3: el can\u00f3nigo Pere Soler las encarg\u00f3 al escultor Pere de Santjoan. En el t\u00edmpano aparece la Virgen acompa\u00f1ada por \u00e1ngeles m\u00fasicos y, a ambos lados, cuatro figuras de la misma traza: San Pedro, San Pablo, Beato Ram\u00f3n Llull y Santa Margalida. La escultura que culmina todo el conjunto, el arc\u00e1ngel San Miguel venciendo al drag\u00f3n, es obra de Miquel Thom\u00e0s, datada del siglo XVIII.    <\/p><p>Interiormente se conservan magn\u00edficos ejemplos de bienes pict\u00f3ricos y escult\u00f3ricos que van desde la \u00e9poca medieval hasta el siglo XX. Uno de los bienes m\u00e1s venerados es la talla de la Virgen de la Salud, considerada, por la tradici\u00f3n ciudadana, como la imagen que acompa\u00f1\u00f3 a Jaume I durante su traves\u00eda hacia Mallorca para iniciar su conquista. Un buen ejemplo de la retaul\u00edstica barroca mallorquina se encuentra en el altar mayor. El retablo Mayor es obra de Francesc Herrera Garcia, arquitecto y escultor navarro afincado en Mallorca en el siglo XVIII.   <\/p>\t\t\t\t\t\t\t\t<\/div>\n\t\t\t\t<\/div>\n\t\t\t\t<\/div>\n\t\t\t\t<\/div>\n\t\t\t\t<\/div>\n\t\t<div class=\"elementor-element elementor-element-e9d768c e-con-full e-flex e-con e-parent\" data-id=\"e9d768c\" data-element_type=\"container\" data-settings=\"{&quot;background_background&quot;:&quot;classic&quot;}\">\n\t\t\t\t<div class=\"elementor-element elementor-element-49ae31f elementor-widget__width-initial elementor-widget elementor-widget-gallery\" data-id=\"49ae31f\" data-element_type=\"widget\" data-settings=\"{&quot;gallery_layout&quot;:&quot;justified&quot;,&quot;gap&quot;:{&quot;unit&quot;:&quot;px&quot;,&quot;size&quot;:3,&quot;sizes&quot;:[]},&quot;ideal_row_height&quot;:{&quot;unit&quot;:&quot;px&quot;,&quot;size&quot;:250,&quot;sizes&quot;:[]},&quot;gap_tablet&quot;:{&quot;unit&quot;:&quot;px&quot;,&quot;size&quot;:3,&quot;sizes&quot;:[]},&quot;gap_mobile&quot;:{&quot;unit&quot;:&quot;px&quot;,&quot;size&quot;:3,&quot;sizes&quot;:[]},&quot;lazyload&quot;:&quot;yes&quot;,&quot;ideal_row_height_tablet&quot;:{&quot;unit&quot;:&quot;px&quot;,&quot;size&quot;:150,&quot;sizes&quot;:[]},&quot;ideal_row_height_mobile&quot;:{&quot;unit&quot;:&quot;px&quot;,&quot;size&quot;:150,&quot;sizes&quot;:[]},&quot;link_to&quot;:&quot;file&quot;,&quot;overlay_background&quot;:&quot;yes&quot;,&quot;content_hover_animation&quot;:&quot;fade-in&quot;}\" data-widget_type=\"gallery.default\">\n\t\t\t\t<div class=\"elementor-widget-container\">\n\t\t\t\t\t\t\t<div class=\"elementor-gallery__container\">\n\t\t\t\t\t\t\t<a class=\"e-gallery-item elementor-gallery-item elementor-animated-content\" href=\"https:\/\/maioricasacra.org\/wp-content\/uploads\/2023\/11\/esglesies-7-Sant_Miquel_palma-maiorica-sacra.jpg\" data-elementor-open-lightbox=\"yes\" data-elementor-lightbox-slideshow=\"49ae31f\" data-elementor-lightbox-title=\"esglesies-7-Sant_Miquel_palma-maiorica-sacra\" data-e-action-hash=\"#elementor-action%3Aaction%3Dlightbox%26settings%3DeyJpZCI6MjMxMCwidXJsIjoiaHR0cHM6XC9cL21haW9yaWNhc2FjcmEub3JnXC93cC1jb250ZW50XC91cGxvYWRzXC8yMDIzXC8xMVwvZXNnbGVzaWVzLTctU2FudF9NaXF1ZWxfcGFsbWEtbWFpb3JpY2Etc2FjcmEuanBnIiwic2xpZGVzaG93IjoiNDlhZTMxZiJ9\">\n\t\t\t\t\t<div class=\"e-gallery-image elementor-gallery-item__image\" data-thumbnail=\"https:\/\/maioricasacra.org\/wp-content\/uploads\/2023\/11\/esglesies-7-Sant_Miquel_palma-maiorica-sacra-768x512.jpg\" data-width=\"768\" data-height=\"512\" aria-label=\"\" role=\"img\" ><\/div>\n\t\t\t\t\t\t\t\t\t\t\t<div class=\"elementor-gallery-item__overlay\"><\/div>\n\t\t\t\t\t\t\t\t\t\t\t\t\t\t<\/a>\n\t\t\t\t\t\t\t<a class=\"e-gallery-item elementor-gallery-item elementor-animated-content\" href=\"https:\/\/maioricasacra.org\/wp-content\/uploads\/2023\/11\/esglesies-8-AC-Sant_Miquel_palma-maiorica-sacra.jpg\" data-elementor-open-lightbox=\"yes\" data-elementor-lightbox-slideshow=\"49ae31f\" data-elementor-lightbox-title=\"esglesies-8-AC-Sant_Miquel_palma-maiorica-sacra\" data-e-action-hash=\"#elementor-action%3Aaction%3Dlightbox%26settings%3DeyJpZCI6MjMxMSwidXJsIjoiaHR0cHM6XC9cL21haW9yaWNhc2FjcmEub3JnXC93cC1jb250ZW50XC91cGxvYWRzXC8yMDIzXC8xMVwvZXNnbGVzaWVzLTgtQUMtU2FudF9NaXF1ZWxfcGFsbWEtbWFpb3JpY2Etc2FjcmEuanBnIiwic2xpZGVzaG93IjoiNDlhZTMxZiJ9\">\n\t\t\t\t\t<div class=\"e-gallery-image elementor-gallery-item__image\" data-thumbnail=\"https:\/\/maioricasacra.org\/wp-content\/uploads\/2023\/11\/esglesies-8-AC-Sant_Miquel_palma-maiorica-sacra-768x1075.jpg\" data-width=\"768\" data-height=\"1075\" aria-label=\"\" role=\"img\" ><\/div>\n\t\t\t\t\t\t\t\t\t\t\t<div class=\"elementor-gallery-item__overlay\"><\/div>\n\t\t\t\t\t\t\t\t\t\t\t\t\t\t<\/a>\n\t\t\t\t\t\t\t<a class=\"e-gallery-item elementor-gallery-item elementor-animated-content\" href=\"https:\/\/maioricasacra.org\/wp-content\/uploads\/2023\/11\/esglesies-6-Sant_Miquel_palma-maiorica-sacra.jpg\" data-elementor-open-lightbox=\"yes\" data-elementor-lightbox-slideshow=\"49ae31f\" data-elementor-lightbox-title=\"esglesies-6-Sant_Miquel_palma-maiorica-sacra\" data-e-action-hash=\"#elementor-action%3Aaction%3Dlightbox%26settings%3DeyJpZCI6MjMwOSwidXJsIjoiaHR0cHM6XC9cL21haW9yaWNhc2FjcmEub3JnXC93cC1jb250ZW50XC91cGxvYWRzXC8yMDIzXC8xMVwvZXNnbGVzaWVzLTYtU2FudF9NaXF1ZWxfcGFsbWEtbWFpb3JpY2Etc2FjcmEuanBnIiwic2xpZGVzaG93IjoiNDlhZTMxZiJ9\">\n\t\t\t\t\t<div class=\"e-gallery-image elementor-gallery-item__image\" data-thumbnail=\"https:\/\/maioricasacra.org\/wp-content\/uploads\/2023\/11\/esglesies-6-Sant_Miquel_palma-maiorica-sacra-768x549.jpg\" data-width=\"768\" data-height=\"549\" aria-label=\"\" role=\"img\" ><\/div>\n\t\t\t\t\t\t\t\t\t\t\t<div class=\"elementor-gallery-item__overlay\"><\/div>\n\t\t\t\t\t\t\t\t\t\t\t\t\t\t<\/a>\n\t\t\t\t\t\t\t<a class=\"e-gallery-item elementor-gallery-item elementor-animated-content\" href=\"https:\/\/maioricasacra.org\/wp-content\/uploads\/2023\/11\/esglesies-9-AC-Sant_Miquel_palma-maiorica-sacra.jpg\" data-elementor-open-lightbox=\"yes\" data-elementor-lightbox-slideshow=\"49ae31f\" data-elementor-lightbox-title=\"esglesies-9-AC-Sant_Miquel_palma-maiorica-sacra\" data-e-action-hash=\"#elementor-action%3Aaction%3Dlightbox%26settings%3DeyJpZCI6MjMxMiwidXJsIjoiaHR0cHM6XC9cL21haW9yaWNhc2FjcmEub3JnXC93cC1jb250ZW50XC91cGxvYWRzXC8yMDIzXC8xMVwvZXNnbGVzaWVzLTktQUMtU2FudF9NaXF1ZWxfcGFsbWEtbWFpb3JpY2Etc2FjcmEuanBnIiwic2xpZGVzaG93IjoiNDlhZTMxZiJ9\">\n\t\t\t\t\t<div class=\"e-gallery-image elementor-gallery-item__image\" data-thumbnail=\"https:\/\/maioricasacra.org\/wp-content\/uploads\/2023\/11\/esglesies-9-AC-Sant_Miquel_palma-maiorica-sacra-768x549.jpg\" data-width=\"768\" data-height=\"549\" aria-label=\"\" role=\"img\" ><\/div>\n\t\t\t\t\t\t\t\t\t\t\t<div class=\"elementor-gallery-item__overlay\"><\/div>\n\t\t\t\t\t\t\t\t\t\t\t\t\t\t<\/a>\n\t\t\t\t\t\t\t<a class=\"e-gallery-item elementor-gallery-item elementor-animated-content\" href=\"https:\/\/maioricasacra.org\/wp-content\/uploads\/2023\/11\/esglesies-5-Sant_Miquel_palma-maiorica-sacra.jpg\" data-elementor-open-lightbox=\"yes\" data-elementor-lightbox-slideshow=\"49ae31f\" data-elementor-lightbox-title=\"esglesies-5-Sant_Miquel_palma-maiorica-sacra\" data-e-action-hash=\"#elementor-action%3Aaction%3Dlightbox%26settings%3DeyJpZCI6MjMwOCwidXJsIjoiaHR0cHM6XC9cL21haW9yaWNhc2FjcmEub3JnXC93cC1jb250ZW50XC91cGxvYWRzXC8yMDIzXC8xMVwvZXNnbGVzaWVzLTUtU2FudF9NaXF1ZWxfcGFsbWEtbWFpb3JpY2Etc2FjcmEuanBnIiwic2xpZGVzaG93IjoiNDlhZTMxZiJ9\">\n\t\t\t\t\t<div class=\"e-gallery-image elementor-gallery-item__image\" data-thumbnail=\"https:\/\/maioricasacra.org\/wp-content\/uploads\/2023\/11\/esglesies-5-Sant_Miquel_palma-maiorica-sacra-768x549.jpg\" data-width=\"768\" data-height=\"549\" aria-label=\"\" role=\"img\" ><\/div>\n\t\t\t\t\t\t\t\t\t\t\t<div class=\"elementor-gallery-item__overlay\"><\/div>\n\t\t\t\t\t\t\t\t\t\t\t\t\t\t<\/a>\n\t\t\t\t\t\t\t<a class=\"e-gallery-item elementor-gallery-item elementor-animated-content\" href=\"https:\/\/maioricasacra.org\/wp-content\/uploads\/2023\/11\/esglesies-3-Sant_Miquel_palma-maiorica-sacra.jpg\" data-elementor-open-lightbox=\"yes\" data-elementor-lightbox-slideshow=\"49ae31f\" data-elementor-lightbox-title=\"esglesies-3-Sant_Miquel_palma-maiorica-sacra\" data-e-action-hash=\"#elementor-action%3Aaction%3Dlightbox%26settings%3DeyJpZCI6MjMwNywidXJsIjoiaHR0cHM6XC9cL21haW9yaWNhc2FjcmEub3JnXC93cC1jb250ZW50XC91cGxvYWRzXC8yMDIzXC8xMVwvZXNnbGVzaWVzLTMtU2FudF9NaXF1ZWxfcGFsbWEtbWFpb3JpY2Etc2FjcmEuanBnIiwic2xpZGVzaG93IjoiNDlhZTMxZiJ9\">\n\t\t\t\t\t<div class=\"e-gallery-image elementor-gallery-item__image\" data-thumbnail=\"https:\/\/maioricasacra.org\/wp-content\/uploads\/2023\/11\/esglesies-3-Sant_Miquel_palma-maiorica-sacra-768x549.jpg\" data-width=\"768\" data-height=\"549\" aria-label=\"\" role=\"img\" ><\/div>\n\t\t\t\t\t\t\t\t\t\t\t<div class=\"elementor-gallery-item__overlay\"><\/div>\n\t\t\t\t\t\t\t\t\t\t\t\t\t\t<\/a>\n\t\t\t\t\t\t\t<a class=\"e-gallery-item elementor-gallery-item elementor-animated-content\" href=\"https:\/\/maioricasacra.org\/wp-content\/uploads\/2023\/11\/esglesies-1-Sant_Miquel_palma-maiorica-sacra.jpg\" data-elementor-open-lightbox=\"yes\" data-elementor-lightbox-slideshow=\"49ae31f\" data-elementor-lightbox-title=\"esglesies-1-Sant_Miquel_palma-maiorica-sacra\" data-e-action-hash=\"#elementor-action%3Aaction%3Dlightbox%26settings%3DeyJpZCI6MjMwNSwidXJsIjoiaHR0cHM6XC9cL21haW9yaWNhc2FjcmEub3JnXC93cC1jb250ZW50XC91cGxvYWRzXC8yMDIzXC8xMVwvZXNnbGVzaWVzLTEtU2FudF9NaXF1ZWxfcGFsbWEtbWFpb3JpY2Etc2FjcmEuanBnIiwic2xpZGVzaG93IjoiNDlhZTMxZiJ9\">\n\t\t\t\t\t<div class=\"e-gallery-image elementor-gallery-item__image\" data-thumbnail=\"https:\/\/maioricasacra.org\/wp-content\/uploads\/2023\/11\/esglesies-1-Sant_Miquel_palma-maiorica-sacra-768x549.jpg\" data-width=\"768\" data-height=\"549\" aria-label=\"\" role=\"img\" ><\/div>\n\t\t\t\t\t\t\t\t\t\t\t<div class=\"elementor-gallery-item__overlay\"><\/div>\n\t\t\t\t\t\t\t\t\t\t\t\t\t\t<\/a>\n\t\t\t\t\t\t\t<a class=\"e-gallery-item elementor-gallery-item elementor-animated-content\" href=\"https:\/\/maioricasacra.org\/wp-content\/uploads\/2023\/11\/esglesies-2-Sant_Miquel_palma-maiorica-sacra.jpg\" data-elementor-open-lightbox=\"yes\" data-elementor-lightbox-slideshow=\"49ae31f\" data-elementor-lightbox-title=\"esglesies-2-Sant_Miquel_palma-maiorica-sacra\" data-e-action-hash=\"#elementor-action%3Aaction%3Dlightbox%26settings%3DeyJpZCI6MjMwNiwidXJsIjoiaHR0cHM6XC9cL21haW9yaWNhc2FjcmEub3JnXC93cC1jb250ZW50XC91cGxvYWRzXC8yMDIzXC8xMVwvZXNnbGVzaWVzLTItU2FudF9NaXF1ZWxfcGFsbWEtbWFpb3JpY2Etc2FjcmEuanBnIiwic2xpZGVzaG93IjoiNDlhZTMxZiJ9\">\n\t\t\t\t\t<div class=\"e-gallery-image elementor-gallery-item__image\" data-thumbnail=\"https:\/\/maioricasacra.org\/wp-content\/uploads\/2023\/11\/esglesies-2-Sant_Miquel_palma-maiorica-sacra-768x549.jpg\" data-width=\"768\" data-height=\"549\" aria-label=\"\" role=\"img\" ><\/div>\n\t\t\t\t\t\t\t\t\t\t\t<div class=\"elementor-gallery-item__overlay\"><\/div>\n\t\t\t\t\t\t\t\t\t\t\t\t\t\t<\/a>\n\t\t\t\t\t<\/div>\n\t\t\t\t\t<\/div>\n\t\t\t\t<\/div>\n\t\t\t\t<\/div>\n\t\t<div class=\"elementor-element elementor-element-29c16b4 e-con-full e-flex e-con e-parent\" data-id=\"29c16b4\" data-element_type=\"container\">\n\t\t\t\t<div class=\"elementor-element elementor-element-82d890d elementor-widget elementor-widget-heading\" data-id=\"82d890d\" data-element_type=\"widget\" data-widget_type=\"heading.default\">\n\t\t\t\t<div class=\"elementor-widget-container\">\n\t\t\t\t\t<h2 class=\"elementor-heading-title elementor-size-default\">M\u00c1S IGLESIAS DE LA RED<\/h2>\t\t\t\t<\/div>\n\t\t\t\t<\/div>\n\t\t<div class=\"elementor-element elementor-element-380cdf2 e-con-full e-flex e-con e-child\" data-id=\"380cdf2\" data-element_type=\"container\">\n\t\t\t\t<\/div>\n\t\t\t\t<\/div>\n\t\t\t\t<\/div>\n\t\t","protected":false},"excerpt":{"rendered":"<p>Carrer Sant Miquel, 21. Palma, 07002 HORARIO DE APERTURA Lunes a s\u00e1bado: 9 &#8211; 20h Domingos y festivos: 9 -13h \/ 16 &#8211; 20h +34 971 726 577 parroquiasantmiquel@bisbatdemallorca.org Iglesia Parroquial i Bas\u00edlica de Sant Miquel &#8211; Palma La iglesia de Sant Miquel de Palma: emblema de la conquista Ubicada en el centro neur\u00e1lgico de [&hellip;]<\/p>\n","protected":false},"author":2,"featured_media":2310,"parent":0,"menu_order":0,"comment_status":"closed","ping_status":"closed","template":"elementor_header_footer","meta":{"footnotes":""},"categories":[35],"tags":[],"class_list":["post-2554","page","type-page","status-publish","has-post-thumbnail","hentry","category-red-iglesias"],"yoast_head":"<!-- This site is optimized with the Yoast SEO plugin v26.9 - https:\/\/yoast.com\/product\/yoast-seo-wordpress\/ -->\n<title>Iglesia Parroquial i Bas\u00edlica de Sant Miquel - Palma - Maiorica Sacra<\/title>\n<meta name=\"robots\" content=\"index, follow, max-snippet:-1, max-image-preview:large, max-video-preview:-1\" \/>\n<link rel=\"canonical\" href=\"https:\/\/maioricasacra.org\/es\/iglesia-parroquial-i-basilica-de-sant-miquel-palma\/\" \/>\n<meta property=\"og:locale\" content=\"es_ES\" \/>\n<meta property=\"og:type\" content=\"article\" \/>\n<meta property=\"og:title\" content=\"Iglesia Parroquial i Bas\u00edlica de Sant Miquel - Palma - Maiorica Sacra\" \/>\n<meta property=\"og:description\" content=\"Carrer Sant Miquel, 21. Palma, 07002 HORARIO DE APERTURA Lunes a s\u00e1bado: 9 &#8211; 20h Domingos y festivos: 9 -13h \/ 16 &#8211; 20h +34 971 726 577 parroquiasantmiquel@bisbatdemallorca.org Iglesia Parroquial i Bas\u00edlica de Sant Miquel &#8211; Palma La iglesia de Sant Miquel de Palma: emblema de la conquista Ubicada en el centro neur\u00e1lgico de [&hellip;]\" \/>\n<meta property=\"og:url\" content=\"https:\/\/maioricasacra.org\/es\/iglesia-parroquial-i-basilica-de-sant-miquel-palma\/\" \/>\n<meta property=\"og:site_name\" content=\"Maiorica Sacra\" \/>\n<meta property=\"article:publisher\" content=\"https:\/\/www.facebook.com\/maioricasacra\" \/>\n<meta property=\"article:modified_time\" content=\"2025-08-28T08:35:27+00:00\" \/>\n<meta property=\"og:image\" content=\"https:\/\/maioricasacra.org\/wp-content\/uploads\/2023\/11\/esglesies-7-Sant_Miquel_palma-maiorica-sacra.jpg\" \/>\n\t<meta property=\"og:image:width\" content=\"900\" \/>\n\t<meta property=\"og:image:height\" content=\"600\" \/>\n\t<meta property=\"og:image:type\" content=\"image\/jpeg\" \/>\n<meta name=\"twitter:card\" content=\"summary_large_image\" \/>\n<meta name=\"twitter:label1\" content=\"Tiempo de lectura\" \/>\n\t<meta name=\"twitter:data1\" content=\"2 minutos\" \/>\n<script type=\"application\/ld+json\" class=\"yoast-schema-graph\">{\"@context\":\"https:\/\/schema.org\",\"@graph\":[{\"@type\":\"WebPage\",\"@id\":\"https:\/\/maioricasacra.org\/es\/iglesia-parroquial-i-basilica-de-sant-miquel-palma\/\",\"url\":\"https:\/\/maioricasacra.org\/es\/iglesia-parroquial-i-basilica-de-sant-miquel-palma\/\",\"name\":\"Iglesia Parroquial i Bas\u00edlica de Sant Miquel - Palma - Maiorica Sacra\",\"isPartOf\":{\"@id\":\"https:\/\/maioricasacra.org\/es\/#website\"},\"primaryImageOfPage\":{\"@id\":\"https:\/\/maioricasacra.org\/es\/iglesia-parroquial-i-basilica-de-sant-miquel-palma\/#primaryimage\"},\"image\":{\"@id\":\"https:\/\/maioricasacra.org\/es\/iglesia-parroquial-i-basilica-de-sant-miquel-palma\/#primaryimage\"},\"thumbnailUrl\":\"https:\/\/maioricasacra.org\/wp-content\/uploads\/2023\/11\/esglesies-7-Sant_Miquel_palma-maiorica-sacra.jpg\",\"datePublished\":\"2023-10-25T13:12:10+00:00\",\"dateModified\":\"2025-08-28T08:35:27+00:00\",\"breadcrumb\":{\"@id\":\"https:\/\/maioricasacra.org\/es\/iglesia-parroquial-i-basilica-de-sant-miquel-palma\/#breadcrumb\"},\"inLanguage\":\"es\",\"potentialAction\":[{\"@type\":\"ReadAction\",\"target\":[\"https:\/\/maioricasacra.org\/es\/iglesia-parroquial-i-basilica-de-sant-miquel-palma\/\"]}]},{\"@type\":\"ImageObject\",\"inLanguage\":\"es\",\"@id\":\"https:\/\/maioricasacra.org\/es\/iglesia-parroquial-i-basilica-de-sant-miquel-palma\/#primaryimage\",\"url\":\"https:\/\/maioricasacra.org\/wp-content\/uploads\/2023\/11\/esglesies-7-Sant_Miquel_palma-maiorica-sacra.jpg\",\"contentUrl\":\"https:\/\/maioricasacra.org\/wp-content\/uploads\/2023\/11\/esglesies-7-Sant_Miquel_palma-maiorica-sacra.jpg\",\"width\":900,\"height\":600},{\"@type\":\"BreadcrumbList\",\"@id\":\"https:\/\/maioricasacra.org\/es\/iglesia-parroquial-i-basilica-de-sant-miquel-palma\/#breadcrumb\",\"itemListElement\":[{\"@type\":\"ListItem\",\"position\":1,\"name\":\"Inici\",\"item\":\"https:\/\/maioricasacra.org\/es\/\"},{\"@type\":\"ListItem\",\"position\":2,\"name\":\"Iglesia Parroquial i Bas\u00edlica de Sant Miquel &#8211; Palma\"}]},{\"@type\":\"WebSite\",\"@id\":\"https:\/\/maioricasacra.org\/es\/#website\",\"url\":\"https:\/\/maioricasacra.org\/es\/\",\"name\":\"Maiorica Sacra\",\"description\":\"Patrimoni Religi\u00f3s a l&#039;abast de tots\",\"publisher\":{\"@id\":\"https:\/\/maioricasacra.org\/es\/#organization\"},\"alternateName\":\"MS\",\"potentialAction\":[{\"@type\":\"SearchAction\",\"target\":{\"@type\":\"EntryPoint\",\"urlTemplate\":\"https:\/\/maioricasacra.org\/es\/?s={search_term_string}\"},\"query-input\":{\"@type\":\"PropertyValueSpecification\",\"valueRequired\":true,\"valueName\":\"search_term_string\"}}],\"inLanguage\":\"es\"},{\"@type\":\"Organization\",\"@id\":\"https:\/\/maioricasacra.org\/es\/#organization\",\"name\":\"Maiorica Sacra\",\"url\":\"https:\/\/maioricasacra.org\/es\/\",\"logo\":{\"@type\":\"ImageObject\",\"inLanguage\":\"es\",\"@id\":\"https:\/\/maioricasacra.org\/es\/#\/schema\/logo\/image\/\",\"url\":\"https:\/\/maioricasacra.org\/wp-content\/uploads\/2023\/10\/maioricasacra-web-logo-quisom.png\",\"contentUrl\":\"https:\/\/maioricasacra.org\/wp-content\/uploads\/2023\/10\/maioricasacra-web-logo-quisom.png\",\"width\":600,\"height\":315,\"caption\":\"Maiorica Sacra\"},\"image\":{\"@id\":\"https:\/\/maioricasacra.org\/es\/#\/schema\/logo\/image\/\"},\"sameAs\":[\"https:\/\/www.facebook.com\/maioricasacra\",\"https:\/\/www.instagram.com\/maioricasacra\/\"]}]}<\/script>\n<!-- \/ Yoast SEO plugin. -->","yoast_head_json":{"title":"Iglesia Parroquial i Bas\u00edlica de Sant Miquel - Palma - Maiorica Sacra","robots":{"index":"index","follow":"follow","max-snippet":"max-snippet:-1","max-image-preview":"max-image-preview:large","max-video-preview":"max-video-preview:-1"},"canonical":"https:\/\/maioricasacra.org\/es\/iglesia-parroquial-i-basilica-de-sant-miquel-palma\/","og_locale":"es_ES","og_type":"article","og_title":"Iglesia Parroquial i Bas\u00edlica de Sant Miquel - Palma - Maiorica Sacra","og_description":"Carrer Sant Miquel, 21. Palma, 07002 HORARIO DE APERTURA Lunes a s\u00e1bado: 9 &#8211; 20h Domingos y festivos: 9 -13h \/ 16 &#8211; 20h +34 971 726 577 parroquiasantmiquel@bisbatdemallorca.org Iglesia Parroquial i Bas\u00edlica de Sant Miquel &#8211; Palma La iglesia de Sant Miquel de Palma: emblema de la conquista Ubicada en el centro neur\u00e1lgico de [&hellip;]","og_url":"https:\/\/maioricasacra.org\/es\/iglesia-parroquial-i-basilica-de-sant-miquel-palma\/","og_site_name":"Maiorica Sacra","article_publisher":"https:\/\/www.facebook.com\/maioricasacra","article_modified_time":"2025-08-28T08:35:27+00:00","og_image":[{"width":900,"height":600,"url":"https:\/\/maioricasacra.org\/wp-content\/uploads\/2023\/11\/esglesies-7-Sant_Miquel_palma-maiorica-sacra.jpg","type":"image\/jpeg"}],"twitter_card":"summary_large_image","twitter_misc":{"Tiempo de lectura":"2 minutos"},"schema":{"@context":"https:\/\/schema.org","@graph":[{"@type":"WebPage","@id":"https:\/\/maioricasacra.org\/es\/iglesia-parroquial-i-basilica-de-sant-miquel-palma\/","url":"https:\/\/maioricasacra.org\/es\/iglesia-parroquial-i-basilica-de-sant-miquel-palma\/","name":"Iglesia Parroquial i Bas\u00edlica de Sant Miquel - Palma - Maiorica Sacra","isPartOf":{"@id":"https:\/\/maioricasacra.org\/es\/#website"},"primaryImageOfPage":{"@id":"https:\/\/maioricasacra.org\/es\/iglesia-parroquial-i-basilica-de-sant-miquel-palma\/#primaryimage"},"image":{"@id":"https:\/\/maioricasacra.org\/es\/iglesia-parroquial-i-basilica-de-sant-miquel-palma\/#primaryimage"},"thumbnailUrl":"https:\/\/maioricasacra.org\/wp-content\/uploads\/2023\/11\/esglesies-7-Sant_Miquel_palma-maiorica-sacra.jpg","datePublished":"2023-10-25T13:12:10+00:00","dateModified":"2025-08-28T08:35:27+00:00","breadcrumb":{"@id":"https:\/\/maioricasacra.org\/es\/iglesia-parroquial-i-basilica-de-sant-miquel-palma\/#breadcrumb"},"inLanguage":"es","potentialAction":[{"@type":"ReadAction","target":["https:\/\/maioricasacra.org\/es\/iglesia-parroquial-i-basilica-de-sant-miquel-palma\/"]}]},{"@type":"ImageObject","inLanguage":"es","@id":"https:\/\/maioricasacra.org\/es\/iglesia-parroquial-i-basilica-de-sant-miquel-palma\/#primaryimage","url":"https:\/\/maioricasacra.org\/wp-content\/uploads\/2023\/11\/esglesies-7-Sant_Miquel_palma-maiorica-sacra.jpg","contentUrl":"https:\/\/maioricasacra.org\/wp-content\/uploads\/2023\/11\/esglesies-7-Sant_Miquel_palma-maiorica-sacra.jpg","width":900,"height":600},{"@type":"BreadcrumbList","@id":"https:\/\/maioricasacra.org\/es\/iglesia-parroquial-i-basilica-de-sant-miquel-palma\/#breadcrumb","itemListElement":[{"@type":"ListItem","position":1,"name":"Inici","item":"https:\/\/maioricasacra.org\/es\/"},{"@type":"ListItem","position":2,"name":"Iglesia Parroquial i Bas\u00edlica de Sant Miquel &#8211; Palma"}]},{"@type":"WebSite","@id":"https:\/\/maioricasacra.org\/es\/#website","url":"https:\/\/maioricasacra.org\/es\/","name":"Maiorica Sacra","description":"Patrimoni Religi\u00f3s a l&#039;abast de tots","publisher":{"@id":"https:\/\/maioricasacra.org\/es\/#organization"},"alternateName":"MS","potentialAction":[{"@type":"SearchAction","target":{"@type":"EntryPoint","urlTemplate":"https:\/\/maioricasacra.org\/es\/?s={search_term_string}"},"query-input":{"@type":"PropertyValueSpecification","valueRequired":true,"valueName":"search_term_string"}}],"inLanguage":"es"},{"@type":"Organization","@id":"https:\/\/maioricasacra.org\/es\/#organization","name":"Maiorica Sacra","url":"https:\/\/maioricasacra.org\/es\/","logo":{"@type":"ImageObject","inLanguage":"es","@id":"https:\/\/maioricasacra.org\/es\/#\/schema\/logo\/image\/","url":"https:\/\/maioricasacra.org\/wp-content\/uploads\/2023\/10\/maioricasacra-web-logo-quisom.png","contentUrl":"https:\/\/maioricasacra.org\/wp-content\/uploads\/2023\/10\/maioricasacra-web-logo-quisom.png","width":600,"height":315,"caption":"Maiorica Sacra"},"image":{"@id":"https:\/\/maioricasacra.org\/es\/#\/schema\/logo\/image\/"},"sameAs":["https:\/\/www.facebook.com\/maioricasacra","https:\/\/www.instagram.com\/maioricasacra\/"]}]}},"_links":{"self":[{"href":"https:\/\/maioricasacra.org\/es\/wp-json\/wp\/v2\/pages\/2554","targetHints":{"allow":["GET"]}}],"collection":[{"href":"https:\/\/maioricasacra.org\/es\/wp-json\/wp\/v2\/pages"}],"about":[{"href":"https:\/\/maioricasacra.org\/es\/wp-json\/wp\/v2\/types\/page"}],"author":[{"embeddable":true,"href":"https:\/\/maioricasacra.org\/es\/wp-json\/wp\/v2\/users\/2"}],"replies":[{"embeddable":true,"href":"https:\/\/maioricasacra.org\/es\/wp-json\/wp\/v2\/comments?post=2554"}],"version-history":[{"count":6,"href":"https:\/\/maioricasacra.org\/es\/wp-json\/wp\/v2\/pages\/2554\/revisions"}],"predecessor-version":[{"id":7114,"href":"https:\/\/maioricasacra.org\/es\/wp-json\/wp\/v2\/pages\/2554\/revisions\/7114"}],"wp:featuredmedia":[{"embeddable":true,"href":"https:\/\/maioricasacra.org\/es\/wp-json\/wp\/v2\/media\/2310"}],"wp:attachment":[{"href":"https:\/\/maioricasacra.org\/es\/wp-json\/wp\/v2\/media?parent=2554"}],"wp:term":[{"taxonomy":"category","embeddable":true,"href":"https:\/\/maioricasacra.org\/es\/wp-json\/wp\/v2\/categories?post=2554"},{"taxonomy":"post_tag","embeddable":true,"href":"https:\/\/maioricasacra.org\/es\/wp-json\/wp\/v2\/tags?post=2554"}],"curies":[{"name":"wp","href":"https:\/\/api.w.org\/{rel}","templated":true}]}}