{"id":3381,"date":"2024-06-18T10:06:02","date_gmt":"2024-06-18T08:06:02","guid":{"rendered":"https:\/\/maioricasacra.org\/?page_id=3381"},"modified":"2025-08-28T10:33:27","modified_gmt":"2025-08-28T08:33:27","slug":"oratorio-de-santa-margalida-de-crestatx-sa-pobla","status":"publish","type":"page","link":"https:\/\/maioricasacra.org\/es\/oratorio-de-santa-margalida-de-crestatx-sa-pobla\/","title":{"rendered":"Oratorio de Santa Margalida de Crestatx &#8211; Sa Pobla"},"content":{"rendered":"\t\t<div data-elementor-type=\"wp-page\" data-elementor-id=\"3381\" class=\"elementor elementor-3381 elementor-3380\" data-elementor-post-type=\"page\">\n\t\t\t\t<div class=\"elementor-element elementor-element-fe5f2e0 e-con-full e-flex e-con e-parent\" data-id=\"fe5f2e0\" data-element_type=\"container\" data-settings=\"{&quot;background_background&quot;:&quot;classic&quot;}\">\n\t\t<div class=\"elementor-element elementor-element-637e601 e-con-full e-flex e-con e-child\" data-id=\"637e601\" data-element_type=\"container\">\n\t\t<div class=\"elementor-element elementor-element-fdf6b01 e-con-full e-flex e-con e-child\" data-id=\"fdf6b01\" data-element_type=\"container\" data-settings=\"{&quot;background_background&quot;:&quot;gradient&quot;}\">\n\t\t\t\t<div class=\"elementor-element elementor-element-f4b7c6d elementor-widget elementor-widget-image\" data-id=\"f4b7c6d\" data-element_type=\"widget\" data-widget_type=\"image.default\">\n\t\t\t\t<div class=\"elementor-widget-container\">\n\t\t\t\t\t\t\t\t\t\t\t\t\t\t\t<img fetchpriority=\"high\" decoding=\"async\" width=\"800\" height=\"600\" src=\"https:\/\/maioricasacra.org\/wp-content\/uploads\/2024\/06\/esglesies-1-S-sapobla-crestatx-maiorica-sacra-1024x768.jpeg\" class=\"attachment-large size-large wp-image-3391\" alt=\"\" srcset=\"https:\/\/maioricasacra.org\/wp-content\/uploads\/2024\/06\/esglesies-1-S-sapobla-crestatx-maiorica-sacra-1024x768.jpeg 1024w, https:\/\/maioricasacra.org\/wp-content\/uploads\/2024\/06\/esglesies-1-S-sapobla-crestatx-maiorica-sacra-300x225.jpeg 300w, https:\/\/maioricasacra.org\/wp-content\/uploads\/2024\/06\/esglesies-1-S-sapobla-crestatx-maiorica-sacra-768x576.jpeg 768w, https:\/\/maioricasacra.org\/wp-content\/uploads\/2024\/06\/esglesies-1-S-sapobla-crestatx-maiorica-sacra-1536x1152.jpeg 1536w, https:\/\/maioricasacra.org\/wp-content\/uploads\/2024\/06\/esglesies-1-S-sapobla-crestatx-maiorica-sacra-2048x1536.jpeg 2048w\" sizes=\"(max-width: 800px) 100vw, 800px\" \/>\t\t\t\t\t\t\t\t\t\t\t\t\t\t\t<\/div>\n\t\t\t\t<\/div>\n\t\t\t\t<div class=\"elementor-element elementor-element-c0a372a elementor-widget-mobile__width-initial elementor-widget__width-initial elementor-icon-list--layout-traditional elementor-list-item-link-full_width elementor-widget elementor-widget-icon-list\" data-id=\"c0a372a\" data-element_type=\"widget\" data-widget_type=\"icon-list.default\">\n\t\t\t\t<div class=\"elementor-widget-container\">\n\t\t\t\t\t\t\t<ul class=\"elementor-icon-list-items\">\n\t\t\t\t\t\t\t<li class=\"elementor-icon-list-item\">\n\t\t\t\t\t\t\t\t\t\t<span class=\"elementor-icon-list-text\"><\/span>\n\t\t\t\t\t\t\t\t\t<\/li>\n\t\t\t\t\t\t\t\t<li class=\"elementor-icon-list-item\">\n\t\t\t\t\t\t\t\t\t\t\t<span class=\"elementor-icon-list-icon\">\n\t\t\t\t\t\t\t<i aria-hidden=\"true\" class=\"fas fa-church\"><\/i>\t\t\t\t\t\t<\/span>\n\t\t\t\t\t\t\t\t\t\t<span class=\"elementor-icon-list-text\">Carretera Sa Pobla \u2013 Pollen\u00e7a, s\/n. Sa Pobla, 07420<\/span>\n\t\t\t\t\t\t\t\t\t<\/li>\n\t\t\t\t\t\t\t\t<li class=\"elementor-icon-list-item\">\n\t\t\t\t\t\t\t\t\t\t<span class=\"elementor-icon-list-text\"><\/span>\n\t\t\t\t\t\t\t\t\t<\/li>\n\t\t\t\t\t\t\t\t<li class=\"elementor-icon-list-item\">\n\t\t\t\t\t\t\t\t\t\t<span class=\"elementor-icon-list-text\">HORARIO DE APERTURA<\/span>\n\t\t\t\t\t\t\t\t\t<\/li>\n\t\t\t\t\t\t\t\t<li class=\"elementor-icon-list-item\">\n\t\t\t\t\t\t\t\t\t\t\t<span class=\"elementor-icon-list-icon\">\n\t\t\t\t\t\t\t<i aria-hidden=\"true\" class=\"far fa-clock\"><\/i>\t\t\t\t\t\t<\/span>\n\t\t\t\t\t\t\t\t\t\t<span class=\"elementor-icon-list-text\">De martes a domingo de 10 a 19h<\/span>\n\t\t\t\t\t\t\t\t\t<\/li>\n\t\t\t\t\t\t\t\t<li class=\"elementor-icon-list-item\">\n\t\t\t\t\t\t\t\t\t\t<span class=\"elementor-icon-list-text\"><\/span>\n\t\t\t\t\t\t\t\t\t<\/li>\n\t\t\t\t\t\t\t\t<li class=\"elementor-icon-list-item\">\n\t\t\t\t\t\t\t\t\t\t\t<span class=\"elementor-icon-list-icon\">\n\t\t\t\t\t\t\t<i aria-hidden=\"true\" class=\"fas fa-phone-alt\"><\/i>\t\t\t\t\t\t<\/span>\n\t\t\t\t\t\t\t\t\t\t<span class=\"elementor-icon-list-text\">+34 608 172 914  <\/span>\n\t\t\t\t\t\t\t\t\t<\/li>\n\t\t\t\t\t\t\t\t<li class=\"elementor-icon-list-item\">\n\t\t\t\t\t\t\t\t\t\t\t<span class=\"elementor-icon-list-icon\">\n\t\t\t\t\t\t\t<i aria-hidden=\"true\" class=\"far fa-envelope\"><\/i>\t\t\t\t\t\t<\/span>\n\t\t\t\t\t\t\t\t\t\t<span class=\"elementor-icon-list-text\">parroquiasapobla@gmail.com<\/span>\n\t\t\t\t\t\t\t\t\t<\/li>\n\t\t\t\t\t\t\t\t<li class=\"elementor-icon-list-item\">\n\t\t\t\t\t\t\t\t\t\t\t<a href=\"http:\/\/www.sapoblaparroquia.es%20\">\n\n\t\t\t\t\t\t\t\t\t\t\t\t<span class=\"elementor-icon-list-icon\">\n\t\t\t\t\t\t\t<i aria-hidden=\"true\" class=\"fas fa-globe\"><\/i>\t\t\t\t\t\t<\/span>\n\t\t\t\t\t\t\t\t\t\t<span class=\"elementor-icon-list-text\">www.sapoblaparroquia.es <\/span>\n\t\t\t\t\t\t\t\t\t\t\t<\/a>\n\t\t\t\t\t\t\t\t\t<\/li>\n\t\t\t\t\t\t<\/ul>\n\t\t\t\t\t\t<\/div>\n\t\t\t\t<\/div>\n\t\t\t\t<\/div>\n\t\t<div class=\"elementor-element elementor-element-c49000c e-con-full e-flex e-con e-child\" data-id=\"c49000c\" data-element_type=\"container\">\n\t\t\t\t<div class=\"elementor-element elementor-element-2e9dfe5 elementor-widget elementor-widget-heading\" data-id=\"2e9dfe5\" data-element_type=\"widget\" data-widget_type=\"heading.default\">\n\t\t\t\t<div class=\"elementor-widget-container\">\n\t\t\t\t\t<h2 class=\"elementor-heading-title elementor-size-default\">ORATORIO DE SANTA MARGALIDA DE CRESTATX - SA POBLA<\/h2>\t\t\t\t<\/div>\n\t\t\t\t<\/div>\n\t\t\t\t<div class=\"elementor-element elementor-element-ab349a8 elementor-widget elementor-widget-heading\" data-id=\"ab349a8\" data-element_type=\"widget\" data-widget_type=\"heading.default\">\n\t\t\t\t<div class=\"elementor-widget-container\">\n\t\t\t\t\t<h2 class=\"elementor-heading-title elementor-size-default\">M\u00e1s all\u00e1 de la marjal, el habit\u00e1culo de Santa Margalida<\/h2>\t\t\t\t<\/div>\n\t\t\t\t<\/div>\n\t\t\t\t<div class=\"elementor-element elementor-element-97c4a02 elementor-widget-divider--view-line elementor-widget elementor-widget-divider\" data-id=\"97c4a02\" data-element_type=\"widget\" data-widget_type=\"divider.default\">\n\t\t\t\t<div class=\"elementor-widget-container\">\n\t\t\t\t\t\t\t<div class=\"elementor-divider\">\n\t\t\t<span class=\"elementor-divider-separator\">\n\t\t\t\t\t\t<\/span>\n\t\t<\/div>\n\t\t\t\t\t\t<\/div>\n\t\t\t\t<\/div>\n\t\t\t\t<div class=\"elementor-element elementor-element-a296193 elementor-widget__width-initial elementor-widget elementor-widget-text-editor\" data-id=\"a296193\" data-element_type=\"widget\" data-widget_type=\"text-editor.default\">\n\t\t\t\t<div class=\"elementor-widget-container\">\n\t\t\t\t\t\t\t\t\t<p>El Oratorio de Crestatx aparece documentado por primera vez en 1285. Se trataba de un peque\u00f1o templo de estructura muy simple que, con el paso de los siglos amenaz\u00f3 ruina. A mediados del siglo XVIII, el Obispo de Mallorca Jos\u00e9 de Cepeda, as\u00ed lo describi\u00f3 en su visita pastoral. Por eso, fueron varias las intervenciones del Oratorio durante los siglos XVIII, XIX y XX (cambio de espada\u00f1a, reforma del frontis y cubiertas, de la antigua casa del donado, entre otros).   <\/p><p>En su interior se conservan varios bienes de gran val\u00eda, algunos procedentes de la iglesia parroquial de San Antonio Abad de Sa Pobla o del antiguo museo local. Retablos y esculturas testigos de la producci\u00f3n art\u00edstica de entre los siglos XVI y XIX. Destaca la mesa de Roser, atribuida al taller de los Llopis, que conserva una imagen de la Virgen con Nin en su hornacina central, anterior a la realizaci\u00f3n de la mesa, proveniente de Binifald\u00f3. El retablo del altar mayor, dedicado a Santa Margalida, conserva una talla de la patrona y data del siglo XVII.   <\/p><p>El Oratorio es testigo y emplazamiento de la tradicional pancaridad, que se celebra el martes despu\u00e9s del Domingo de Pascua. Desde el siglo XVI se encuentran documentadas tres fiestas en el Oratorio durante todo el a\u00f1o, donde iba todo el pueblo, haciendo especial menci\u00f3n a la fiesta principal que era la que se celebraba el martes despu\u00e9s del Domingo de Pascua. <\/p>\t\t\t\t\t\t\t\t<\/div>\n\t\t\t\t<\/div>\n\t\t\t\t<\/div>\n\t\t\t\t<\/div>\n\t\t\t\t<\/div>\n\t\t<div class=\"elementor-element elementor-element-7ac346b e-con-full e-flex e-con e-parent\" data-id=\"7ac346b\" data-element_type=\"container\" data-settings=\"{&quot;background_background&quot;:&quot;classic&quot;}\">\n\t\t\t\t<div class=\"elementor-element elementor-element-e478d07 elementor-widget__width-initial elementor-widget elementor-widget-gallery\" data-id=\"e478d07\" data-element_type=\"widget\" data-settings=\"{&quot;gallery_layout&quot;:&quot;justified&quot;,&quot;gap&quot;:{&quot;unit&quot;:&quot;px&quot;,&quot;size&quot;:3,&quot;sizes&quot;:[]},&quot;ideal_row_height&quot;:{&quot;unit&quot;:&quot;px&quot;,&quot;size&quot;:300,&quot;sizes&quot;:[]},&quot;gap_tablet&quot;:{&quot;unit&quot;:&quot;px&quot;,&quot;size&quot;:3,&quot;sizes&quot;:[]},&quot;gap_mobile&quot;:{&quot;unit&quot;:&quot;px&quot;,&quot;size&quot;:3,&quot;sizes&quot;:[]},&quot;lazyload&quot;:&quot;yes&quot;,&quot;ideal_row_height_tablet&quot;:{&quot;unit&quot;:&quot;px&quot;,&quot;size&quot;:150,&quot;sizes&quot;:[]},&quot;ideal_row_height_mobile&quot;:{&quot;unit&quot;:&quot;px&quot;,&quot;size&quot;:150,&quot;sizes&quot;:[]},&quot;link_to&quot;:&quot;file&quot;,&quot;overlay_background&quot;:&quot;yes&quot;,&quot;content_hover_animation&quot;:&quot;fade-in&quot;}\" data-widget_type=\"gallery.default\">\n\t\t\t\t<div class=\"elementor-widget-container\">\n\t\t\t\t\t\t\t<div class=\"elementor-gallery__container\">\n\t\t\t\t\t\t\t<a class=\"e-gallery-item elementor-gallery-item elementor-animated-content\" href=\"https:\/\/maioricasacra.org\/wp-content\/uploads\/2024\/06\/esglesies-3-S-sapobla-crestatx-maiorica-sacra-scaled.jpeg\" data-elementor-open-lightbox=\"yes\" data-elementor-lightbox-slideshow=\"e478d07\" data-elementor-lightbox-title=\"esglesies-3-S-sapobla-crestatx-maiorica-sacra\" data-e-action-hash=\"#elementor-action%3Aaction%3Dlightbox%26settings%3DeyJpZCI6MzM5NCwidXJsIjoiaHR0cHM6XC9cL21haW9yaWNhc2FjcmEub3JnXC93cC1jb250ZW50XC91cGxvYWRzXC8yMDI0XC8wNlwvZXNnbGVzaWVzLTMtUy1zYXBvYmxhLWNyZXN0YXR4LW1haW9yaWNhLXNhY3JhLXNjYWxlZC5qcGVnIiwic2xpZGVzaG93IjoiZTQ3OGQwNyJ9\">\n\t\t\t\t\t<div class=\"e-gallery-image elementor-gallery-item__image\" data-thumbnail=\"https:\/\/maioricasacra.org\/wp-content\/uploads\/2024\/06\/esglesies-3-S-sapobla-crestatx-maiorica-sacra-768x1024.jpeg\" data-width=\"768\" data-height=\"1024\" aria-label=\"\" role=\"img\" ><\/div>\n\t\t\t\t\t\t\t\t\t\t\t<div class=\"elementor-gallery-item__overlay\"><\/div>\n\t\t\t\t\t\t\t\t\t\t\t\t\t\t<\/a>\n\t\t\t\t\t\t\t<a class=\"e-gallery-item elementor-gallery-item elementor-animated-content\" href=\"https:\/\/maioricasacra.org\/wp-content\/uploads\/2024\/06\/esglesies-4-S-sapobla-crestatx-maiorica-sacra-scaled.jpeg\" data-elementor-open-lightbox=\"yes\" data-elementor-lightbox-slideshow=\"e478d07\" data-elementor-lightbox-title=\"esglesies-4-S-sapobla-crestatx-maiorica-sacra\" data-e-action-hash=\"#elementor-action%3Aaction%3Dlightbox%26settings%3DeyJpZCI6MzM5NiwidXJsIjoiaHR0cHM6XC9cL21haW9yaWNhc2FjcmEub3JnXC93cC1jb250ZW50XC91cGxvYWRzXC8yMDI0XC8wNlwvZXNnbGVzaWVzLTQtUy1zYXBvYmxhLWNyZXN0YXR4LW1haW9yaWNhLXNhY3JhLXNjYWxlZC5qcGVnIiwic2xpZGVzaG93IjoiZTQ3OGQwNyJ9\">\n\t\t\t\t\t<div class=\"e-gallery-image elementor-gallery-item__image\" data-thumbnail=\"https:\/\/maioricasacra.org\/wp-content\/uploads\/2024\/06\/esglesies-4-S-sapobla-crestatx-maiorica-sacra-768x1024.jpeg\" data-width=\"768\" data-height=\"1024\" aria-label=\"\" role=\"img\" ><\/div>\n\t\t\t\t\t\t\t\t\t\t\t<div class=\"elementor-gallery-item__overlay\"><\/div>\n\t\t\t\t\t\t\t\t\t\t\t\t\t\t<\/a>\n\t\t\t\t\t\t\t<a class=\"e-gallery-item elementor-gallery-item elementor-animated-content\" href=\"https:\/\/maioricasacra.org\/wp-content\/uploads\/2024\/06\/esglesies-6-S-sapobla-crestatx-maiorica-sacra-scaled.jpeg\" data-elementor-open-lightbox=\"yes\" data-elementor-lightbox-slideshow=\"e478d07\" data-elementor-lightbox-title=\"esglesies-6-S-sapobla-crestatx-maiorica-sacra\" data-e-action-hash=\"#elementor-action%3Aaction%3Dlightbox%26settings%3DeyJpZCI6MzM5OCwidXJsIjoiaHR0cHM6XC9cL21haW9yaWNhc2FjcmEub3JnXC93cC1jb250ZW50XC91cGxvYWRzXC8yMDI0XC8wNlwvZXNnbGVzaWVzLTYtUy1zYXBvYmxhLWNyZXN0YXR4LW1haW9yaWNhLXNhY3JhLXNjYWxlZC5qcGVnIiwic2xpZGVzaG93IjoiZTQ3OGQwNyJ9\">\n\t\t\t\t\t<div class=\"e-gallery-image elementor-gallery-item__image\" data-thumbnail=\"https:\/\/maioricasacra.org\/wp-content\/uploads\/2024\/06\/esglesies-6-S-sapobla-crestatx-maiorica-sacra-768x1024.jpeg\" data-width=\"768\" data-height=\"1024\" aria-label=\"\" role=\"img\" ><\/div>\n\t\t\t\t\t\t\t\t\t\t\t<div class=\"elementor-gallery-item__overlay\"><\/div>\n\t\t\t\t\t\t\t\t\t\t\t\t\t\t<\/a>\n\t\t\t\t\t\t\t<a class=\"e-gallery-item elementor-gallery-item elementor-animated-content\" href=\"https:\/\/maioricasacra.org\/wp-content\/uploads\/2024\/06\/esglesies-7-S-sapobla-crestatx-maiorica-sacra-scaled.jpeg\" data-elementor-open-lightbox=\"yes\" data-elementor-lightbox-slideshow=\"e478d07\" data-elementor-lightbox-title=\"esglesies-7-S-sapobla-crestatx-maiorica-sacra\" data-e-action-hash=\"#elementor-action%3Aaction%3Dlightbox%26settings%3DeyJpZCI6MzQwMCwidXJsIjoiaHR0cHM6XC9cL21haW9yaWNhc2FjcmEub3JnXC93cC1jb250ZW50XC91cGxvYWRzXC8yMDI0XC8wNlwvZXNnbGVzaWVzLTctUy1zYXBvYmxhLWNyZXN0YXR4LW1haW9yaWNhLXNhY3JhLXNjYWxlZC5qcGVnIiwic2xpZGVzaG93IjoiZTQ3OGQwNyJ9\">\n\t\t\t\t\t<div class=\"e-gallery-image elementor-gallery-item__image\" data-thumbnail=\"https:\/\/maioricasacra.org\/wp-content\/uploads\/2024\/06\/esglesies-7-S-sapobla-crestatx-maiorica-sacra-768x1024.jpeg\" data-width=\"768\" data-height=\"1024\" aria-label=\"\" role=\"img\" ><\/div>\n\t\t\t\t\t\t\t\t\t\t\t<div class=\"elementor-gallery-item__overlay\"><\/div>\n\t\t\t\t\t\t\t\t\t\t\t\t\t\t<\/a>\n\t\t\t\t\t\t\t<a class=\"e-gallery-item elementor-gallery-item elementor-animated-content\" href=\"https:\/\/maioricasacra.org\/wp-content\/uploads\/2024\/06\/esglesies-8-S-sapobla-crestatx-maiorica-sacra-scaled.jpeg\" data-elementor-open-lightbox=\"yes\" data-elementor-lightbox-slideshow=\"e478d07\" data-elementor-lightbox-title=\"esglesies-8-S-sapobla-crestatx-maiorica-sacra\" data-e-action-hash=\"#elementor-action%3Aaction%3Dlightbox%26settings%3DeyJpZCI6MzQwMiwidXJsIjoiaHR0cHM6XC9cL21haW9yaWNhc2FjcmEub3JnXC93cC1jb250ZW50XC91cGxvYWRzXC8yMDI0XC8wNlwvZXNnbGVzaWVzLTgtUy1zYXBvYmxhLWNyZXN0YXR4LW1haW9yaWNhLXNhY3JhLXNjYWxlZC5qcGVnIiwic2xpZGVzaG93IjoiZTQ3OGQwNyJ9\">\n\t\t\t\t\t<div class=\"e-gallery-image elementor-gallery-item__image\" data-thumbnail=\"https:\/\/maioricasacra.org\/wp-content\/uploads\/2024\/06\/esglesies-8-S-sapobla-crestatx-maiorica-sacra-768x1024.jpeg\" data-width=\"768\" data-height=\"1024\" aria-label=\"\" role=\"img\" ><\/div>\n\t\t\t\t\t\t\t\t\t\t\t<div class=\"elementor-gallery-item__overlay\"><\/div>\n\t\t\t\t\t\t\t\t\t\t\t\t\t\t<\/a>\n\t\t\t\t\t\t\t<a class=\"e-gallery-item elementor-gallery-item elementor-animated-content\" href=\"https:\/\/maioricasacra.org\/wp-content\/uploads\/2024\/06\/esglesies-9-S-sapobla-crestatx-maiorica-sacra-scaled.jpeg\" data-elementor-open-lightbox=\"yes\" data-elementor-lightbox-slideshow=\"e478d07\" data-elementor-lightbox-title=\"esglesies-9-S-sapobla-crestatx-maiorica-sacra\" data-e-action-hash=\"#elementor-action%3Aaction%3Dlightbox%26settings%3DeyJpZCI6MzQwNCwidXJsIjoiaHR0cHM6XC9cL21haW9yaWNhc2FjcmEub3JnXC93cC1jb250ZW50XC91cGxvYWRzXC8yMDI0XC8wNlwvZXNnbGVzaWVzLTktUy1zYXBvYmxhLWNyZXN0YXR4LW1haW9yaWNhLXNhY3JhLXNjYWxlZC5qcGVnIiwic2xpZGVzaG93IjoiZTQ3OGQwNyJ9\">\n\t\t\t\t\t<div class=\"e-gallery-image elementor-gallery-item__image\" data-thumbnail=\"https:\/\/maioricasacra.org\/wp-content\/uploads\/2024\/06\/esglesies-9-S-sapobla-crestatx-maiorica-sacra-768x1024.jpeg\" data-width=\"768\" data-height=\"1024\" aria-label=\"\" role=\"img\" ><\/div>\n\t\t\t\t\t\t\t\t\t\t\t<div class=\"elementor-gallery-item__overlay\"><\/div>\n\t\t\t\t\t\t\t\t\t\t\t\t\t\t<\/a>\n\t\t\t\t\t<\/div>\n\t\t\t\t\t<\/div>\n\t\t\t\t<\/div>\n\t\t\t\t<\/div>\n\t\t<div class=\"elementor-element elementor-element-7ae675a e-con-full e-flex e-con e-parent\" data-id=\"7ae675a\" data-element_type=\"container\">\n\t\t\t\t<div class=\"elementor-element elementor-element-f358c20 elementor-widget elementor-widget-heading\" data-id=\"f358c20\" data-element_type=\"widget\" data-widget_type=\"heading.default\">\n\t\t\t\t<div class=\"elementor-widget-container\">\n\t\t\t\t\t<h2 class=\"elementor-heading-title elementor-size-default\">M\u00c1S IGLESIAS DE LA RED<\/h2>\t\t\t\t<\/div>\n\t\t\t\t<\/div>\n\t\t<div class=\"elementor-element elementor-element-d9512ca e-con-full e-flex e-con e-child\" data-id=\"d9512ca\" data-element_type=\"container\">\n\t\t\t\t<\/div>\n\t\t\t\t<\/div>\n\t\t\t\t<\/div>\n\t\t","protected":false},"excerpt":{"rendered":"<p>Carretera Sa Pobla \u2013 Pollen\u00e7a, s\/n. Sa Pobla, 07420 HORARIO DE APERTURA De martes a domingo de 10 a 19h +34 608 172 914 parroquiasapobla@gmail.com www.sapoblaparroquia.es ORATORIO DE SANTA MARGALIDA DE CRESTATX &#8211; SA POBLA M\u00e1s all\u00e1 de la marjal, el habit\u00e1culo de Santa Margalida El Oratorio de Crestatx aparece documentado por primera vez en [&hellip;]<\/p>\n","protected":false},"author":3,"featured_media":3391,"parent":0,"menu_order":0,"comment_status":"closed","ping_status":"closed","template":"elementor_header_footer","meta":{"footnotes":""},"categories":[35],"tags":[],"class_list":["post-3381","page","type-page","status-publish","has-post-thumbnail","hentry","category-red-iglesias"],"yoast_head":"<!-- This site is optimized with the Yoast SEO plugin v26.9 - https:\/\/yoast.com\/product\/yoast-seo-wordpress\/ -->\n<title>Oratorio de Santa Margalida de Crestatx - Sa Pobla - Maiorica Sacra<\/title>\n<meta name=\"robots\" content=\"index, follow, max-snippet:-1, max-image-preview:large, max-video-preview:-1\" \/>\n<link rel=\"canonical\" href=\"https:\/\/maioricasacra.org\/es\/oratorio-de-santa-margalida-de-crestatx-sa-pobla\/\" \/>\n<meta property=\"og:locale\" content=\"es_ES\" \/>\n<meta property=\"og:type\" content=\"article\" \/>\n<meta property=\"og:title\" content=\"Oratorio de Santa Margalida de Crestatx - Sa Pobla - Maiorica Sacra\" \/>\n<meta property=\"og:description\" content=\"Carretera Sa Pobla \u2013 Pollen\u00e7a, s\/n. Sa Pobla, 07420 HORARIO DE APERTURA De martes a domingo de 10 a 19h +34 608 172 914 parroquiasapobla@gmail.com www.sapoblaparroquia.es ORATORIO DE SANTA MARGALIDA DE CRESTATX &#8211; SA POBLA M\u00e1s all\u00e1 de la marjal, el habit\u00e1culo de Santa Margalida El Oratorio de Crestatx aparece documentado por primera vez en [&hellip;]\" \/>\n<meta property=\"og:url\" content=\"https:\/\/maioricasacra.org\/es\/oratorio-de-santa-margalida-de-crestatx-sa-pobla\/\" \/>\n<meta property=\"og:site_name\" content=\"Maiorica Sacra\" \/>\n<meta property=\"article:publisher\" content=\"https:\/\/www.facebook.com\/maioricasacra\" \/>\n<meta property=\"article:modified_time\" content=\"2025-08-28T08:33:27+00:00\" \/>\n<meta property=\"og:image\" content=\"https:\/\/maioricasacra.org\/wp-content\/uploads\/2024\/06\/esglesies-1-S-sapobla-crestatx-maiorica-sacra-scaled.jpeg\" \/>\n\t<meta property=\"og:image:width\" content=\"2560\" \/>\n\t<meta property=\"og:image:height\" content=\"1920\" \/>\n\t<meta property=\"og:image:type\" content=\"image\/jpeg\" \/>\n<meta name=\"twitter:card\" content=\"summary_large_image\" \/>\n<meta name=\"twitter:label1\" content=\"Tiempo de lectura\" \/>\n\t<meta name=\"twitter:data1\" content=\"1 minuto\" \/>\n<script type=\"application\/ld+json\" class=\"yoast-schema-graph\">{\"@context\":\"https:\/\/schema.org\",\"@graph\":[{\"@type\":\"WebPage\",\"@id\":\"https:\/\/maioricasacra.org\/es\/oratorio-de-santa-margalida-de-crestatx-sa-pobla\/\",\"url\":\"https:\/\/maioricasacra.org\/es\/oratorio-de-santa-margalida-de-crestatx-sa-pobla\/\",\"name\":\"Oratorio de Santa Margalida de Crestatx - Sa Pobla - Maiorica Sacra\",\"isPartOf\":{\"@id\":\"https:\/\/maioricasacra.org\/es\/#website\"},\"primaryImageOfPage\":{\"@id\":\"https:\/\/maioricasacra.org\/es\/oratorio-de-santa-margalida-de-crestatx-sa-pobla\/#primaryimage\"},\"image\":{\"@id\":\"https:\/\/maioricasacra.org\/es\/oratorio-de-santa-margalida-de-crestatx-sa-pobla\/#primaryimage\"},\"thumbnailUrl\":\"https:\/\/maioricasacra.org\/wp-content\/uploads\/2024\/06\/esglesies-1-S-sapobla-crestatx-maiorica-sacra-scaled.jpeg\",\"datePublished\":\"2024-06-18T08:06:02+00:00\",\"dateModified\":\"2025-08-28T08:33:27+00:00\",\"breadcrumb\":{\"@id\":\"https:\/\/maioricasacra.org\/es\/oratorio-de-santa-margalida-de-crestatx-sa-pobla\/#breadcrumb\"},\"inLanguage\":\"es\",\"potentialAction\":[{\"@type\":\"ReadAction\",\"target\":[\"https:\/\/maioricasacra.org\/es\/oratorio-de-santa-margalida-de-crestatx-sa-pobla\/\"]}]},{\"@type\":\"ImageObject\",\"inLanguage\":\"es\",\"@id\":\"https:\/\/maioricasacra.org\/es\/oratorio-de-santa-margalida-de-crestatx-sa-pobla\/#primaryimage\",\"url\":\"https:\/\/maioricasacra.org\/wp-content\/uploads\/2024\/06\/esglesies-1-S-sapobla-crestatx-maiorica-sacra-scaled.jpeg\",\"contentUrl\":\"https:\/\/maioricasacra.org\/wp-content\/uploads\/2024\/06\/esglesies-1-S-sapobla-crestatx-maiorica-sacra-scaled.jpeg\",\"width\":2560,\"height\":1920,\"caption\":\"Oratori de Santa Margalida de Crestatx - Sa Pobla. \u00a9 Bisbat de Mallorca\"},{\"@type\":\"BreadcrumbList\",\"@id\":\"https:\/\/maioricasacra.org\/es\/oratorio-de-santa-margalida-de-crestatx-sa-pobla\/#breadcrumb\",\"itemListElement\":[{\"@type\":\"ListItem\",\"position\":1,\"name\":\"Inici\",\"item\":\"https:\/\/maioricasacra.org\/es\/\"},{\"@type\":\"ListItem\",\"position\":2,\"name\":\"Oratorio de Santa Margalida de Crestatx &#8211; Sa Pobla\"}]},{\"@type\":\"WebSite\",\"@id\":\"https:\/\/maioricasacra.org\/es\/#website\",\"url\":\"https:\/\/maioricasacra.org\/es\/\",\"name\":\"Maiorica Sacra\",\"description\":\"Patrimoni Religi\u00f3s a l&#039;abast de tots\",\"publisher\":{\"@id\":\"https:\/\/maioricasacra.org\/es\/#organization\"},\"alternateName\":\"MS\",\"potentialAction\":[{\"@type\":\"SearchAction\",\"target\":{\"@type\":\"EntryPoint\",\"urlTemplate\":\"https:\/\/maioricasacra.org\/es\/?s={search_term_string}\"},\"query-input\":{\"@type\":\"PropertyValueSpecification\",\"valueRequired\":true,\"valueName\":\"search_term_string\"}}],\"inLanguage\":\"es\"},{\"@type\":\"Organization\",\"@id\":\"https:\/\/maioricasacra.org\/es\/#organization\",\"name\":\"Maiorica Sacra\",\"url\":\"https:\/\/maioricasacra.org\/es\/\",\"logo\":{\"@type\":\"ImageObject\",\"inLanguage\":\"es\",\"@id\":\"https:\/\/maioricasacra.org\/es\/#\/schema\/logo\/image\/\",\"url\":\"https:\/\/maioricasacra.org\/wp-content\/uploads\/2023\/10\/maioricasacra-web-logo-quisom.png\",\"contentUrl\":\"https:\/\/maioricasacra.org\/wp-content\/uploads\/2023\/10\/maioricasacra-web-logo-quisom.png\",\"width\":600,\"height\":315,\"caption\":\"Maiorica Sacra\"},\"image\":{\"@id\":\"https:\/\/maioricasacra.org\/es\/#\/schema\/logo\/image\/\"},\"sameAs\":[\"https:\/\/www.facebook.com\/maioricasacra\",\"https:\/\/www.instagram.com\/maioricasacra\/\"]}]}<\/script>\n<!-- \/ Yoast SEO plugin. -->","yoast_head_json":{"title":"Oratorio de Santa Margalida de Crestatx - Sa Pobla - Maiorica Sacra","robots":{"index":"index","follow":"follow","max-snippet":"max-snippet:-1","max-image-preview":"max-image-preview:large","max-video-preview":"max-video-preview:-1"},"canonical":"https:\/\/maioricasacra.org\/es\/oratorio-de-santa-margalida-de-crestatx-sa-pobla\/","og_locale":"es_ES","og_type":"article","og_title":"Oratorio de Santa Margalida de Crestatx - Sa Pobla - Maiorica Sacra","og_description":"Carretera Sa Pobla \u2013 Pollen\u00e7a, s\/n. Sa Pobla, 07420 HORARIO DE APERTURA De martes a domingo de 10 a 19h +34 608 172 914 parroquiasapobla@gmail.com www.sapoblaparroquia.es ORATORIO DE SANTA MARGALIDA DE CRESTATX &#8211; SA POBLA M\u00e1s all\u00e1 de la marjal, el habit\u00e1culo de Santa Margalida El Oratorio de Crestatx aparece documentado por primera vez en [&hellip;]","og_url":"https:\/\/maioricasacra.org\/es\/oratorio-de-santa-margalida-de-crestatx-sa-pobla\/","og_site_name":"Maiorica Sacra","article_publisher":"https:\/\/www.facebook.com\/maioricasacra","article_modified_time":"2025-08-28T08:33:27+00:00","og_image":[{"width":2560,"height":1920,"url":"https:\/\/maioricasacra.org\/wp-content\/uploads\/2024\/06\/esglesies-1-S-sapobla-crestatx-maiorica-sacra-scaled.jpeg","type":"image\/jpeg"}],"twitter_card":"summary_large_image","twitter_misc":{"Tiempo de lectura":"1 minuto"},"schema":{"@context":"https:\/\/schema.org","@graph":[{"@type":"WebPage","@id":"https:\/\/maioricasacra.org\/es\/oratorio-de-santa-margalida-de-crestatx-sa-pobla\/","url":"https:\/\/maioricasacra.org\/es\/oratorio-de-santa-margalida-de-crestatx-sa-pobla\/","name":"Oratorio de Santa Margalida de Crestatx - Sa Pobla - Maiorica Sacra","isPartOf":{"@id":"https:\/\/maioricasacra.org\/es\/#website"},"primaryImageOfPage":{"@id":"https:\/\/maioricasacra.org\/es\/oratorio-de-santa-margalida-de-crestatx-sa-pobla\/#primaryimage"},"image":{"@id":"https:\/\/maioricasacra.org\/es\/oratorio-de-santa-margalida-de-crestatx-sa-pobla\/#primaryimage"},"thumbnailUrl":"https:\/\/maioricasacra.org\/wp-content\/uploads\/2024\/06\/esglesies-1-S-sapobla-crestatx-maiorica-sacra-scaled.jpeg","datePublished":"2024-06-18T08:06:02+00:00","dateModified":"2025-08-28T08:33:27+00:00","breadcrumb":{"@id":"https:\/\/maioricasacra.org\/es\/oratorio-de-santa-margalida-de-crestatx-sa-pobla\/#breadcrumb"},"inLanguage":"es","potentialAction":[{"@type":"ReadAction","target":["https:\/\/maioricasacra.org\/es\/oratorio-de-santa-margalida-de-crestatx-sa-pobla\/"]}]},{"@type":"ImageObject","inLanguage":"es","@id":"https:\/\/maioricasacra.org\/es\/oratorio-de-santa-margalida-de-crestatx-sa-pobla\/#primaryimage","url":"https:\/\/maioricasacra.org\/wp-content\/uploads\/2024\/06\/esglesies-1-S-sapobla-crestatx-maiorica-sacra-scaled.jpeg","contentUrl":"https:\/\/maioricasacra.org\/wp-content\/uploads\/2024\/06\/esglesies-1-S-sapobla-crestatx-maiorica-sacra-scaled.jpeg","width":2560,"height":1920,"caption":"Oratori de Santa Margalida de Crestatx - Sa Pobla. \u00a9 Bisbat de Mallorca"},{"@type":"BreadcrumbList","@id":"https:\/\/maioricasacra.org\/es\/oratorio-de-santa-margalida-de-crestatx-sa-pobla\/#breadcrumb","itemListElement":[{"@type":"ListItem","position":1,"name":"Inici","item":"https:\/\/maioricasacra.org\/es\/"},{"@type":"ListItem","position":2,"name":"Oratorio de Santa Margalida de Crestatx &#8211; Sa Pobla"}]},{"@type":"WebSite","@id":"https:\/\/maioricasacra.org\/es\/#website","url":"https:\/\/maioricasacra.org\/es\/","name":"Maiorica Sacra","description":"Patrimoni Religi\u00f3s a l&#039;abast de tots","publisher":{"@id":"https:\/\/maioricasacra.org\/es\/#organization"},"alternateName":"MS","potentialAction":[{"@type":"SearchAction","target":{"@type":"EntryPoint","urlTemplate":"https:\/\/maioricasacra.org\/es\/?s={search_term_string}"},"query-input":{"@type":"PropertyValueSpecification","valueRequired":true,"valueName":"search_term_string"}}],"inLanguage":"es"},{"@type":"Organization","@id":"https:\/\/maioricasacra.org\/es\/#organization","name":"Maiorica Sacra","url":"https:\/\/maioricasacra.org\/es\/","logo":{"@type":"ImageObject","inLanguage":"es","@id":"https:\/\/maioricasacra.org\/es\/#\/schema\/logo\/image\/","url":"https:\/\/maioricasacra.org\/wp-content\/uploads\/2023\/10\/maioricasacra-web-logo-quisom.png","contentUrl":"https:\/\/maioricasacra.org\/wp-content\/uploads\/2023\/10\/maioricasacra-web-logo-quisom.png","width":600,"height":315,"caption":"Maiorica Sacra"},"image":{"@id":"https:\/\/maioricasacra.org\/es\/#\/schema\/logo\/image\/"},"sameAs":["https:\/\/www.facebook.com\/maioricasacra","https:\/\/www.instagram.com\/maioricasacra\/"]}]}},"_links":{"self":[{"href":"https:\/\/maioricasacra.org\/es\/wp-json\/wp\/v2\/pages\/3381","targetHints":{"allow":["GET"]}}],"collection":[{"href":"https:\/\/maioricasacra.org\/es\/wp-json\/wp\/v2\/pages"}],"about":[{"href":"https:\/\/maioricasacra.org\/es\/wp-json\/wp\/v2\/types\/page"}],"author":[{"embeddable":true,"href":"https:\/\/maioricasacra.org\/es\/wp-json\/wp\/v2\/users\/3"}],"replies":[{"embeddable":true,"href":"https:\/\/maioricasacra.org\/es\/wp-json\/wp\/v2\/comments?post=3381"}],"version-history":[{"count":6,"href":"https:\/\/maioricasacra.org\/es\/wp-json\/wp\/v2\/pages\/3381\/revisions"}],"predecessor-version":[{"id":7110,"href":"https:\/\/maioricasacra.org\/es\/wp-json\/wp\/v2\/pages\/3381\/revisions\/7110"}],"wp:featuredmedia":[{"embeddable":true,"href":"https:\/\/maioricasacra.org\/es\/wp-json\/wp\/v2\/media\/3391"}],"wp:attachment":[{"href":"https:\/\/maioricasacra.org\/es\/wp-json\/wp\/v2\/media?parent=3381"}],"wp:term":[{"taxonomy":"category","embeddable":true,"href":"https:\/\/maioricasacra.org\/es\/wp-json\/wp\/v2\/categories?post=3381"},{"taxonomy":"post_tag","embeddable":true,"href":"https:\/\/maioricasacra.org\/es\/wp-json\/wp\/v2\/tags?post=3381"}],"curies":[{"name":"wp","href":"https:\/\/api.w.org\/{rel}","templated":true}]}}