{"id":3412,"date":"2024-06-18T11:13:02","date_gmt":"2024-06-18T09:13:02","guid":{"rendered":"https:\/\/maioricasacra.org\/?page_id=3412"},"modified":"2025-08-28T10:24:13","modified_gmt":"2025-08-28T08:24:13","slug":"iglesia-parroquial-de-sant-jaume-alcudia","status":"publish","type":"page","link":"https:\/\/maioricasacra.org\/es\/iglesia-parroquial-de-sant-jaume-alcudia\/","title":{"rendered":"Iglesia Parroquial de Sant Jaume &#8211; Alc\u00fadia"},"content":{"rendered":"\t\t<div data-elementor-type=\"wp-page\" data-elementor-id=\"3412\" class=\"elementor elementor-3412 elementor-3411\" data-elementor-post-type=\"page\">\n\t\t\t\t<div class=\"elementor-element elementor-element-fe5f2e0 e-con-full e-flex e-con e-parent\" data-id=\"fe5f2e0\" data-element_type=\"container\" data-settings=\"{&quot;background_background&quot;:&quot;classic&quot;}\">\n\t\t<div class=\"elementor-element elementor-element-637e601 e-con-full e-flex e-con e-child\" data-id=\"637e601\" data-element_type=\"container\">\n\t\t<div class=\"elementor-element elementor-element-fdf6b01 e-con-full e-flex e-con e-child\" data-id=\"fdf6b01\" data-element_type=\"container\" data-settings=\"{&quot;background_background&quot;:&quot;gradient&quot;}\">\n\t\t\t\t<div class=\"elementor-element elementor-element-f4b7c6d elementor-widget elementor-widget-image\" data-id=\"f4b7c6d\" data-element_type=\"widget\" data-widget_type=\"image.default\">\n\t\t\t\t<div class=\"elementor-widget-container\">\n\t\t\t\t\t\t\t\t\t\t\t\t\t\t\t<img fetchpriority=\"high\" decoding=\"async\" width=\"768\" height=\"1024\" src=\"https:\/\/maioricasacra.org\/wp-content\/uploads\/2024\/06\/IMG_5170-768x1024.jpeg\" class=\"attachment-large size-large wp-image-3417\" alt=\"\" srcset=\"https:\/\/maioricasacra.org\/wp-content\/uploads\/2024\/06\/IMG_5170-768x1024.jpeg 768w, https:\/\/maioricasacra.org\/wp-content\/uploads\/2024\/06\/IMG_5170-225x300.jpeg 225w, https:\/\/maioricasacra.org\/wp-content\/uploads\/2024\/06\/IMG_5170-1152x1536.jpeg 1152w, https:\/\/maioricasacra.org\/wp-content\/uploads\/2024\/06\/IMG_5170-1536x2048.jpeg 1536w, https:\/\/maioricasacra.org\/wp-content\/uploads\/2024\/06\/IMG_5170-scaled.jpeg 1920w\" sizes=\"(max-width: 768px) 100vw, 768px\" \/>\t\t\t\t\t\t\t\t\t\t\t\t\t\t\t<\/div>\n\t\t\t\t<\/div>\n\t\t\t\t<div class=\"elementor-element elementor-element-c0a372a elementor-widget-mobile__width-initial elementor-widget__width-initial elementor-icon-list--layout-traditional elementor-list-item-link-full_width elementor-widget elementor-widget-icon-list\" data-id=\"c0a372a\" data-element_type=\"widget\" data-widget_type=\"icon-list.default\">\n\t\t\t\t<div class=\"elementor-widget-container\">\n\t\t\t\t\t\t\t<ul class=\"elementor-icon-list-items\">\n\t\t\t\t\t\t\t<li class=\"elementor-icon-list-item\">\n\t\t\t\t\t\t\t\t\t\t<span class=\"elementor-icon-list-text\"><\/span>\n\t\t\t\t\t\t\t\t\t<\/li>\n\t\t\t\t\t\t\t\t<li class=\"elementor-icon-list-item\">\n\t\t\t\t\t\t\t\t\t\t\t<span class=\"elementor-icon-list-icon\">\n\t\t\t\t\t\t\t<i aria-hidden=\"true\" class=\"fas fa-church\"><\/i>\t\t\t\t\t\t<\/span>\n\t\t\t\t\t\t\t\t\t\t<span class=\"elementor-icon-list-text\">Pla\u00e7a Jaume Qu\u00e9s, s\/n. Alc\u00fadia, 07400 <\/span>\n\t\t\t\t\t\t\t\t\t<\/li>\n\t\t\t\t\t\t\t\t<li class=\"elementor-icon-list-item\">\n\t\t\t\t\t\t\t\t\t\t<span class=\"elementor-icon-list-text\"><\/span>\n\t\t\t\t\t\t\t\t\t<\/li>\n\t\t\t\t\t\t\t\t<li class=\"elementor-icon-list-item\">\n\t\t\t\t\t\t\t\t\t\t<span class=\"elementor-icon-list-text\">HORARIO DE APERTURA<\/span>\n\t\t\t\t\t\t\t\t\t<\/li>\n\t\t\t\t\t\t\t\t<li class=\"elementor-icon-list-item\">\n\t\t\t\t\t\t\t\t\t\t<span class=\"elementor-icon-list-text\">Del 2 de mayo al 31 de octubre <\/span>\n\t\t\t\t\t\t\t\t\t<\/li>\n\t\t\t\t\t\t\t\t<li class=\"elementor-icon-list-item\">\n\t\t\t\t\t\t\t\t\t\t\t<span class=\"elementor-icon-list-icon\">\n\t\t\t\t\t\t\t<i aria-hidden=\"true\" class=\"far fa-clock\"><\/i>\t\t\t\t\t\t<\/span>\n\t\t\t\t\t\t\t\t\t\t<span class=\"elementor-icon-list-text\">Lunes a s\u00e1bado 10 a 13h <\/span>\n\t\t\t\t\t\t\t\t\t<\/li>\n\t\t\t\t\t\t\t\t<li class=\"elementor-icon-list-item\">\n\t\t\t\t\t\t\t\t\t\t<span class=\"elementor-icon-list-text\"><\/span>\n\t\t\t\t\t\t\t\t\t<\/li>\n\t\t\t\t\t\t\t\t<li class=\"elementor-icon-list-item\">\n\t\t\t\t\t\t\t\t\t\t\t<span class=\"elementor-icon-list-icon\">\n\t\t\t\t\t\t\t<i aria-hidden=\"true\" class=\"far fa-envelope\"><\/i>\t\t\t\t\t\t<\/span>\n\t\t\t\t\t\t\t\t\t\t<span class=\"elementor-icon-list-text\">oficines@unitatbadiaalcudia.com<\/span>\n\t\t\t\t\t\t\t\t\t<\/li>\n\t\t\t\t\t\t\t\t<li class=\"elementor-icon-list-item\">\n\t\t\t\t\t\t\t\t\t\t\t<a href=\"http:\/\/www.unitatbadiaalcudia.com%20\">\n\n\t\t\t\t\t\t\t\t\t\t\t\t<span class=\"elementor-icon-list-icon\">\n\t\t\t\t\t\t\t<i aria-hidden=\"true\" class=\"fas fa-globe\"><\/i>\t\t\t\t\t\t<\/span>\n\t\t\t\t\t\t\t\t\t\t<span class=\"elementor-icon-list-text\">www.unitatbadiaalcudia.com <\/span>\n\t\t\t\t\t\t\t\t\t\t\t<\/a>\n\t\t\t\t\t\t\t\t\t<\/li>\n\t\t\t\t\t\t\t\t<li class=\"elementor-icon-list-item\">\n\t\t\t\t\t\t\t\t\t\t\t<span class=\"elementor-icon-list-icon\">\n\t\t\t\t\t\t\t<i aria-hidden=\"true\" class=\"fas fa-ticket-alt\"><\/i>\t\t\t\t\t\t<\/span>\n\t\t\t\t\t\t\t\t\t\t<span class=\"elementor-icon-list-text\">Donativo: 1\u20ac<\/span>\n\t\t\t\t\t\t\t\t\t<\/li>\n\t\t\t\t\t\t<\/ul>\n\t\t\t\t\t\t<\/div>\n\t\t\t\t<\/div>\n\t\t\t\t<\/div>\n\t\t<div class=\"elementor-element elementor-element-c49000c e-con-full e-flex e-con e-child\" data-id=\"c49000c\" data-element_type=\"container\">\n\t\t\t\t<div class=\"elementor-element elementor-element-2e9dfe5 elementor-widget elementor-widget-heading\" data-id=\"2e9dfe5\" data-element_type=\"widget\" data-widget_type=\"heading.default\">\n\t\t\t\t<div class=\"elementor-widget-container\">\n\t\t\t\t\t<h2 class=\"elementor-heading-title elementor-size-default\">IGLESIA PARROQUIAL DE SANT JAUME - ALC\u00daDIA<\/h2>\t\t\t\t<\/div>\n\t\t\t\t<\/div>\n\t\t\t\t<div class=\"elementor-element elementor-element-ab349a8 elementor-widget elementor-widget-heading\" data-id=\"ab349a8\" data-element_type=\"widget\" data-widget_type=\"heading.default\">\n\t\t\t\t<div class=\"elementor-widget-container\">\n\t\t\t\t\t<h2 class=\"elementor-heading-title elementor-size-default\">Iglesia derruida, iglesia reconstruida<\/h2>\t\t\t\t<\/div>\n\t\t\t\t<\/div>\n\t\t\t\t<div class=\"elementor-element elementor-element-97c4a02 elementor-widget-divider--view-line elementor-widget elementor-widget-divider\" data-id=\"97c4a02\" data-element_type=\"widget\" data-widget_type=\"divider.default\">\n\t\t\t\t<div class=\"elementor-widget-container\">\n\t\t\t\t\t\t\t<div class=\"elementor-divider\">\n\t\t\t<span class=\"elementor-divider-separator\">\n\t\t\t\t\t\t<\/span>\n\t\t<\/div>\n\t\t\t\t\t\t<\/div>\n\t\t\t\t<\/div>\n\t\t\t\t<div class=\"elementor-element elementor-element-a296193 elementor-widget__width-initial elementor-widget elementor-widget-text-editor\" data-id=\"a296193\" data-element_type=\"widget\" data-widget_type=\"text-editor.default\">\n\t\t\t\t<div class=\"elementor-widget-container\">\n\t\t\t\t\t\t\t\t\t<p>La historia de la parroquia de Alc\u00fadia es una historia de una p\u00e9rdida patrimonial. La antigua parroquia de Sant Jaume derrumb\u00f3 una noche de febrero de 1870, cuando cedieron los muros de la parte del evangelio (izquierda). Se trataba de una construcci\u00f3n embutida dentro de la pared de la muralla y se caracterizaba por muros macizos que no permit\u00edan la entrada de demasiada luz.  <\/p><p>El derrumbe propici\u00f3 la construcci\u00f3n (o reconstrucci\u00f3n) de un nuevo templo a partir de 1882, proyectado por el arquitecto Joaqu\u00edn de Pav\u00eda, que en aquel momento cumpl\u00eda funciones de arquitecto provincial de Baleares. Pav\u00eda proyect\u00f3 la iglesia de estilo neog\u00f3tico, siguiendo los par\u00e1metros historicistas que marcaban la \u00e9poca. Adem\u00e1s, Bartomeu Ferr\u00e0, maestro de obras de la iglesia, fue qui\u00e9n termin\u00f3 el templo con la construcci\u00f3n del coro y el frontis de la iglesia, siguiendo el mismo estilo neog\u00f3tico. Las reformas no se pararon a finales del siglo XIX. Con la entrada de la nueva centuria se llevaron a cabo diferentes intervenciones que dieron el aspecto actual.    <\/p><p>Una de las im\u00e1genes que se conserva de la antigua iglesia y que disfruta de una gran devoci\u00f3n popular entre los locales es la figura del St. Cristo. A esta figura se le atribuyen intervenciones milagrosas propiciatorias de lluvia. Tan grande fue su devoci\u00f3n que se tuvo que limitar su sacada en procesi\u00f3n a un pico cada tres a\u00f1os, dando lugar al actual Trienal.  <\/p><p>Puede visitarse tambi\u00e9n el Museo Parroquial, donde se conservan algunas obras magnas del g\u00f3tico mallorqu\u00edn como es el caso de la siller\u00eda g\u00f3tica (que fue expuesta al Museo de Mallorca durante 14 a\u00f1os), el Retablo de la Virgen Mar\u00eda, San Sebasti\u00e1n y San Bernad\u00ed, del siglo XV; los restos de una predela obra de Miquel de Alcanyis, siglo XIV; o la pintura de San Mart\u00edn y el mendicante, obra de Joan Des\u00ed, finales del siglo XV.<\/p>\t\t\t\t\t\t\t\t<\/div>\n\t\t\t\t<\/div>\n\t\t\t\t<\/div>\n\t\t\t\t<\/div>\n\t\t\t\t<\/div>\n\t\t<div class=\"elementor-element elementor-element-24ceb8e e-con-full e-flex e-con e-parent\" data-id=\"24ceb8e\" data-element_type=\"container\" data-settings=\"{&quot;background_background&quot;:&quot;classic&quot;}\">\n\t\t\t\t<div class=\"elementor-element elementor-element-1b7b882 elementor-widget__width-initial elementor-widget elementor-widget-gallery\" data-id=\"1b7b882\" data-element_type=\"widget\" data-settings=\"{&quot;gallery_layout&quot;:&quot;justified&quot;,&quot;gap&quot;:{&quot;unit&quot;:&quot;px&quot;,&quot;size&quot;:3,&quot;sizes&quot;:[]},&quot;ideal_row_height&quot;:{&quot;unit&quot;:&quot;px&quot;,&quot;size&quot;:300,&quot;sizes&quot;:[]},&quot;gap_tablet&quot;:{&quot;unit&quot;:&quot;px&quot;,&quot;size&quot;:3,&quot;sizes&quot;:[]},&quot;gap_mobile&quot;:{&quot;unit&quot;:&quot;px&quot;,&quot;size&quot;:3,&quot;sizes&quot;:[]},&quot;lazyload&quot;:&quot;yes&quot;,&quot;ideal_row_height_tablet&quot;:{&quot;unit&quot;:&quot;px&quot;,&quot;size&quot;:150,&quot;sizes&quot;:[]},&quot;ideal_row_height_mobile&quot;:{&quot;unit&quot;:&quot;px&quot;,&quot;size&quot;:150,&quot;sizes&quot;:[]},&quot;link_to&quot;:&quot;file&quot;,&quot;overlay_background&quot;:&quot;yes&quot;,&quot;content_hover_animation&quot;:&quot;fade-in&quot;}\" data-widget_type=\"gallery.default\">\n\t\t\t\t<div class=\"elementor-widget-container\">\n\t\t\t\t\t\t\t<div class=\"elementor-gallery__container\">\n\t\t\t\t\t\t\t<a class=\"e-gallery-item elementor-gallery-item elementor-animated-content\" href=\"https:\/\/maioricasacra.org\/wp-content\/uploads\/2024\/06\/IMG_5169-scaled.jpeg\" data-elementor-open-lightbox=\"yes\" data-elementor-lightbox-slideshow=\"1b7b882\" data-elementor-lightbox-title=\"IMG_5169\" data-e-action-hash=\"#elementor-action%3Aaction%3Dlightbox%26settings%3DeyJpZCI6MzQxOSwidXJsIjoiaHR0cHM6XC9cL21haW9yaWNhc2FjcmEub3JnXC93cC1jb250ZW50XC91cGxvYWRzXC8yMDI0XC8wNlwvSU1HXzUxNjktc2NhbGVkLmpwZWciLCJzbGlkZXNob3ciOiIxYjdiODgyIn0%3D\">\n\t\t\t\t\t<div class=\"e-gallery-image elementor-gallery-item__image\" data-thumbnail=\"https:\/\/maioricasacra.org\/wp-content\/uploads\/2024\/06\/IMG_5169-768x1024.jpeg\" data-width=\"768\" data-height=\"1024\" aria-label=\"\" role=\"img\" ><\/div>\n\t\t\t\t\t\t\t\t\t\t\t<div class=\"elementor-gallery-item__overlay\"><\/div>\n\t\t\t\t\t\t\t\t\t\t\t\t\t\t<\/a>\n\t\t\t\t\t\t\t<a class=\"e-gallery-item elementor-gallery-item elementor-animated-content\" href=\"https:\/\/maioricasacra.org\/wp-content\/uploads\/2024\/06\/IMG_5170-scaled.jpeg\" data-elementor-open-lightbox=\"yes\" data-elementor-lightbox-slideshow=\"1b7b882\" data-elementor-lightbox-title=\"IMG_5170\" data-e-action-hash=\"#elementor-action%3Aaction%3Dlightbox%26settings%3DeyJpZCI6MzQxNywidXJsIjoiaHR0cHM6XC9cL21haW9yaWNhc2FjcmEub3JnXC93cC1jb250ZW50XC91cGxvYWRzXC8yMDI0XC8wNlwvSU1HXzUxNzAtc2NhbGVkLmpwZWciLCJzbGlkZXNob3ciOiIxYjdiODgyIn0%3D\">\n\t\t\t\t\t<div class=\"e-gallery-image elementor-gallery-item__image\" data-thumbnail=\"https:\/\/maioricasacra.org\/wp-content\/uploads\/2024\/06\/IMG_5170-768x1024.jpeg\" data-width=\"768\" data-height=\"1024\" aria-label=\"\" role=\"img\" ><\/div>\n\t\t\t\t\t\t\t\t\t\t\t<div class=\"elementor-gallery-item__overlay\"><\/div>\n\t\t\t\t\t\t\t\t\t\t\t\t\t\t<\/a>\n\t\t\t\t\t\t\t<a class=\"e-gallery-item elementor-gallery-item elementor-animated-content\" href=\"https:\/\/maioricasacra.org\/wp-content\/uploads\/2024\/06\/IMG_5177-scaled.jpeg\" data-elementor-open-lightbox=\"yes\" data-elementor-lightbox-slideshow=\"1b7b882\" data-elementor-lightbox-title=\"IMG_5177\" data-e-action-hash=\"#elementor-action%3Aaction%3Dlightbox%26settings%3DeyJpZCI6MzQyMSwidXJsIjoiaHR0cHM6XC9cL21haW9yaWNhc2FjcmEub3JnXC93cC1jb250ZW50XC91cGxvYWRzXC8yMDI0XC8wNlwvSU1HXzUxNzctc2NhbGVkLmpwZWciLCJzbGlkZXNob3ciOiIxYjdiODgyIn0%3D\">\n\t\t\t\t\t<div class=\"e-gallery-image elementor-gallery-item__image\" data-thumbnail=\"https:\/\/maioricasacra.org\/wp-content\/uploads\/2024\/06\/IMG_5177-768x1024.jpeg\" data-width=\"768\" data-height=\"1024\" aria-label=\"\" role=\"img\" ><\/div>\n\t\t\t\t\t\t\t\t\t\t\t<div class=\"elementor-gallery-item__overlay\"><\/div>\n\t\t\t\t\t\t\t\t\t\t\t\t\t\t<\/a>\n\t\t\t\t\t\t\t<a class=\"e-gallery-item elementor-gallery-item elementor-animated-content\" href=\"https:\/\/maioricasacra.org\/wp-content\/uploads\/2024\/06\/IMG_5180-scaled.jpeg\" data-elementor-open-lightbox=\"yes\" data-elementor-lightbox-slideshow=\"1b7b882\" data-elementor-lightbox-title=\"IMG_5180\" data-e-action-hash=\"#elementor-action%3Aaction%3Dlightbox%26settings%3DeyJpZCI6MzQyOSwidXJsIjoiaHR0cHM6XC9cL21haW9yaWNhc2FjcmEub3JnXC93cC1jb250ZW50XC91cGxvYWRzXC8yMDI0XC8wNlwvSU1HXzUxODAtc2NhbGVkLmpwZWciLCJzbGlkZXNob3ciOiIxYjdiODgyIn0%3D\">\n\t\t\t\t\t<div class=\"e-gallery-image elementor-gallery-item__image\" data-thumbnail=\"https:\/\/maioricasacra.org\/wp-content\/uploads\/2024\/06\/IMG_5180-768x1024.jpeg\" data-width=\"768\" data-height=\"1024\" aria-label=\"\" role=\"img\" ><\/div>\n\t\t\t\t\t\t\t\t\t\t\t<div class=\"elementor-gallery-item__overlay\"><\/div>\n\t\t\t\t\t\t\t\t\t\t\t\t\t\t<\/a>\n\t\t\t\t\t\t\t<a class=\"e-gallery-item elementor-gallery-item elementor-animated-content\" href=\"https:\/\/maioricasacra.org\/wp-content\/uploads\/2024\/06\/IMG_5181-scaled.jpeg\" data-elementor-open-lightbox=\"yes\" data-elementor-lightbox-slideshow=\"1b7b882\" data-elementor-lightbox-title=\"IMG_5181\" data-e-action-hash=\"#elementor-action%3Aaction%3Dlightbox%26settings%3DeyJpZCI6MzQyMywidXJsIjoiaHR0cHM6XC9cL21haW9yaWNhc2FjcmEub3JnXC93cC1jb250ZW50XC91cGxvYWRzXC8yMDI0XC8wNlwvSU1HXzUxODEtc2NhbGVkLmpwZWciLCJzbGlkZXNob3ciOiIxYjdiODgyIn0%3D\">\n\t\t\t\t\t<div class=\"e-gallery-image elementor-gallery-item__image\" data-thumbnail=\"https:\/\/maioricasacra.org\/wp-content\/uploads\/2024\/06\/IMG_5181-768x576.jpeg\" data-width=\"768\" data-height=\"576\" aria-label=\"\" role=\"img\" ><\/div>\n\t\t\t\t\t\t\t\t\t\t\t<div class=\"elementor-gallery-item__overlay\"><\/div>\n\t\t\t\t\t\t\t\t\t\t\t\t\t\t<\/a>\n\t\t\t\t\t\t\t<a class=\"e-gallery-item elementor-gallery-item elementor-animated-content\" href=\"https:\/\/maioricasacra.org\/wp-content\/uploads\/2024\/06\/IMG_5186-scaled.jpeg\" data-elementor-open-lightbox=\"yes\" data-elementor-lightbox-slideshow=\"1b7b882\" data-elementor-lightbox-title=\"IMG_5186\" data-e-action-hash=\"#elementor-action%3Aaction%3Dlightbox%26settings%3DeyJpZCI6MzQyNSwidXJsIjoiaHR0cHM6XC9cL21haW9yaWNhc2FjcmEub3JnXC93cC1jb250ZW50XC91cGxvYWRzXC8yMDI0XC8wNlwvSU1HXzUxODYtc2NhbGVkLmpwZWciLCJzbGlkZXNob3ciOiIxYjdiODgyIn0%3D\">\n\t\t\t\t\t<div class=\"e-gallery-image elementor-gallery-item__image\" data-thumbnail=\"https:\/\/maioricasacra.org\/wp-content\/uploads\/2024\/06\/IMG_5186-768x1024.jpeg\" data-width=\"768\" data-height=\"1024\" aria-label=\"\" role=\"img\" ><\/div>\n\t\t\t\t\t\t\t\t\t\t\t<div class=\"elementor-gallery-item__overlay\"><\/div>\n\t\t\t\t\t\t\t\t\t\t\t\t\t\t<\/a>\n\t\t\t\t\t\t\t<a class=\"e-gallery-item elementor-gallery-item elementor-animated-content\" href=\"https:\/\/maioricasacra.org\/wp-content\/uploads\/2024\/06\/IMG_5188-scaled.jpeg\" data-elementor-open-lightbox=\"yes\" data-elementor-lightbox-slideshow=\"1b7b882\" data-elementor-lightbox-title=\"IMG_5188\" data-e-action-hash=\"#elementor-action%3Aaction%3Dlightbox%26settings%3DeyJpZCI6MzQyNywidXJsIjoiaHR0cHM6XC9cL21haW9yaWNhc2FjcmEub3JnXC93cC1jb250ZW50XC91cGxvYWRzXC8yMDI0XC8wNlwvSU1HXzUxODgtc2NhbGVkLmpwZWciLCJzbGlkZXNob3ciOiIxYjdiODgyIn0%3D\">\n\t\t\t\t\t<div class=\"e-gallery-image elementor-gallery-item__image\" data-thumbnail=\"https:\/\/maioricasacra.org\/wp-content\/uploads\/2024\/06\/IMG_5188-768x576.jpeg\" data-width=\"768\" data-height=\"576\" aria-label=\"\" role=\"img\" ><\/div>\n\t\t\t\t\t\t\t\t\t\t\t<div class=\"elementor-gallery-item__overlay\"><\/div>\n\t\t\t\t\t\t\t\t\t\t\t\t\t\t<\/a>\n\t\t\t\t\t<\/div>\n\t\t\t\t\t<\/div>\n\t\t\t\t<\/div>\n\t\t\t\t<\/div>\n\t\t<div class=\"elementor-element elementor-element-cb51cca e-con-full e-flex e-con e-parent\" data-id=\"cb51cca\" data-element_type=\"container\">\n\t\t\t\t<div class=\"elementor-element elementor-element-7ecd8d2 elementor-widget elementor-widget-heading\" data-id=\"7ecd8d2\" data-element_type=\"widget\" data-widget_type=\"heading.default\">\n\t\t\t\t<div class=\"elementor-widget-container\">\n\t\t\t\t\t<h2 class=\"elementor-heading-title elementor-size-default\">M\u00c1S IGLESIAS DE LA RED<\/h2>\t\t\t\t<\/div>\n\t\t\t\t<\/div>\n\t\t<div class=\"elementor-element elementor-element-8460a06 e-con-full e-flex e-con e-child\" data-id=\"8460a06\" data-element_type=\"container\">\n\t\t\t\t<\/div>\n\t\t\t\t<\/div>\n\t\t\t\t<\/div>\n\t\t","protected":false},"excerpt":{"rendered":"<p>Pla\u00e7a Jaume Qu\u00e9s, s\/n. Alc\u00fadia, 07400 HORARIO DE APERTURA Del 2 de mayo al 31 de octubre Lunes a s\u00e1bado 10 a 13h oficines@unitatbadiaalcudia.com www.unitatbadiaalcudia.com Donativo: 1\u20ac IGLESIA PARROQUIAL DE SANT JAUME &#8211; ALC\u00daDIA Iglesia derruida, iglesia reconstruida La historia de la parroquia de Alc\u00fadia es una historia de una p\u00e9rdida patrimonial. La antigua parroquia [&hellip;]<\/p>\n","protected":false},"author":3,"featured_media":3417,"parent":0,"menu_order":0,"comment_status":"closed","ping_status":"closed","template":"elementor_header_footer","meta":{"footnotes":""},"categories":[35],"tags":[],"class_list":["post-3412","page","type-page","status-publish","has-post-thumbnail","hentry","category-red-iglesias"],"yoast_head":"<!-- This site is optimized with the Yoast SEO plugin v26.9 - https:\/\/yoast.com\/product\/yoast-seo-wordpress\/ -->\n<title>Iglesia Parroquial de Sant Jaume - Alc\u00fadia - Maiorica Sacra<\/title>\n<meta name=\"robots\" content=\"index, follow, max-snippet:-1, max-image-preview:large, max-video-preview:-1\" \/>\n<link rel=\"canonical\" href=\"https:\/\/maioricasacra.org\/es\/iglesia-parroquial-de-sant-jaume-alcudia\/\" \/>\n<meta property=\"og:locale\" content=\"es_ES\" \/>\n<meta property=\"og:type\" content=\"article\" \/>\n<meta property=\"og:title\" content=\"Iglesia Parroquial de Sant Jaume - Alc\u00fadia - Maiorica Sacra\" \/>\n<meta property=\"og:description\" content=\"Pla\u00e7a Jaume Qu\u00e9s, s\/n. Alc\u00fadia, 07400 HORARIO DE APERTURA Del 2 de mayo al 31 de octubre Lunes a s\u00e1bado 10 a 13h oficines@unitatbadiaalcudia.com www.unitatbadiaalcudia.com Donativo: 1\u20ac IGLESIA PARROQUIAL DE SANT JAUME &#8211; ALC\u00daDIA Iglesia derruida, iglesia reconstruida La historia de la parroquia de Alc\u00fadia es una historia de una p\u00e9rdida patrimonial. La antigua parroquia [&hellip;]\" \/>\n<meta property=\"og:url\" content=\"https:\/\/maioricasacra.org\/es\/iglesia-parroquial-de-sant-jaume-alcudia\/\" \/>\n<meta property=\"og:site_name\" content=\"Maiorica Sacra\" \/>\n<meta property=\"article:publisher\" content=\"https:\/\/www.facebook.com\/maioricasacra\" \/>\n<meta property=\"article:modified_time\" content=\"2025-08-28T08:24:13+00:00\" \/>\n<meta property=\"og:image\" content=\"https:\/\/maioricasacra.org\/wp-content\/uploads\/2024\/06\/IMG_5170-scaled.jpeg\" \/>\n\t<meta property=\"og:image:width\" content=\"1920\" \/>\n\t<meta property=\"og:image:height\" content=\"2560\" \/>\n\t<meta property=\"og:image:type\" content=\"image\/jpeg\" \/>\n<meta name=\"twitter:card\" content=\"summary_large_image\" \/>\n<meta name=\"twitter:label1\" content=\"Tiempo de lectura\" \/>\n\t<meta name=\"twitter:data1\" content=\"2 minutos\" \/>\n<script type=\"application\/ld+json\" class=\"yoast-schema-graph\">{\"@context\":\"https:\/\/schema.org\",\"@graph\":[{\"@type\":\"WebPage\",\"@id\":\"https:\/\/maioricasacra.org\/es\/iglesia-parroquial-de-sant-jaume-alcudia\/\",\"url\":\"https:\/\/maioricasacra.org\/es\/iglesia-parroquial-de-sant-jaume-alcudia\/\",\"name\":\"Iglesia Parroquial de Sant Jaume - Alc\u00fadia - Maiorica Sacra\",\"isPartOf\":{\"@id\":\"https:\/\/maioricasacra.org\/es\/#website\"},\"primaryImageOfPage\":{\"@id\":\"https:\/\/maioricasacra.org\/es\/iglesia-parroquial-de-sant-jaume-alcudia\/#primaryimage\"},\"image\":{\"@id\":\"https:\/\/maioricasacra.org\/es\/iglesia-parroquial-de-sant-jaume-alcudia\/#primaryimage\"},\"thumbnailUrl\":\"https:\/\/maioricasacra.org\/wp-content\/uploads\/2024\/06\/IMG_5170-scaled.jpeg\",\"datePublished\":\"2024-06-18T09:13:02+00:00\",\"dateModified\":\"2025-08-28T08:24:13+00:00\",\"breadcrumb\":{\"@id\":\"https:\/\/maioricasacra.org\/es\/iglesia-parroquial-de-sant-jaume-alcudia\/#breadcrumb\"},\"inLanguage\":\"es\",\"potentialAction\":[{\"@type\":\"ReadAction\",\"target\":[\"https:\/\/maioricasacra.org\/es\/iglesia-parroquial-de-sant-jaume-alcudia\/\"]}]},{\"@type\":\"ImageObject\",\"inLanguage\":\"es\",\"@id\":\"https:\/\/maioricasacra.org\/es\/iglesia-parroquial-de-sant-jaume-alcudia\/#primaryimage\",\"url\":\"https:\/\/maioricasacra.org\/wp-content\/uploads\/2024\/06\/IMG_5170-scaled.jpeg\",\"contentUrl\":\"https:\/\/maioricasacra.org\/wp-content\/uploads\/2024\/06\/IMG_5170-scaled.jpeg\",\"width\":1920,\"height\":2560,\"caption\":\"Esgl\u00e9sia parroquial de Sant Jaume - Alc\u00fadia. \u00a9 Bisbat de Mallorca\"},{\"@type\":\"BreadcrumbList\",\"@id\":\"https:\/\/maioricasacra.org\/es\/iglesia-parroquial-de-sant-jaume-alcudia\/#breadcrumb\",\"itemListElement\":[{\"@type\":\"ListItem\",\"position\":1,\"name\":\"Inici\",\"item\":\"https:\/\/maioricasacra.org\/es\/\"},{\"@type\":\"ListItem\",\"position\":2,\"name\":\"Iglesia Parroquial de Sant Jaume &#8211; Alc\u00fadia\"}]},{\"@type\":\"WebSite\",\"@id\":\"https:\/\/maioricasacra.org\/es\/#website\",\"url\":\"https:\/\/maioricasacra.org\/es\/\",\"name\":\"Maiorica Sacra\",\"description\":\"Patrimoni Religi\u00f3s a l&#039;abast de tots\",\"publisher\":{\"@id\":\"https:\/\/maioricasacra.org\/es\/#organization\"},\"alternateName\":\"MS\",\"potentialAction\":[{\"@type\":\"SearchAction\",\"target\":{\"@type\":\"EntryPoint\",\"urlTemplate\":\"https:\/\/maioricasacra.org\/es\/?s={search_term_string}\"},\"query-input\":{\"@type\":\"PropertyValueSpecification\",\"valueRequired\":true,\"valueName\":\"search_term_string\"}}],\"inLanguage\":\"es\"},{\"@type\":\"Organization\",\"@id\":\"https:\/\/maioricasacra.org\/es\/#organization\",\"name\":\"Maiorica Sacra\",\"url\":\"https:\/\/maioricasacra.org\/es\/\",\"logo\":{\"@type\":\"ImageObject\",\"inLanguage\":\"es\",\"@id\":\"https:\/\/maioricasacra.org\/es\/#\/schema\/logo\/image\/\",\"url\":\"https:\/\/maioricasacra.org\/wp-content\/uploads\/2023\/10\/maioricasacra-web-logo-quisom.png\",\"contentUrl\":\"https:\/\/maioricasacra.org\/wp-content\/uploads\/2023\/10\/maioricasacra-web-logo-quisom.png\",\"width\":600,\"height\":315,\"caption\":\"Maiorica Sacra\"},\"image\":{\"@id\":\"https:\/\/maioricasacra.org\/es\/#\/schema\/logo\/image\/\"},\"sameAs\":[\"https:\/\/www.facebook.com\/maioricasacra\",\"https:\/\/www.instagram.com\/maioricasacra\/\"]}]}<\/script>\n<!-- \/ Yoast SEO plugin. -->","yoast_head_json":{"title":"Iglesia Parroquial de Sant Jaume - Alc\u00fadia - Maiorica Sacra","robots":{"index":"index","follow":"follow","max-snippet":"max-snippet:-1","max-image-preview":"max-image-preview:large","max-video-preview":"max-video-preview:-1"},"canonical":"https:\/\/maioricasacra.org\/es\/iglesia-parroquial-de-sant-jaume-alcudia\/","og_locale":"es_ES","og_type":"article","og_title":"Iglesia Parroquial de Sant Jaume - Alc\u00fadia - Maiorica Sacra","og_description":"Pla\u00e7a Jaume Qu\u00e9s, s\/n. Alc\u00fadia, 07400 HORARIO DE APERTURA Del 2 de mayo al 31 de octubre Lunes a s\u00e1bado 10 a 13h oficines@unitatbadiaalcudia.com www.unitatbadiaalcudia.com Donativo: 1\u20ac IGLESIA PARROQUIAL DE SANT JAUME &#8211; ALC\u00daDIA Iglesia derruida, iglesia reconstruida La historia de la parroquia de Alc\u00fadia es una historia de una p\u00e9rdida patrimonial. La antigua parroquia [&hellip;]","og_url":"https:\/\/maioricasacra.org\/es\/iglesia-parroquial-de-sant-jaume-alcudia\/","og_site_name":"Maiorica Sacra","article_publisher":"https:\/\/www.facebook.com\/maioricasacra","article_modified_time":"2025-08-28T08:24:13+00:00","og_image":[{"width":1920,"height":2560,"url":"https:\/\/maioricasacra.org\/wp-content\/uploads\/2024\/06\/IMG_5170-scaled.jpeg","type":"image\/jpeg"}],"twitter_card":"summary_large_image","twitter_misc":{"Tiempo de lectura":"2 minutos"},"schema":{"@context":"https:\/\/schema.org","@graph":[{"@type":"WebPage","@id":"https:\/\/maioricasacra.org\/es\/iglesia-parroquial-de-sant-jaume-alcudia\/","url":"https:\/\/maioricasacra.org\/es\/iglesia-parroquial-de-sant-jaume-alcudia\/","name":"Iglesia Parroquial de Sant Jaume - Alc\u00fadia - Maiorica Sacra","isPartOf":{"@id":"https:\/\/maioricasacra.org\/es\/#website"},"primaryImageOfPage":{"@id":"https:\/\/maioricasacra.org\/es\/iglesia-parroquial-de-sant-jaume-alcudia\/#primaryimage"},"image":{"@id":"https:\/\/maioricasacra.org\/es\/iglesia-parroquial-de-sant-jaume-alcudia\/#primaryimage"},"thumbnailUrl":"https:\/\/maioricasacra.org\/wp-content\/uploads\/2024\/06\/IMG_5170-scaled.jpeg","datePublished":"2024-06-18T09:13:02+00:00","dateModified":"2025-08-28T08:24:13+00:00","breadcrumb":{"@id":"https:\/\/maioricasacra.org\/es\/iglesia-parroquial-de-sant-jaume-alcudia\/#breadcrumb"},"inLanguage":"es","potentialAction":[{"@type":"ReadAction","target":["https:\/\/maioricasacra.org\/es\/iglesia-parroquial-de-sant-jaume-alcudia\/"]}]},{"@type":"ImageObject","inLanguage":"es","@id":"https:\/\/maioricasacra.org\/es\/iglesia-parroquial-de-sant-jaume-alcudia\/#primaryimage","url":"https:\/\/maioricasacra.org\/wp-content\/uploads\/2024\/06\/IMG_5170-scaled.jpeg","contentUrl":"https:\/\/maioricasacra.org\/wp-content\/uploads\/2024\/06\/IMG_5170-scaled.jpeg","width":1920,"height":2560,"caption":"Esgl\u00e9sia parroquial de Sant Jaume - Alc\u00fadia. \u00a9 Bisbat de Mallorca"},{"@type":"BreadcrumbList","@id":"https:\/\/maioricasacra.org\/es\/iglesia-parroquial-de-sant-jaume-alcudia\/#breadcrumb","itemListElement":[{"@type":"ListItem","position":1,"name":"Inici","item":"https:\/\/maioricasacra.org\/es\/"},{"@type":"ListItem","position":2,"name":"Iglesia Parroquial de Sant Jaume &#8211; Alc\u00fadia"}]},{"@type":"WebSite","@id":"https:\/\/maioricasacra.org\/es\/#website","url":"https:\/\/maioricasacra.org\/es\/","name":"Maiorica Sacra","description":"Patrimoni Religi\u00f3s a l&#039;abast de tots","publisher":{"@id":"https:\/\/maioricasacra.org\/es\/#organization"},"alternateName":"MS","potentialAction":[{"@type":"SearchAction","target":{"@type":"EntryPoint","urlTemplate":"https:\/\/maioricasacra.org\/es\/?s={search_term_string}"},"query-input":{"@type":"PropertyValueSpecification","valueRequired":true,"valueName":"search_term_string"}}],"inLanguage":"es"},{"@type":"Organization","@id":"https:\/\/maioricasacra.org\/es\/#organization","name":"Maiorica Sacra","url":"https:\/\/maioricasacra.org\/es\/","logo":{"@type":"ImageObject","inLanguage":"es","@id":"https:\/\/maioricasacra.org\/es\/#\/schema\/logo\/image\/","url":"https:\/\/maioricasacra.org\/wp-content\/uploads\/2023\/10\/maioricasacra-web-logo-quisom.png","contentUrl":"https:\/\/maioricasacra.org\/wp-content\/uploads\/2023\/10\/maioricasacra-web-logo-quisom.png","width":600,"height":315,"caption":"Maiorica Sacra"},"image":{"@id":"https:\/\/maioricasacra.org\/es\/#\/schema\/logo\/image\/"},"sameAs":["https:\/\/www.facebook.com\/maioricasacra","https:\/\/www.instagram.com\/maioricasacra\/"]}]}},"_links":{"self":[{"href":"https:\/\/maioricasacra.org\/es\/wp-json\/wp\/v2\/pages\/3412","targetHints":{"allow":["GET"]}}],"collection":[{"href":"https:\/\/maioricasacra.org\/es\/wp-json\/wp\/v2\/pages"}],"about":[{"href":"https:\/\/maioricasacra.org\/es\/wp-json\/wp\/v2\/types\/page"}],"author":[{"embeddable":true,"href":"https:\/\/maioricasacra.org\/es\/wp-json\/wp\/v2\/users\/3"}],"replies":[{"embeddable":true,"href":"https:\/\/maioricasacra.org\/es\/wp-json\/wp\/v2\/comments?post=3412"}],"version-history":[{"count":3,"href":"https:\/\/maioricasacra.org\/es\/wp-json\/wp\/v2\/pages\/3412\/revisions"}],"predecessor-version":[{"id":7105,"href":"https:\/\/maioricasacra.org\/es\/wp-json\/wp\/v2\/pages\/3412\/revisions\/7105"}],"wp:featuredmedia":[{"embeddable":true,"href":"https:\/\/maioricasacra.org\/es\/wp-json\/wp\/v2\/media\/3417"}],"wp:attachment":[{"href":"https:\/\/maioricasacra.org\/es\/wp-json\/wp\/v2\/media?parent=3412"}],"wp:term":[{"taxonomy":"category","embeddable":true,"href":"https:\/\/maioricasacra.org\/es\/wp-json\/wp\/v2\/categories?post=3412"},{"taxonomy":"post_tag","embeddable":true,"href":"https:\/\/maioricasacra.org\/es\/wp-json\/wp\/v2\/tags?post=3412"}],"curies":[{"name":"wp","href":"https:\/\/api.w.org\/{rel}","templated":true}]}}