{"id":3452,"date":"2024-06-20T08:00:14","date_gmt":"2024-06-20T06:00:14","guid":{"rendered":"https:\/\/maioricasacra.org\/?page_id=3452"},"modified":"2025-08-26T11:25:10","modified_gmt":"2025-08-26T09:25:10","slug":"iglesia-parroquial-nostra-senyora-dels-dolors-manacor","status":"publish","type":"page","link":"https:\/\/maioricasacra.org\/es\/iglesia-parroquial-nostra-senyora-dels-dolors-manacor\/","title":{"rendered":"Iglesia Parroquial Nostra Senyora dels Dolors &#8211; Manacor"},"content":{"rendered":"\t\t<div data-elementor-type=\"wp-page\" data-elementor-id=\"3452\" class=\"elementor elementor-3452 elementor-3451\" data-elementor-post-type=\"page\">\n\t\t\t\t<div class=\"elementor-element elementor-element-fe5f2e0 e-con-full e-flex e-con e-parent\" data-id=\"fe5f2e0\" data-element_type=\"container\" data-settings=\"{&quot;background_background&quot;:&quot;classic&quot;}\">\n\t\t<div class=\"elementor-element elementor-element-637e601 e-con-full e-flex e-con e-child\" data-id=\"637e601\" data-element_type=\"container\">\n\t\t<div class=\"elementor-element elementor-element-fdf6b01 e-con-full e-flex e-con e-child\" data-id=\"fdf6b01\" data-element_type=\"container\" data-settings=\"{&quot;background_background&quot;:&quot;gradient&quot;}\">\n\t\t\t\t<div class=\"elementor-element elementor-element-f4b7c6d elementor-widget elementor-widget-image\" data-id=\"f4b7c6d\" data-element_type=\"widget\" data-widget_type=\"image.default\">\n\t\t\t\t<div class=\"elementor-widget-container\">\n\t\t\t\t\t\t\t\t\t\t\t\t\t\t\t<img fetchpriority=\"high\" decoding=\"async\" width=\"768\" height=\"1024\" src=\"https:\/\/maioricasacra.org\/wp-content\/uploads\/2024\/06\/IMG_5278-768x1024.jpeg\" class=\"attachment-large size-large wp-image-3467\" alt=\"\" srcset=\"https:\/\/maioricasacra.org\/wp-content\/uploads\/2024\/06\/IMG_5278-768x1024.jpeg 768w, https:\/\/maioricasacra.org\/wp-content\/uploads\/2024\/06\/IMG_5278-225x300.jpeg 225w, https:\/\/maioricasacra.org\/wp-content\/uploads\/2024\/06\/IMG_5278-1152x1536.jpeg 1152w, https:\/\/maioricasacra.org\/wp-content\/uploads\/2024\/06\/IMG_5278-1536x2048.jpeg 1536w, https:\/\/maioricasacra.org\/wp-content\/uploads\/2024\/06\/IMG_5278-scaled.jpeg 1920w\" sizes=\"(max-width: 768px) 100vw, 768px\" \/>\t\t\t\t\t\t\t\t\t\t\t\t\t\t\t<\/div>\n\t\t\t\t<\/div>\n\t\t\t\t<div class=\"elementor-element elementor-element-c0a372a elementor-widget-mobile__width-initial elementor-widget__width-initial elementor-icon-list--layout-traditional elementor-list-item-link-full_width elementor-widget elementor-widget-icon-list\" data-id=\"c0a372a\" data-element_type=\"widget\" data-widget_type=\"icon-list.default\">\n\t\t\t\t<div class=\"elementor-widget-container\">\n\t\t\t\t\t\t\t<ul class=\"elementor-icon-list-items\">\n\t\t\t\t\t\t\t<li class=\"elementor-icon-list-item\">\n\t\t\t\t\t\t\t\t\t\t<span class=\"elementor-icon-list-text\"><\/span>\n\t\t\t\t\t\t\t\t\t<\/li>\n\t\t\t\t\t\t\t\t<li class=\"elementor-icon-list-item\">\n\t\t\t\t\t\t\t\t\t\t\t<span class=\"elementor-icon-list-icon\">\n\t\t\t\t\t\t\t<i aria-hidden=\"true\" class=\"fas fa-church\"><\/i>\t\t\t\t\t\t<\/span>\n\t\t\t\t\t\t\t\t\t\t<span class=\"elementor-icon-list-text\">Pla\u00e7a del rector Rub\u00ed. Manacor, 07500. <\/span>\n\t\t\t\t\t\t\t\t\t<\/li>\n\t\t\t\t\t\t\t\t<li class=\"elementor-icon-list-item\">\n\t\t\t\t\t\t\t\t\t\t<span class=\"elementor-icon-list-text\"><\/span>\n\t\t\t\t\t\t\t\t\t<\/li>\n\t\t\t\t\t\t\t\t<li class=\"elementor-icon-list-item\">\n\t\t\t\t\t\t\t\t\t\t<span class=\"elementor-icon-list-text\">HORARIO DE APERTURA<\/span>\n\t\t\t\t\t\t\t\t\t<\/li>\n\t\t\t\t\t\t\t\t<li class=\"elementor-icon-list-item\">\n\t\t\t\t\t\t\t\t\t\t\t<span class=\"elementor-icon-list-icon\">\n\t\t\t\t\t\t\t<i aria-hidden=\"true\" class=\"far fa-clock\"><\/i>\t\t\t\t\t\t<\/span>\n\t\t\t\t\t\t\t\t\t\t<span class=\"elementor-icon-list-text\">De lunes a domingo: 8.30 a 12.45h \/ 17.30 a 19:45h<\/span>\n\t\t\t\t\t\t\t\t\t<\/li>\n\t\t\t\t\t\t\t\t<li class=\"elementor-icon-list-item\">\n\t\t\t\t\t\t\t\t\t\t<span class=\"elementor-icon-list-text\"><\/span>\n\t\t\t\t\t\t\t\t\t<\/li>\n\t\t\t\t\t\t\t\t<li class=\"elementor-icon-list-item\">\n\t\t\t\t\t\t\t\t\t\t\t<span class=\"elementor-icon-list-icon\">\n\t\t\t\t\t\t\t<i aria-hidden=\"true\" class=\"fas fa-phone-alt\"><\/i>\t\t\t\t\t\t<\/span>\n\t\t\t\t\t\t\t\t\t\t<span class=\"elementor-icon-list-text\">+34 971 550983<\/span>\n\t\t\t\t\t\t\t\t\t<\/li>\n\t\t\t\t\t\t\t\t<li class=\"elementor-icon-list-item\">\n\t\t\t\t\t\t\t\t\t\t\t<span class=\"elementor-icon-list-icon\">\n\t\t\t\t\t\t\t<i aria-hidden=\"true\" class=\"far fa-envelope\"><\/i>\t\t\t\t\t\t<\/span>\n\t\t\t\t\t\t\t\t\t\t<span class=\"elementor-icon-list-text\">amorosta@hotmail.com <\/span>\n\t\t\t\t\t\t\t\t\t<\/li>\n\t\t\t\t\t\t\t\t<li class=\"elementor-icon-list-item\">\n\t\t\t\t\t\t\t\t\t\t\t<a href=\"http:\/\/www.esglesiademanacor.es%20\">\n\n\t\t\t\t\t\t\t\t\t\t\t\t<span class=\"elementor-icon-list-icon\">\n\t\t\t\t\t\t\t<i aria-hidden=\"true\" class=\"fas fa-globe\"><\/i>\t\t\t\t\t\t<\/span>\n\t\t\t\t\t\t\t\t\t\t<span class=\"elementor-icon-list-text\">www.esglesiademanacor.es <\/span>\n\t\t\t\t\t\t\t\t\t\t\t<\/a>\n\t\t\t\t\t\t\t\t\t<\/li>\n\t\t\t\t\t\t<\/ul>\n\t\t\t\t\t\t<\/div>\n\t\t\t\t<\/div>\n\t\t\t\t<\/div>\n\t\t<div class=\"elementor-element elementor-element-c49000c e-con-full e-flex e-con e-child\" data-id=\"c49000c\" data-element_type=\"container\">\n\t\t\t\t<div class=\"elementor-element elementor-element-2e9dfe5 elementor-widget elementor-widget-heading\" data-id=\"2e9dfe5\" data-element_type=\"widget\" data-widget_type=\"heading.default\">\n\t\t\t\t<div class=\"elementor-widget-container\">\n\t\t\t\t\t<h2 class=\"elementor-heading-title elementor-size-default\">ESGL\u00c9SIA PARROQUIAL NOSTRA SENYORA DELS DOLORS - MANACOR<\/h2>\t\t\t\t<\/div>\n\t\t\t\t<\/div>\n\t\t\t\t<div class=\"elementor-element elementor-element-ab349a8 elementor-widget elementor-widget-heading\" data-id=\"ab349a8\" data-element_type=\"widget\" data-widget_type=\"heading.default\">\n\t\t\t\t<div class=\"elementor-widget-container\">\n\t\t\t\t\t<h2 class=\"elementor-heading-title elementor-size-default\">El campanar mas alto de Mallorca<\/h2>\t\t\t\t<\/div>\n\t\t\t\t<\/div>\n\t\t\t\t<div class=\"elementor-element elementor-element-97c4a02 elementor-widget-divider--view-line elementor-widget elementor-widget-divider\" data-id=\"97c4a02\" data-element_type=\"widget\" data-widget_type=\"divider.default\">\n\t\t\t\t<div class=\"elementor-widget-container\">\n\t\t\t\t\t\t\t<div class=\"elementor-divider\">\n\t\t\t<span class=\"elementor-divider-separator\">\n\t\t\t\t\t\t<\/span>\n\t\t<\/div>\n\t\t\t\t\t\t<\/div>\n\t\t\t\t<\/div>\n\t\t\t\t<div class=\"elementor-element elementor-element-a296193 elementor-widget__width-initial elementor-widget elementor-widget-text-editor\" data-id=\"a296193\" data-element_type=\"widget\" data-widget_type=\"text-editor.default\">\n\t\t\t\t<div class=\"elementor-widget-container\">\n\t\t\t\t\t\t\t\t\t<p>El campanario de la parroquia de los Dolors de Manacor es tambi\u00e9n conocido con el nombre de Torre Rub\u00ed, como recordatorio a su promotor, el rector Rafel Ignasi Rub\u00ed Pocov\u00ed. La torre, que marca la panor\u00e1mica urbana de Manacor y es un s\u00edmbolo del municipio, fue obra del reconocido arquitecto Gaspar Benn\u00e0ssar, el 1923. <\/p><p>Adem\u00e1s de la relevancia de su campanario, la iglesia testimonia el germen parroquial del municipio. Se encuentra ubicada en el lugar donde se document\u00f3 el Palacio del Rey Jaime II (del cual solo se conserva la Torre del Homenaje) y dos antiguas iglesias g\u00f3ticas. La iglesia que se conserva actualmente se inici\u00f3 a finales del siglo XIX, alarg\u00e1ndose las obras hasta las primeras d\u00e9cadas del siglo XX. Aun as\u00ed, se conserva inacabada, tal y como se puede comprobar en la fachada del portal mayor. Algunas de las capillas de la construcci\u00f3n actual provienen del antiguo templo (capillas de Sant Antoni y Sant Francesc) y otros elementos como las dos torres de la antigua fachada ubicadas a los lados del actual campanario.    <\/p><p>Los principales art\u00edfices de la iglesia contempor\u00e1nea fueron Josep Barcel\u00f3 Rugaldier (eginyer naval) y Gaspar Benn\u00e0ssar Moner (arquitecto), que segu\u00edan el incansable empuj\u00f3n del rector Rub\u00ed Pocov\u00ed, quien consigui\u00f3 involucrar a todo el pueblo en la gran obra de la Iglesia.<\/p><p>La construcci\u00f3n neog\u00f3tica destaca por sus grandes vol\u00famenes, otorg\u00e1ndole la categor\u00eda de una de las iglesias m\u00e1s altas de Mallorca. La airosa c\u00fapula sobresale del nivel de las vueltas y es soportada por cuatro gigantes evangelistas. <\/p><p>Hay que destacar algunas im\u00e1genes importantes del devocionario manacor\u00ed como el San Cristo o Nuestra Se\u00f1ora de las Nieves (Virgen Sagrario del siglo XV).<\/p>\t\t\t\t\t\t\t\t<\/div>\n\t\t\t\t<\/div>\n\t\t\t\t<\/div>\n\t\t\t\t<\/div>\n\t\t\t\t<\/div>\n\t\t<div class=\"elementor-element elementor-element-7ac346b e-con-full e-flex e-con e-parent\" data-id=\"7ac346b\" data-element_type=\"container\" data-settings=\"{&quot;background_background&quot;:&quot;classic&quot;}\">\n\t\t\t\t<div class=\"elementor-element elementor-element-e478d07 elementor-widget__width-initial elementor-widget elementor-widget-gallery\" data-id=\"e478d07\" data-element_type=\"widget\" data-settings=\"{&quot;gallery_layout&quot;:&quot;justified&quot;,&quot;gap&quot;:{&quot;unit&quot;:&quot;px&quot;,&quot;size&quot;:3,&quot;sizes&quot;:[]},&quot;ideal_row_height&quot;:{&quot;unit&quot;:&quot;px&quot;,&quot;size&quot;:300,&quot;sizes&quot;:[]},&quot;gap_tablet&quot;:{&quot;unit&quot;:&quot;px&quot;,&quot;size&quot;:3,&quot;sizes&quot;:[]},&quot;gap_mobile&quot;:{&quot;unit&quot;:&quot;px&quot;,&quot;size&quot;:3,&quot;sizes&quot;:[]},&quot;lazyload&quot;:&quot;yes&quot;,&quot;ideal_row_height_tablet&quot;:{&quot;unit&quot;:&quot;px&quot;,&quot;size&quot;:150,&quot;sizes&quot;:[]},&quot;ideal_row_height_mobile&quot;:{&quot;unit&quot;:&quot;px&quot;,&quot;size&quot;:150,&quot;sizes&quot;:[]},&quot;link_to&quot;:&quot;file&quot;,&quot;overlay_background&quot;:&quot;yes&quot;,&quot;content_hover_animation&quot;:&quot;fade-in&quot;}\" data-widget_type=\"gallery.default\">\n\t\t\t\t<div class=\"elementor-widget-container\">\n\t\t\t\t\t\t\t<div class=\"elementor-gallery__container\">\n\t\t\t\t\t\t\t<a class=\"e-gallery-item elementor-gallery-item elementor-animated-content\" href=\"https:\/\/maioricasacra.org\/wp-content\/uploads\/2024\/06\/07ef436f-ed78-40f9-a5fb-d265babe6c93.jpg\" data-elementor-open-lightbox=\"yes\" data-elementor-lightbox-slideshow=\"e478d07\" data-elementor-lightbox-title=\"07ef436f-ed78-40f9-a5fb-d265babe6c93\" data-e-action-hash=\"#elementor-action%3Aaction%3Dlightbox%26settings%3DeyJpZCI6MzQ2MSwidXJsIjoiaHR0cHM6XC9cL21haW9yaWNhc2FjcmEub3JnXC93cC1jb250ZW50XC91cGxvYWRzXC8yMDI0XC8wNlwvMDdlZjQzNmYtZWQ3OC00MGY5LWE1ZmItZDI2NWJhYmU2YzkzLmpwZyIsInNsaWRlc2hvdyI6ImU0NzhkMDcifQ%3D%3D\">\n\t\t\t\t\t<div class=\"e-gallery-image elementor-gallery-item__image\" data-thumbnail=\"https:\/\/maioricasacra.org\/wp-content\/uploads\/2024\/06\/07ef436f-ed78-40f9-a5fb-d265babe6c93-768x1024.jpg\" data-width=\"768\" data-height=\"1024\" aria-label=\"\" role=\"img\" ><\/div>\n\t\t\t\t\t\t\t\t\t\t\t<div class=\"elementor-gallery-item__overlay\"><\/div>\n\t\t\t\t\t\t\t\t\t\t\t\t\t\t<\/a>\n\t\t\t\t\t\t\t<a class=\"e-gallery-item elementor-gallery-item elementor-animated-content\" href=\"https:\/\/maioricasacra.org\/wp-content\/uploads\/2024\/06\/IMG_5278-scaled.jpeg\" data-elementor-open-lightbox=\"yes\" data-elementor-lightbox-slideshow=\"e478d07\" data-elementor-lightbox-title=\"IMG_5278\" data-e-action-hash=\"#elementor-action%3Aaction%3Dlightbox%26settings%3DeyJpZCI6MzQ2NywidXJsIjoiaHR0cHM6XC9cL21haW9yaWNhc2FjcmEub3JnXC93cC1jb250ZW50XC91cGxvYWRzXC8yMDI0XC8wNlwvSU1HXzUyNzgtc2NhbGVkLmpwZWciLCJzbGlkZXNob3ciOiJlNDc4ZDA3In0%3D\">\n\t\t\t\t\t<div class=\"e-gallery-image elementor-gallery-item__image\" data-thumbnail=\"https:\/\/maioricasacra.org\/wp-content\/uploads\/2024\/06\/IMG_5278-768x1024.jpeg\" data-width=\"768\" data-height=\"1024\" aria-label=\"\" role=\"img\" ><\/div>\n\t\t\t\t\t\t\t\t\t\t\t<div class=\"elementor-gallery-item__overlay\"><\/div>\n\t\t\t\t\t\t\t\t\t\t\t\t\t\t<\/a>\n\t\t\t\t\t\t\t<a class=\"e-gallery-item elementor-gallery-item elementor-animated-content\" href=\"https:\/\/maioricasacra.org\/wp-content\/uploads\/2024\/06\/IMG_5275-scaled.jpeg\" data-elementor-open-lightbox=\"yes\" data-elementor-lightbox-slideshow=\"e478d07\" data-elementor-lightbox-title=\"IMG_5275\" data-e-action-hash=\"#elementor-action%3Aaction%3Dlightbox%26settings%3DeyJpZCI6MzQ2MywidXJsIjoiaHR0cHM6XC9cL21haW9yaWNhc2FjcmEub3JnXC93cC1jb250ZW50XC91cGxvYWRzXC8yMDI0XC8wNlwvSU1HXzUyNzUtc2NhbGVkLmpwZWciLCJzbGlkZXNob3ciOiJlNDc4ZDA3In0%3D\">\n\t\t\t\t\t<div class=\"e-gallery-image elementor-gallery-item__image\" data-thumbnail=\"https:\/\/maioricasacra.org\/wp-content\/uploads\/2024\/06\/IMG_5275-768x1024.jpeg\" data-width=\"768\" data-height=\"1024\" aria-label=\"\" role=\"img\" ><\/div>\n\t\t\t\t\t\t\t\t\t\t\t<div class=\"elementor-gallery-item__overlay\"><\/div>\n\t\t\t\t\t\t\t\t\t\t\t\t\t\t<\/a>\n\t\t\t\t\t\t\t<a class=\"e-gallery-item elementor-gallery-item elementor-animated-content\" href=\"https:\/\/maioricasacra.org\/wp-content\/uploads\/2024\/06\/IMG_5292-scaled.jpeg\" data-elementor-open-lightbox=\"yes\" data-elementor-lightbox-slideshow=\"e478d07\" data-elementor-lightbox-title=\"IMG_5292\" data-e-action-hash=\"#elementor-action%3Aaction%3Dlightbox%26settings%3DeyJpZCI6MzQ3NSwidXJsIjoiaHR0cHM6XC9cL21haW9yaWNhc2FjcmEub3JnXC93cC1jb250ZW50XC91cGxvYWRzXC8yMDI0XC8wNlwvSU1HXzUyOTItc2NhbGVkLmpwZWciLCJzbGlkZXNob3ciOiJlNDc4ZDA3In0%3D\">\n\t\t\t\t\t<div class=\"e-gallery-image elementor-gallery-item__image\" data-thumbnail=\"https:\/\/maioricasacra.org\/wp-content\/uploads\/2024\/06\/IMG_5292-768x994.jpeg\" data-width=\"768\" data-height=\"994\" aria-label=\"\" role=\"img\" ><\/div>\n\t\t\t\t\t\t\t\t\t\t\t<div class=\"elementor-gallery-item__overlay\"><\/div>\n\t\t\t\t\t\t\t\t\t\t\t\t\t\t<\/a>\n\t\t\t\t\t\t\t<a class=\"e-gallery-item elementor-gallery-item elementor-animated-content\" href=\"https:\/\/maioricasacra.org\/wp-content\/uploads\/2024\/06\/IMG_5286-scaled.jpeg\" data-elementor-open-lightbox=\"yes\" data-elementor-lightbox-slideshow=\"e478d07\" data-elementor-lightbox-title=\"IMG_5286\" data-e-action-hash=\"#elementor-action%3Aaction%3Dlightbox%26settings%3DeyJpZCI6MzQ3MywidXJsIjoiaHR0cHM6XC9cL21haW9yaWNhc2FjcmEub3JnXC93cC1jb250ZW50XC91cGxvYWRzXC8yMDI0XC8wNlwvSU1HXzUyODYtc2NhbGVkLmpwZWciLCJzbGlkZXNob3ciOiJlNDc4ZDA3In0%3D\">\n\t\t\t\t\t<div class=\"e-gallery-image elementor-gallery-item__image\" data-thumbnail=\"https:\/\/maioricasacra.org\/wp-content\/uploads\/2024\/06\/IMG_5286-768x1024.jpeg\" data-width=\"768\" data-height=\"1024\" aria-label=\"\" role=\"img\" ><\/div>\n\t\t\t\t\t\t\t\t\t\t\t<div class=\"elementor-gallery-item__overlay\"><\/div>\n\t\t\t\t\t\t\t\t\t\t\t\t\t\t<\/a>\n\t\t\t\t\t\t\t<a class=\"e-gallery-item elementor-gallery-item elementor-animated-content\" href=\"https:\/\/maioricasacra.org\/wp-content\/uploads\/2024\/06\/IMG_5284-scaled.jpeg\" data-elementor-open-lightbox=\"yes\" data-elementor-lightbox-slideshow=\"e478d07\" data-elementor-lightbox-title=\"IMG_5284\" data-e-action-hash=\"#elementor-action%3Aaction%3Dlightbox%26settings%3DeyJpZCI6MzQ3MSwidXJsIjoiaHR0cHM6XC9cL21haW9yaWNhc2FjcmEub3JnXC93cC1jb250ZW50XC91cGxvYWRzXC8yMDI0XC8wNlwvSU1HXzUyODQtc2NhbGVkLmpwZWciLCJzbGlkZXNob3ciOiJlNDc4ZDA3In0%3D\">\n\t\t\t\t\t<div class=\"e-gallery-image elementor-gallery-item__image\" data-thumbnail=\"https:\/\/maioricasacra.org\/wp-content\/uploads\/2024\/06\/IMG_5284-768x1024.jpeg\" data-width=\"768\" data-height=\"1024\" aria-label=\"\" role=\"img\" ><\/div>\n\t\t\t\t\t\t\t\t\t\t\t<div class=\"elementor-gallery-item__overlay\"><\/div>\n\t\t\t\t\t\t\t\t\t\t\t\t\t\t<\/a>\n\t\t\t\t\t\t\t<a class=\"e-gallery-item elementor-gallery-item elementor-animated-content\" href=\"https:\/\/maioricasacra.org\/wp-content\/uploads\/2024\/06\/IMG_5281-scaled.jpeg\" data-elementor-open-lightbox=\"yes\" data-elementor-lightbox-slideshow=\"e478d07\" data-elementor-lightbox-title=\"IMG_5281\" data-e-action-hash=\"#elementor-action%3Aaction%3Dlightbox%26settings%3DeyJpZCI6MzQ2OSwidXJsIjoiaHR0cHM6XC9cL21haW9yaWNhc2FjcmEub3JnXC93cC1jb250ZW50XC91cGxvYWRzXC8yMDI0XC8wNlwvSU1HXzUyODEtc2NhbGVkLmpwZWciLCJzbGlkZXNob3ciOiJlNDc4ZDA3In0%3D\">\n\t\t\t\t\t<div class=\"e-gallery-image elementor-gallery-item__image\" data-thumbnail=\"https:\/\/maioricasacra.org\/wp-content\/uploads\/2024\/06\/IMG_5281-768x1024.jpeg\" data-width=\"768\" data-height=\"1024\" aria-label=\"\" role=\"img\" ><\/div>\n\t\t\t\t\t\t\t\t\t\t\t<div class=\"elementor-gallery-item__overlay\"><\/div>\n\t\t\t\t\t\t\t\t\t\t\t\t\t\t<\/a>\n\t\t\t\t\t<\/div>\n\t\t\t\t\t<\/div>\n\t\t\t\t<\/div>\n\t\t\t\t<\/div>\n\t\t<div class=\"elementor-element elementor-element-7ae675a e-con-full e-flex e-con e-parent\" data-id=\"7ae675a\" data-element_type=\"container\">\n\t\t\t\t<div class=\"elementor-element elementor-element-f358c20 elementor-widget elementor-widget-heading\" data-id=\"f358c20\" data-element_type=\"widget\" data-widget_type=\"heading.default\">\n\t\t\t\t<div class=\"elementor-widget-container\">\n\t\t\t\t\t<h2 class=\"elementor-heading-title elementor-size-default\">M\u00c1S IGLESIAS DE LA RED<\/h2>\t\t\t\t<\/div>\n\t\t\t\t<\/div>\n\t\t<div class=\"elementor-element elementor-element-d9512ca e-con-full e-flex e-con e-child\" data-id=\"d9512ca\" data-element_type=\"container\">\n\t\t\t\t<\/div>\n\t\t\t\t<\/div>\n\t\t\t\t<\/div>\n\t\t","protected":false},"excerpt":{"rendered":"<p>Pla\u00e7a del rector Rub\u00ed. Manacor, 07500. HORARIO DE APERTURA De lunes a domingo: 8.30 a 12.45h \/ 17.30 a 19:45h +34 971 550983 amorosta@hotmail.com www.esglesiademanacor.es ESGL\u00c9SIA PARROQUIAL NOSTRA SENYORA DELS DOLORS &#8211; MANACOR El campanar mas alto de Mallorca El campanario de la parroquia de los Dolors de Manacor es tambi\u00e9n conocido con el nombre [&hellip;]<\/p>\n","protected":false},"author":3,"featured_media":3467,"parent":0,"menu_order":0,"comment_status":"closed","ping_status":"closed","template":"elementor_header_footer","meta":{"footnotes":""},"categories":[35],"tags":[],"class_list":["post-3452","page","type-page","status-publish","has-post-thumbnail","hentry","category-red-iglesias"],"yoast_head":"<!-- This site is optimized with the Yoast SEO plugin v26.9 - https:\/\/yoast.com\/product\/yoast-seo-wordpress\/ -->\n<title>Iglesia Parroquial Nostra Senyora dels Dolors - Manacor - Maiorica Sacra<\/title>\n<meta name=\"robots\" content=\"index, follow, max-snippet:-1, max-image-preview:large, max-video-preview:-1\" \/>\n<link rel=\"canonical\" href=\"https:\/\/maioricasacra.org\/es\/iglesia-parroquial-nostra-senyora-dels-dolors-manacor\/\" \/>\n<meta property=\"og:locale\" content=\"es_ES\" \/>\n<meta property=\"og:type\" content=\"article\" \/>\n<meta property=\"og:title\" content=\"Iglesia Parroquial Nostra Senyora dels Dolors - Manacor - Maiorica Sacra\" \/>\n<meta property=\"og:description\" content=\"Pla\u00e7a del rector Rub\u00ed. Manacor, 07500. HORARIO DE APERTURA De lunes a domingo: 8.30 a 12.45h \/ 17.30 a 19:45h +34 971 550983 amorosta@hotmail.com www.esglesiademanacor.es ESGL\u00c9SIA PARROQUIAL NOSTRA SENYORA DELS DOLORS &#8211; MANACOR El campanar mas alto de Mallorca El campanario de la parroquia de los Dolors de Manacor es tambi\u00e9n conocido con el nombre [&hellip;]\" \/>\n<meta property=\"og:url\" content=\"https:\/\/maioricasacra.org\/es\/iglesia-parroquial-nostra-senyora-dels-dolors-manacor\/\" \/>\n<meta property=\"og:site_name\" content=\"Maiorica Sacra\" \/>\n<meta property=\"article:publisher\" content=\"https:\/\/www.facebook.com\/maioricasacra\" \/>\n<meta property=\"article:modified_time\" content=\"2025-08-26T09:25:10+00:00\" \/>\n<meta property=\"og:image\" content=\"https:\/\/maioricasacra.org\/wp-content\/uploads\/2024\/06\/IMG_5278-scaled.jpeg\" \/>\n\t<meta property=\"og:image:width\" content=\"1920\" \/>\n\t<meta property=\"og:image:height\" content=\"2560\" \/>\n\t<meta property=\"og:image:type\" content=\"image\/jpeg\" \/>\n<meta name=\"twitter:card\" content=\"summary_large_image\" \/>\n<meta name=\"twitter:label1\" content=\"Tiempo de lectura\" \/>\n\t<meta name=\"twitter:data1\" content=\"2 minutos\" \/>\n<script type=\"application\/ld+json\" class=\"yoast-schema-graph\">{\"@context\":\"https:\/\/schema.org\",\"@graph\":[{\"@type\":\"WebPage\",\"@id\":\"https:\/\/maioricasacra.org\/es\/iglesia-parroquial-nostra-senyora-dels-dolors-manacor\/\",\"url\":\"https:\/\/maioricasacra.org\/es\/iglesia-parroquial-nostra-senyora-dels-dolors-manacor\/\",\"name\":\"Iglesia Parroquial Nostra Senyora dels Dolors - Manacor - Maiorica Sacra\",\"isPartOf\":{\"@id\":\"https:\/\/maioricasacra.org\/es\/#website\"},\"primaryImageOfPage\":{\"@id\":\"https:\/\/maioricasacra.org\/es\/iglesia-parroquial-nostra-senyora-dels-dolors-manacor\/#primaryimage\"},\"image\":{\"@id\":\"https:\/\/maioricasacra.org\/es\/iglesia-parroquial-nostra-senyora-dels-dolors-manacor\/#primaryimage\"},\"thumbnailUrl\":\"https:\/\/maioricasacra.org\/wp-content\/uploads\/2024\/06\/IMG_5278-scaled.jpeg\",\"datePublished\":\"2024-06-20T06:00:14+00:00\",\"dateModified\":\"2025-08-26T09:25:10+00:00\",\"breadcrumb\":{\"@id\":\"https:\/\/maioricasacra.org\/es\/iglesia-parroquial-nostra-senyora-dels-dolors-manacor\/#breadcrumb\"},\"inLanguage\":\"es\",\"potentialAction\":[{\"@type\":\"ReadAction\",\"target\":[\"https:\/\/maioricasacra.org\/es\/iglesia-parroquial-nostra-senyora-dels-dolors-manacor\/\"]}]},{\"@type\":\"ImageObject\",\"inLanguage\":\"es\",\"@id\":\"https:\/\/maioricasacra.org\/es\/iglesia-parroquial-nostra-senyora-dels-dolors-manacor\/#primaryimage\",\"url\":\"https:\/\/maioricasacra.org\/wp-content\/uploads\/2024\/06\/IMG_5278-scaled.jpeg\",\"contentUrl\":\"https:\/\/maioricasacra.org\/wp-content\/uploads\/2024\/06\/IMG_5278-scaled.jpeg\",\"width\":1920,\"height\":2560,\"caption\":\"Esgl\u00e9sia parroquial Nostra Senyora dels Dolors. \u00a9 Bisbat de Mallorca\"},{\"@type\":\"BreadcrumbList\",\"@id\":\"https:\/\/maioricasacra.org\/es\/iglesia-parroquial-nostra-senyora-dels-dolors-manacor\/#breadcrumb\",\"itemListElement\":[{\"@type\":\"ListItem\",\"position\":1,\"name\":\"Inici\",\"item\":\"https:\/\/maioricasacra.org\/es\/\"},{\"@type\":\"ListItem\",\"position\":2,\"name\":\"Iglesia Parroquial Nostra Senyora dels Dolors &#8211; Manacor\"}]},{\"@type\":\"WebSite\",\"@id\":\"https:\/\/maioricasacra.org\/es\/#website\",\"url\":\"https:\/\/maioricasacra.org\/es\/\",\"name\":\"Maiorica Sacra\",\"description\":\"Patrimoni Religi\u00f3s a l&#039;abast de tots\",\"publisher\":{\"@id\":\"https:\/\/maioricasacra.org\/es\/#organization\"},\"alternateName\":\"MS\",\"potentialAction\":[{\"@type\":\"SearchAction\",\"target\":{\"@type\":\"EntryPoint\",\"urlTemplate\":\"https:\/\/maioricasacra.org\/es\/?s={search_term_string}\"},\"query-input\":{\"@type\":\"PropertyValueSpecification\",\"valueRequired\":true,\"valueName\":\"search_term_string\"}}],\"inLanguage\":\"es\"},{\"@type\":\"Organization\",\"@id\":\"https:\/\/maioricasacra.org\/es\/#organization\",\"name\":\"Maiorica Sacra\",\"url\":\"https:\/\/maioricasacra.org\/es\/\",\"logo\":{\"@type\":\"ImageObject\",\"inLanguage\":\"es\",\"@id\":\"https:\/\/maioricasacra.org\/es\/#\/schema\/logo\/image\/\",\"url\":\"https:\/\/maioricasacra.org\/wp-content\/uploads\/2023\/10\/maioricasacra-web-logo-quisom.png\",\"contentUrl\":\"https:\/\/maioricasacra.org\/wp-content\/uploads\/2023\/10\/maioricasacra-web-logo-quisom.png\",\"width\":600,\"height\":315,\"caption\":\"Maiorica Sacra\"},\"image\":{\"@id\":\"https:\/\/maioricasacra.org\/es\/#\/schema\/logo\/image\/\"},\"sameAs\":[\"https:\/\/www.facebook.com\/maioricasacra\",\"https:\/\/www.instagram.com\/maioricasacra\/\"]}]}<\/script>\n<!-- \/ Yoast SEO plugin. -->","yoast_head_json":{"title":"Iglesia Parroquial Nostra Senyora dels Dolors - Manacor - Maiorica Sacra","robots":{"index":"index","follow":"follow","max-snippet":"max-snippet:-1","max-image-preview":"max-image-preview:large","max-video-preview":"max-video-preview:-1"},"canonical":"https:\/\/maioricasacra.org\/es\/iglesia-parroquial-nostra-senyora-dels-dolors-manacor\/","og_locale":"es_ES","og_type":"article","og_title":"Iglesia Parroquial Nostra Senyora dels Dolors - Manacor - Maiorica Sacra","og_description":"Pla\u00e7a del rector Rub\u00ed. Manacor, 07500. HORARIO DE APERTURA De lunes a domingo: 8.30 a 12.45h \/ 17.30 a 19:45h +34 971 550983 amorosta@hotmail.com www.esglesiademanacor.es ESGL\u00c9SIA PARROQUIAL NOSTRA SENYORA DELS DOLORS &#8211; MANACOR El campanar mas alto de Mallorca El campanario de la parroquia de los Dolors de Manacor es tambi\u00e9n conocido con el nombre [&hellip;]","og_url":"https:\/\/maioricasacra.org\/es\/iglesia-parroquial-nostra-senyora-dels-dolors-manacor\/","og_site_name":"Maiorica Sacra","article_publisher":"https:\/\/www.facebook.com\/maioricasacra","article_modified_time":"2025-08-26T09:25:10+00:00","og_image":[{"width":1920,"height":2560,"url":"https:\/\/maioricasacra.org\/wp-content\/uploads\/2024\/06\/IMG_5278-scaled.jpeg","type":"image\/jpeg"}],"twitter_card":"summary_large_image","twitter_misc":{"Tiempo de lectura":"2 minutos"},"schema":{"@context":"https:\/\/schema.org","@graph":[{"@type":"WebPage","@id":"https:\/\/maioricasacra.org\/es\/iglesia-parroquial-nostra-senyora-dels-dolors-manacor\/","url":"https:\/\/maioricasacra.org\/es\/iglesia-parroquial-nostra-senyora-dels-dolors-manacor\/","name":"Iglesia Parroquial Nostra Senyora dels Dolors - Manacor - Maiorica Sacra","isPartOf":{"@id":"https:\/\/maioricasacra.org\/es\/#website"},"primaryImageOfPage":{"@id":"https:\/\/maioricasacra.org\/es\/iglesia-parroquial-nostra-senyora-dels-dolors-manacor\/#primaryimage"},"image":{"@id":"https:\/\/maioricasacra.org\/es\/iglesia-parroquial-nostra-senyora-dels-dolors-manacor\/#primaryimage"},"thumbnailUrl":"https:\/\/maioricasacra.org\/wp-content\/uploads\/2024\/06\/IMG_5278-scaled.jpeg","datePublished":"2024-06-20T06:00:14+00:00","dateModified":"2025-08-26T09:25:10+00:00","breadcrumb":{"@id":"https:\/\/maioricasacra.org\/es\/iglesia-parroquial-nostra-senyora-dels-dolors-manacor\/#breadcrumb"},"inLanguage":"es","potentialAction":[{"@type":"ReadAction","target":["https:\/\/maioricasacra.org\/es\/iglesia-parroquial-nostra-senyora-dels-dolors-manacor\/"]}]},{"@type":"ImageObject","inLanguage":"es","@id":"https:\/\/maioricasacra.org\/es\/iglesia-parroquial-nostra-senyora-dels-dolors-manacor\/#primaryimage","url":"https:\/\/maioricasacra.org\/wp-content\/uploads\/2024\/06\/IMG_5278-scaled.jpeg","contentUrl":"https:\/\/maioricasacra.org\/wp-content\/uploads\/2024\/06\/IMG_5278-scaled.jpeg","width":1920,"height":2560,"caption":"Esgl\u00e9sia parroquial Nostra Senyora dels Dolors. \u00a9 Bisbat de Mallorca"},{"@type":"BreadcrumbList","@id":"https:\/\/maioricasacra.org\/es\/iglesia-parroquial-nostra-senyora-dels-dolors-manacor\/#breadcrumb","itemListElement":[{"@type":"ListItem","position":1,"name":"Inici","item":"https:\/\/maioricasacra.org\/es\/"},{"@type":"ListItem","position":2,"name":"Iglesia Parroquial Nostra Senyora dels Dolors &#8211; Manacor"}]},{"@type":"WebSite","@id":"https:\/\/maioricasacra.org\/es\/#website","url":"https:\/\/maioricasacra.org\/es\/","name":"Maiorica Sacra","description":"Patrimoni Religi\u00f3s a l&#039;abast de tots","publisher":{"@id":"https:\/\/maioricasacra.org\/es\/#organization"},"alternateName":"MS","potentialAction":[{"@type":"SearchAction","target":{"@type":"EntryPoint","urlTemplate":"https:\/\/maioricasacra.org\/es\/?s={search_term_string}"},"query-input":{"@type":"PropertyValueSpecification","valueRequired":true,"valueName":"search_term_string"}}],"inLanguage":"es"},{"@type":"Organization","@id":"https:\/\/maioricasacra.org\/es\/#organization","name":"Maiorica Sacra","url":"https:\/\/maioricasacra.org\/es\/","logo":{"@type":"ImageObject","inLanguage":"es","@id":"https:\/\/maioricasacra.org\/es\/#\/schema\/logo\/image\/","url":"https:\/\/maioricasacra.org\/wp-content\/uploads\/2023\/10\/maioricasacra-web-logo-quisom.png","contentUrl":"https:\/\/maioricasacra.org\/wp-content\/uploads\/2023\/10\/maioricasacra-web-logo-quisom.png","width":600,"height":315,"caption":"Maiorica Sacra"},"image":{"@id":"https:\/\/maioricasacra.org\/es\/#\/schema\/logo\/image\/"},"sameAs":["https:\/\/www.facebook.com\/maioricasacra","https:\/\/www.instagram.com\/maioricasacra\/"]}]}},"_links":{"self":[{"href":"https:\/\/maioricasacra.org\/es\/wp-json\/wp\/v2\/pages\/3452","targetHints":{"allow":["GET"]}}],"collection":[{"href":"https:\/\/maioricasacra.org\/es\/wp-json\/wp\/v2\/pages"}],"about":[{"href":"https:\/\/maioricasacra.org\/es\/wp-json\/wp\/v2\/types\/page"}],"author":[{"embeddable":true,"href":"https:\/\/maioricasacra.org\/es\/wp-json\/wp\/v2\/users\/3"}],"replies":[{"embeddable":true,"href":"https:\/\/maioricasacra.org\/es\/wp-json\/wp\/v2\/comments?post=3452"}],"version-history":[{"count":5,"href":"https:\/\/maioricasacra.org\/es\/wp-json\/wp\/v2\/pages\/3452\/revisions"}],"predecessor-version":[{"id":7098,"href":"https:\/\/maioricasacra.org\/es\/wp-json\/wp\/v2\/pages\/3452\/revisions\/7098"}],"wp:featuredmedia":[{"embeddable":true,"href":"https:\/\/maioricasacra.org\/es\/wp-json\/wp\/v2\/media\/3467"}],"wp:attachment":[{"href":"https:\/\/maioricasacra.org\/es\/wp-json\/wp\/v2\/media?parent=3452"}],"wp:term":[{"taxonomy":"category","embeddable":true,"href":"https:\/\/maioricasacra.org\/es\/wp-json\/wp\/v2\/categories?post=3452"},{"taxonomy":"post_tag","embeddable":true,"href":"https:\/\/maioricasacra.org\/es\/wp-json\/wp\/v2\/tags?post=3452"}],"curies":[{"name":"wp","href":"https:\/\/api.w.org\/{rel}","templated":true}]}}